{"version":"1.0","provider_name":"Kultur Online TV &amp; FM","provider_url":"https:\/\/kulturonline.tv\/at\/","title":"YouthNet das interkulturelle Netzwerk f\u00fcr M\u00fcnchen - Kultur Online TV &amp; FM","type":"rich","width":600,"height":338,"html":"<blockquote class=\"wp-embedded-content\" data-secret=\"Z2kc02TCIY\"><a href=\"https:\/\/kulturonline.tv\/at\/podcast\/der-talk-friday-episode-4-meine-identitaet\/\">YouthNet das interkulturelle Netzwerk f\u00fcr M\u00fcnchen<\/a><\/blockquote><iframe sandbox=\"allow-scripts\" security=\"restricted\" src=\"https:\/\/kulturonline.tv\/at\/podcast\/der-talk-friday-episode-4-meine-identitaet\/embed\/#?secret=Z2kc02TCIY\" width=\"600\" height=\"338\" title=\"&#8222;YouthNet das interkulturelle Netzwerk f\u00fcr M\u00fcnchen&#8220; &#8212; Kultur Online TV &amp; FM\" data-secret=\"Z2kc02TCIY\" frameborder=\"0\" marginwidth=\"0\" marginheight=\"0\" scrolling=\"no\" class=\"wp-embedded-content\"><\/iframe><script>\n\/*! This file is auto-generated *\/\n!function(d,l){\"use strict\";l.querySelector&&d.addEventListener&&\"undefined\"!=typeof URL&&(d.wp=d.wp||{},d.wp.receiveEmbedMessage||(d.wp.receiveEmbedMessage=function(e){var t=e.data;if((t||t.secret||t.message||t.value)&&!\/[^a-zA-Z0-9]\/.test(t.secret)){for(var s,r,n,a=l.querySelectorAll('iframe[data-secret=\"'+t.secret+'\"]'),o=l.querySelectorAll('blockquote[data-secret=\"'+t.secret+'\"]'),c=new RegExp(\"^https?:$\",\"i\"),i=0;i<o.length;i++)o[i].style.display=\"none\";for(i=0;i<a.length;i++)s=a[i],e.source===s.contentWindow&&(s.removeAttribute(\"style\"),\"height\"===t.message?(1e3<(r=parseInt(t.value,10))?r=1e3:~~r<200&&(r=200),s.height=r):\"link\"===t.message&&(r=new URL(s.getAttribute(\"src\")),n=new URL(t.value),c.test(n.protocol))&&n.host===r.host&&l.activeElement===s&&(d.top.location.href=t.value))}},d.addEventListener(\"message\",d.wp.receiveEmbedMessage,!1),l.addEventListener(\"DOMContentLoaded\",function(){for(var e,t,s=l.querySelectorAll(\"iframe.wp-embedded-content\"),r=0;r<s.length;r++)(t=(e=s[r]).getAttribute(\"data-secret\"))||(t=Math.random().toString(36).substring(2,12),e.src+=\"#?secret=\"+t,e.setAttribute(\"data-secret\",t)),e.contentWindow.postMessage({message:\"ready\",secret:t},\"*\")},!1)))}(window,document);\n<\/script>\n","thumbnail_url":"https:\/\/kulturonline.tv\/wp-content\/uploads\/2022\/03\/YouthNet-interkulturelles-Netzwerk-fuer-Muenchen.png","thumbnail_width":1080,"thumbnail_height":1080,"description":"Identit\u00e4t ist l\u00e4ngst nichts eindeutiges mehr, sondern ein Balanceakt. Sie kann sich im Lauf des Lebens \u00e4ndern, allerdings bleibt immer ein Kern des Pers\u00f6nlichen. Die Frage \u201aWer bin ich? Wer bist du?\u2018 ist au\u00dferordentlich wichtig geworden in einer Gesellschaft, die sich aufgesplittert hat in sehr unterschiedliche Gruppen, die nat\u00fcrlich arbeitsteilig auch organisiert ist, und wo [&hellip;]"}