{"id":24725,"date":"2022-03-25T07:32:31","date_gmt":"2022-03-25T06:32:31","guid":{"rendered":"podlove-2022-03-23t22:31:12+00:00-3db30173bc2a959"},"modified":"2023-02-08T11:44:56","modified_gmt":"2023-02-08T10:44:56","slug":"der-talk-friday-episode-4-meine-identitaet","status":"publish","type":"podcast","link":"https:\/\/kulturonline.tv\/at\/podcast\/der-talk-friday-episode-4-meine-identitaet\/","title":{"rendered":"YouthNet das interkulturelle Netzwerk f\u00fcr M\u00fcnchen"},"content":{"rendered":"\n    \n            <div class=\"podlove-web-player intrinsic-ignore podlove-web-player-loading\" id=\"player-69f01fd8a6404\"><root data-test=\"player--xl\" style=\"max-width:950px;min-width:260px;\">\n  <div class=\"tablet:px-6 tablet:pt-6 mobile:px-4 mobile:pt-4 flex flex-col\">\n    <div class=\"flex-col items-center mobile:flex tablet:hidden\">\n      <show-title class=\"text-sm\"><\/show-title>\n      <episode-title class=\"text-base mb-2\"><\/episode-title>\n      <subscribe-button class=\"mb-4 mobile:flex tablet:hidden\"><\/subscribe-button>\n      <poster class=\"rounded-sm w-48 shadow overflow-hidden\"><\/poster>\n      <divider class=\"w-full my-6\"><\/divider>\n    <\/div>\n\n    <div class=\"tablet:flex flex-grow\">\n      <div class=\"w-64 mobile:hidden tablet:block tablet:mr-6\">\n        <poster class=\"rounded-sm shadow overflow-hidden\"><\/poster>\n      <\/div>\n      <div class=\"w-full\">\n        <div class=\"hidden tablet:block\">\n          <show-title class=\"text-base\"><\/show-title>\n          <episode-title class=\"text-xl desktop:text-2xl\"><\/episode-title>\n          <divider class=\"w-full my-4\"><\/divider>\n        <\/div>\n        <div class=\"flex items-center justify-between\">\n          <div class=\"block\">\n            <play-state on=\"active\">\n              <speed-control class=\"flex items-center\"><\/speed-control>\n            <\/play-state>\n          <\/div>\n\n          <div class=\"flex\">\n            <play-state on=\"active\">\n              <chapter-previous class=\"mx-2 block\"><\/chapter-previous>\n            <\/play-state>\n            <play-state on=\"active\">\n              <step-backward class=\"mx-2 block\"><\/step-backward>\n            <\/play-state>\n\n            <play-button class=\"mx-2 block\" :label=\"$t('PLAYER.PLAY_EPISODE')\"><\/play-button>\n\n            <play-state on=\"active\">\n              <step-forward class=\"mx-2 block\"><\/step-forward>\n            <\/play-state>\n            <play-state on=\"active\">\n              <chapter-next class=\"mx-2 block\"><\/chapter-next>\n            <\/play-state>\n          <\/div>\n\n          <div class=\"block\">\n            <play-state on=\"active\">\n              <volume-control class=\"flex items-center\"><\/volume-control>\n            <\/play-state>\n          <\/div>\n        <\/div>\n        <div class=\"flex w-full\">\n          <progress-bar><\/progress-bar>\n        <\/div>\n        <div class=\"flex w-full -mt-2\">\n          <div class=\"w-3\/12 text-left\">\n            <timer-current class=\"text-sm\"><\/timer-current>\n          <\/div>\n          <div class=\"w-6\/12 text-center truncate\">\n            <play-state on=\"active\">\n              <current-chapter class=\"text-sm\"><\/current-chapter>\n            <\/play-state>\n          <\/div>\n          <div class=\"w-3\/12 text-right\">\n            <timer-duration class=\"text-sm\"><\/timer-duration>\n          <\/div>\n        <\/div>\n      <\/div>\n    <\/div>\n    <divider class=\"w-full mt-6 mb-3\"><\/divider>\n    <div class=\"flex justify-between\">\n      <div class=\"flex mobile:w-full tablet:w-3\/12 desktop:w-3\/12 justify-between\">\n        <tab-trigger tab=\"chapters\">\n          <icon type=\"chapter\"><\/icon>\n        <\/tab-trigger>\n        <tab-trigger tab=\"transcripts\">\n          <icon type=\"transcripts\"><\/icon>\n        <\/tab-trigger>\n        <tab-trigger tab=\"files\">\n          <icon type=\"download\"><\/icon>\n        <\/tab-trigger>\n        <tab-trigger tab=\"playlist\">\n          <icon type=\"playlist\"><\/icon>\n        <\/tab-trigger>\n        <tab-trigger tab=\"share\">\n          <icon type=\"share\"><\/icon>\n        <\/tab-trigger>\n      <\/div>\n      <subscribe-button class=\"mt-1 mobile:hidden tablet:flex\"><\/subscribe-button>\n    <\/div>\n  <\/div>\n  <div class=\"w-full relative overflow-hidden\">\n    <tab name=\"chapters\">\n      <tab-chapters><\/tab-chapters>\n    <\/tab>\n    <tab name=\"transcripts\">\n      <tab-transcripts><\/tab-transcripts>\n    <\/tab>\n    <tab name=\"files\">\n      <tab-files><\/tab-files>\n    <\/tab>\n    <tab name=\"playlist\">\n      <tab-playlist><\/tab-playlist>\n    <\/tab>\n    <tab name=\"share\">\n      <tab-share><\/tab-share>\n    <\/tab>\n    <tab-overflow><\/tab-overflow>\n  <\/div>\n  <error><\/error>\n<\/root>\n<\/div>\n            <script>\n              document.addEventListener(\"DOMContentLoaded\", function() {\n                var player = document.getElementById(\"player-69f01fd8a6404\");\n                podlovePlayerCache.add([{\"url\":\"https:\\\/\\\/kulturonline.tv\\\/at\\\/wp-json\\\/podlove-web-player\\\/shortcode\\\/publisher\\\/24725\",\"data\":{\"version\":5,\"show\":{\"title\":\"\",\"subtitle\":\"\",\"summary\":\"\",\"poster\":\"\",\"link\":\"https:\\\/\\\/kulturonline.tv\\\/podcast\"},\"title\":\"YouthNet das interkulturelle Netzwerk f\\u00fcr M\\u00fcnchen\",\"subtitle\":\"\",\"summary\":\"\",\"publicationDate\":\"2022-03-25T07:32:31+01:00\",\"duration\":\"00:29:28.536\",\"poster\":\"https:\\\/\\\/kulturonline.tv\\\/at\\\/podlove\\\/image\\\/68747470733a2f2f6b756c7475726f6e6c696e652e74762f77702d636f6e74656e742f75706c6f6164732f323032322f30332f596f7574684e65742d696e7465726b756c747572656c6c65732d4e65747a7765726b2d667565722d4d75656e6368656e2e706e67\\\/500\\\/0\\\/0\\\/youthnet-das-interkulturelle-netzwerk-fuer-muenchen\\\/\",\"link\":\"https:\\\/\\\/kulturonline.tv\\\/at\\\/podcast\\\/der-talk-friday-episode-4-meine-identitaet\\\/\",\"chapters\":[],\"audio\":[{\"url\":\"https:\\\/\\\/kulturonline.tv\\\/at\\\/podlove\\\/file\\\/75\\\/s\\\/webplayer\\\/c\\\/website\\\/der-talk-friday-4.mp3\",\"size\":\"39534120\",\"title\":\"MP3 Audio (mp3)\",\"mimeType\":\"audio\\\/mpeg\"}],\"files\":[{\"url\":\"https:\\\/\\\/kulturonline.tv\\\/at\\\/podlove\\\/file\\\/75\\\/s\\\/webplayer\\\/der-talk-friday-4.mp3\",\"size\":\"39534120\",\"title\":\"MP3 Audio\",\"mimeType\":\"audio\\\/mpeg\"}]}}, {\"url\":\"https:\\\/\\\/kulturonline.tv\\\/at\\\/wp-json\\\/podlove-web-player\\\/shortcode\\\/config\\\/default\\\/theme\\\/default\",\"data\":{\"activeTab\":\"chapters\",\"subscribe-button\":null,\"share\":{\"channels\":[\"facebook\",\"twitter\",\"whats-app\",\"linkedin\",\"pinterest\",\"xing\",\"mail\",\"link\"],\"outlet\":\"https:\\\/\\\/kulturonline.tv\\\/wp-content\\\/plugins\\\/podlove-web-player\\\/web-player\\\/share.html\",\"sharePlaytime\":true},\"related-episodes\":{\"source\":\"disabled\",\"value\":null},\"version\":5,\"theme\":{\"tokens\":{\"brand\":\"#E68115\",\"brandDark\":\"#1A3A4A\",\"brandDarkest\":\"#1A3A4A\",\"brandLightest\":\"#D3D1CF\",\"shadeDark\":\"#807E7C\",\"shadeBase\":\"#807E7C\",\"contrast\":\"#000\",\"alt\":\"#fff\"},\"fonts\":{\"ci\":{\"name\":\"ci\",\"family\":[\"-apple-system\",\"BlinkMacSystemFont\",\"Segoe UI\",\"Roboto\",\"Helvetica\",\"Arial\",\"sans-serif\",\"Apple Color Emoji\",\"Segoe UI Emoji\\\", \\\"Segoe UI Symbol\"],\"src\":[],\"weight\":\"2000\"},\"regular\":{\"name\":\"regular\",\"family\":[\"-apple-system\",\"BlinkMacSystemFont\",\"Segoe UI\",\"Roboto\",\"Helvetica\",\"Arial\",\"sans-serif\",\"Apple Color Emoji\",\"Segoe UI Emoji\\\", \\\"Segoe UI Symbol\"],\"src\":[],\"weight\":300},\"bold\":{\"name\":\"bold\",\"family\":[\"-apple-system\",\"BlinkMacSystemFont\",\"Segoe UI\",\"Roboto\",\"Helvetica\",\"Arial\",\"sans-serif\",\"Apple Color Emoji\",\"Segoe UI Emoji\\\", \\\"Segoe UI Symbol\"],\"src\":[],\"weight\":700}}},\"base\":\"https:\\\/\\\/kulturonline.tv\\\/wp-content\\\/plugins\\\/podlove-web-player\\\/web-player\\\/\"}}]);\n                podlovePlayer(player, \"https:\/\/kulturonline.tv\/at\/wp-json\/podlove-web-player\/shortcode\/publisher\/24725\", \"https:\/\/kulturonline.tv\/at\/wp-json\/podlove-web-player\/shortcode\/config\/default\/theme\/default\").then(function() {\n                  player && player.classList.remove(\"podlove-web-player-loading\");\n                });\n              });\n            <\/script>\n            <style>\n              .podlove-web-player.podlove-web-player-loading {\n                opacity: 0;\n              }\n            <\/style>\n        \n\n\n\n<p>Identit\u00e4t ist l\u00e4ngst nichts eindeutiges mehr, sondern ein Balanceakt. Sie kann sich im Lauf des Lebens \u00e4ndern, allerdings bleibt immer ein Kern des Pers\u00f6nlichen.<\/p>\n\n\n\n<p>Die Frage \u201aWer bin ich? Wer bist du?\u2018 ist au\u00dferordentlich wichtig geworden in einer Gesellschaft, die sich aufgesplittert hat in sehr unterschiedliche Gruppen, die nat\u00fcrlich arbeitsteilig auch organisiert ist, und wo die Frage \u201aWo geh\u00f6re ich hin?\u2018, nicht so eindeutig zu beantworten ist, weil die Rollen nicht mehr so eindeutig definiert sind.\u201c <\/p>\n\n\n\n<p>Dar\u00fcber diskutieren Irene und G\u00fcnter mit der Projektleiterin Eva Rapaport von YouthNet aus M\u00fcnchen. <\/p>\n\n\n\n<p>YouthNet ist ein interkulturelles und interreligi\u00f6ses Netzwerk f\u00fcr M\u00fcnchen. Dort begegnen sich Jugendliche mit christlichem, muslimischem, j\u00fcdischem, ezidischem und anderem Hintergrund. Sie sind entweder in M\u00fcnchen geboren, hierher umgezogen oder nach M\u00fcnchen gefl\u00fcchtet.<\/p>\n\n\n\n<p>Das Projekt wird von professionellen Trainern, den Organisatoren und den Mentoren begleitet. Das Ziel der Treffen ist der gemeinsame Austausch, das kreative Arbeiten und der Umgang in einer offenen und kulturell gemischten Gemeinschaft. Jeder Teilnehmer hat bei YouthNet die M\u00f6glichkeit, Instrumente der interkulturellen Kommunikation zu erlernen. Die F\u00e4higkeiten zur Teamarbeit werden gest\u00e4rkt. Die aktive Integrationsarbeit erh\u00f6ht die Toleranzbereitschaft aller Teilnehmer. Spa\u00df und neue Kontakte sind garantiert! Zus\u00e4tzlich erh\u00e4lt jedes Gruppenmitglied nach erfolgreicher Teilnahme am Projekt ein Zertifikat der Lichterkette e.V.. Dies hilft euch bei eurem Lebenslauf und sp\u00e4teren Bewerbungen.<\/p>\n\n\n\n<p><\/p>\n","protected":false},"author":2,"featured_media":49115,"comment_status":"closed","ping_status":"closed","template":"","meta":{"_acf_changed":false,"footnotes":""},"categories":[275],"tags":[],"class_list":["post-24725","podcast","type-podcast","status-publish","has-post-thumbnail","hentry","category-der-talk-friday-at","post"],"acf":[],"yoast_head":"<!-- This site is optimized with the Yoast SEO plugin v26.1.1 - https:\/\/yoast.com\/wordpress\/plugins\/seo\/ -->\n<title>YouthNet das interkulturelle Netzwerk f\u00fcr M\u00fcnchen - Kultur Online TV &amp; FM<\/title>\n<meta name=\"robots\" content=\"index, follow, max-snippet:-1, max-image-preview:large, max-video-preview:-1\" \/>\n<link rel=\"canonical\" href=\"https:\/\/kulturonline.tv\/at\/podcast\/der-talk-friday-episode-4-meine-identitaet\/\" \/>\n<meta property=\"og:locale\" content=\"de_DE\" \/>\n<meta property=\"og:type\" content=\"article\" \/>\n<meta property=\"og:title\" content=\"YouthNet das interkulturelle Netzwerk f\u00fcr M\u00fcnchen - Kultur Online TV &amp; FM\" \/>\n<meta property=\"og:description\" content=\"Identit\u00e4t ist l\u00e4ngst nichts eindeutiges mehr, sondern ein Balanceakt. Sie kann sich im Lauf des Lebens \u00e4ndern, allerdings bleibt immer ein Kern des Pers\u00f6nlichen. Die Frage \u201aWer bin ich? Wer bist du?\u2018 ist au\u00dferordentlich wichtig geworden in einer Gesellschaft, die sich aufgesplittert hat in sehr unterschiedliche Gruppen, die nat\u00fcrlich arbeitsteilig auch organisiert ist, und wo [&hellip;]\" \/>\n<meta property=\"og:url\" content=\"https:\/\/kulturonline.tv\/at\/podcast\/der-talk-friday-episode-4-meine-identitaet\/\" \/>\n<meta property=\"og:site_name\" content=\"Kultur Online TV &amp; FM\" \/>\n<meta property=\"article:publisher\" content=\"https:\/\/www.facebook.com\/kulturonline.tv\" \/>\n<meta property=\"article:modified_time\" content=\"2023-02-08T10:44:56+00:00\" \/>\n<meta property=\"og:image\" content=\"https:\/\/kulturonline.tv\/wp-content\/uploads\/2022\/03\/YouthNet-interkulturelles-Netzwerk-fuer-Muenchen.png\" \/>\n\t<meta property=\"og:image:width\" content=\"1080\" \/>\n\t<meta property=\"og:image:height\" content=\"1080\" \/>\n\t<meta property=\"og:image:type\" content=\"image\/png\" \/>\n<meta name=\"twitter:card\" content=\"summary_large_image\" \/>\n<meta name=\"twitter:label1\" content=\"Gesch\u00e4tzte Lesezeit\" \/>\n\t<meta name=\"twitter:data1\" content=\"2 Minuten\" \/>\n<script type=\"application\/ld+json\" class=\"yoast-schema-graph\">{\"@context\":\"https:\/\/schema.org\",\"@graph\":[{\"@type\":\"WebPage\",\"@id\":\"https:\/\/kulturonline.tv\/at\/podcast\/der-talk-friday-episode-4-meine-identitaet\/\",\"url\":\"https:\/\/kulturonline.tv\/at\/podcast\/der-talk-friday-episode-4-meine-identitaet\/\",\"name\":\"YouthNet das interkulturelle Netzwerk f\u00fcr M\u00fcnchen - Kultur Online TV &amp; FM\",\"isPartOf\":{\"@id\":\"https:\/\/kulturonline.tv\/at\/#website\"},\"primaryImageOfPage\":{\"@id\":\"https:\/\/kulturonline.tv\/at\/podcast\/der-talk-friday-episode-4-meine-identitaet\/#primaryimage\"},\"image\":{\"@id\":\"https:\/\/kulturonline.tv\/at\/podcast\/der-talk-friday-episode-4-meine-identitaet\/#primaryimage\"},\"thumbnailUrl\":\"https:\/\/kulturonline.tv\/wp-content\/uploads\/2022\/03\/YouthNet-interkulturelles-Netzwerk-fuer-Muenchen.png\",\"datePublished\":\"2022-03-25T06:32:31+00:00\",\"dateModified\":\"2023-02-08T10:44:56+00:00\",\"breadcrumb\":{\"@id\":\"https:\/\/kulturonline.tv\/at\/podcast\/der-talk-friday-episode-4-meine-identitaet\/#breadcrumb\"},\"inLanguage\":\"de-AT\",\"potentialAction\":[{\"@type\":\"ReadAction\",\"target\":[\"https:\/\/kulturonline.tv\/at\/podcast\/der-talk-friday-episode-4-meine-identitaet\/\"]}]},{\"@type\":\"ImageObject\",\"inLanguage\":\"de-AT\",\"@id\":\"https:\/\/kulturonline.tv\/at\/podcast\/der-talk-friday-episode-4-meine-identitaet\/#primaryimage\",\"url\":\"https:\/\/kulturonline.tv\/wp-content\/uploads\/2022\/03\/YouthNet-interkulturelles-Netzwerk-fuer-Muenchen.png\",\"contentUrl\":\"https:\/\/kulturonline.tv\/wp-content\/uploads\/2022\/03\/YouthNet-interkulturelles-Netzwerk-fuer-Muenchen.png\",\"width\":1080,\"height\":1080},{\"@type\":\"BreadcrumbList\",\"@id\":\"https:\/\/kulturonline.tv\/at\/podcast\/der-talk-friday-episode-4-meine-identitaet\/#breadcrumb\",\"itemListElement\":[{\"@type\":\"ListItem\",\"position\":1,\"name\":\"Startseite\",\"item\":\"https:\/\/kulturonline.tv\/at\/\"},{\"@type\":\"ListItem\",\"position\":2,\"name\":\"Episodes\",\"item\":\"https:\/\/kulturonline.tv\/at\/podcast\/\"},{\"@type\":\"ListItem\",\"position\":3,\"name\":\"YouthNet das interkulturelle Netzwerk f\u00fcr M\u00fcnchen\"}]},{\"@type\":\"WebSite\",\"@id\":\"https:\/\/kulturonline.tv\/at\/#website\",\"url\":\"https:\/\/kulturonline.tv\/at\/\",\"name\":\"Kultur Online TV &amp; FM\",\"description\":\"Wir sind Kultur 2.0 zum sehen &amp; h\u00f6ren\",\"publisher\":{\"@id\":\"https:\/\/kulturonline.tv\/at\/#organization\"},\"potentialAction\":[{\"@type\":\"SearchAction\",\"target\":{\"@type\":\"EntryPoint\",\"urlTemplate\":\"https:\/\/kulturonline.tv\/at\/?s={search_term_string}\"},\"query-input\":{\"@type\":\"PropertyValueSpecification\",\"valueRequired\":true,\"valueName\":\"search_term_string\"}}],\"inLanguage\":\"de-AT\"},{\"@type\":\"Organization\",\"@id\":\"https:\/\/kulturonline.tv\/at\/#organization\",\"name\":\"Kultur Online TV\",\"url\":\"https:\/\/kulturonline.tv\/at\/\",\"logo\":{\"@type\":\"ImageObject\",\"inLanguage\":\"de-AT\",\"@id\":\"https:\/\/kulturonline.tv\/at\/#\/schema\/logo\/image\/\",\"url\":\"https:\/\/kulturonline.tv\/wp-content\/uploads\/2021\/08\/Kultur-Online-Tv-Logo-Endversion-neu.png\",\"contentUrl\":\"https:\/\/kulturonline.tv\/wp-content\/uploads\/2021\/08\/Kultur-Online-Tv-Logo-Endversion-neu.png\",\"width\":200,\"height\":200,\"caption\":\"Kultur Online TV\"},\"image\":{\"@id\":\"https:\/\/kulturonline.tv\/at\/#\/schema\/logo\/image\/\"},\"sameAs\":[\"https:\/\/www.facebook.com\/kulturonline.tv\",\"https:\/\/www.instagram.com\/kulturonline.tv\"]}]}<\/script>\n<!-- \/ Yoast SEO plugin. -->","yoast_head_json":{"title":"YouthNet das interkulturelle Netzwerk f\u00fcr M\u00fcnchen - Kultur Online TV &amp; FM","robots":{"index":"index","follow":"follow","max-snippet":"max-snippet:-1","max-image-preview":"max-image-preview:large","max-video-preview":"max-video-preview:-1"},"canonical":"https:\/\/kulturonline.tv\/at\/podcast\/der-talk-friday-episode-4-meine-identitaet\/","og_locale":"de_DE","og_type":"article","og_title":"YouthNet das interkulturelle Netzwerk f\u00fcr M\u00fcnchen - Kultur Online TV &amp; FM","og_description":"Identit\u00e4t ist l\u00e4ngst nichts eindeutiges mehr, sondern ein Balanceakt. Sie kann sich im Lauf des Lebens \u00e4ndern, allerdings bleibt immer ein Kern des Pers\u00f6nlichen. Die Frage \u201aWer bin ich? Wer bist du?\u2018 ist au\u00dferordentlich wichtig geworden in einer Gesellschaft, die sich aufgesplittert hat in sehr unterschiedliche Gruppen, die nat\u00fcrlich arbeitsteilig auch organisiert ist, und wo [&hellip;]","og_url":"https:\/\/kulturonline.tv\/at\/podcast\/der-talk-friday-episode-4-meine-identitaet\/","og_site_name":"Kultur Online TV &amp; FM","article_publisher":"https:\/\/www.facebook.com\/kulturonline.tv","article_modified_time":"2023-02-08T10:44:56+00:00","og_image":[{"width":1080,"height":1080,"url":"https:\/\/kulturonline.tv\/wp-content\/uploads\/2022\/03\/YouthNet-interkulturelles-Netzwerk-fuer-Muenchen.png","type":"image\/png"}],"twitter_card":"summary_large_image","twitter_misc":{"Gesch\u00e4tzte Lesezeit":"2 Minuten"},"schema":{"@context":"https:\/\/schema.org","@graph":[{"@type":"WebPage","@id":"https:\/\/kulturonline.tv\/at\/podcast\/der-talk-friday-episode-4-meine-identitaet\/","url":"https:\/\/kulturonline.tv\/at\/podcast\/der-talk-friday-episode-4-meine-identitaet\/","name":"YouthNet das interkulturelle Netzwerk f\u00fcr M\u00fcnchen - Kultur Online TV &amp; FM","isPartOf":{"@id":"https:\/\/kulturonline.tv\/at\/#website"},"primaryImageOfPage":{"@id":"https:\/\/kulturonline.tv\/at\/podcast\/der-talk-friday-episode-4-meine-identitaet\/#primaryimage"},"image":{"@id":"https:\/\/kulturonline.tv\/at\/podcast\/der-talk-friday-episode-4-meine-identitaet\/#primaryimage"},"thumbnailUrl":"https:\/\/kulturonline.tv\/wp-content\/uploads\/2022\/03\/YouthNet-interkulturelles-Netzwerk-fuer-Muenchen.png","datePublished":"2022-03-25T06:32:31+00:00","dateModified":"2023-02-08T10:44:56+00:00","breadcrumb":{"@id":"https:\/\/kulturonline.tv\/at\/podcast\/der-talk-friday-episode-4-meine-identitaet\/#breadcrumb"},"inLanguage":"de-AT","potentialAction":[{"@type":"ReadAction","target":["https:\/\/kulturonline.tv\/at\/podcast\/der-talk-friday-episode-4-meine-identitaet\/"]}]},{"@type":"ImageObject","inLanguage":"de-AT","@id":"https:\/\/kulturonline.tv\/at\/podcast\/der-talk-friday-episode-4-meine-identitaet\/#primaryimage","url":"https:\/\/kulturonline.tv\/wp-content\/uploads\/2022\/03\/YouthNet-interkulturelles-Netzwerk-fuer-Muenchen.png","contentUrl":"https:\/\/kulturonline.tv\/wp-content\/uploads\/2022\/03\/YouthNet-interkulturelles-Netzwerk-fuer-Muenchen.png","width":1080,"height":1080},{"@type":"BreadcrumbList","@id":"https:\/\/kulturonline.tv\/at\/podcast\/der-talk-friday-episode-4-meine-identitaet\/#breadcrumb","itemListElement":[{"@type":"ListItem","position":1,"name":"Startseite","item":"https:\/\/kulturonline.tv\/at\/"},{"@type":"ListItem","position":2,"name":"Episodes","item":"https:\/\/kulturonline.tv\/at\/podcast\/"},{"@type":"ListItem","position":3,"name":"YouthNet das interkulturelle Netzwerk f\u00fcr M\u00fcnchen"}]},{"@type":"WebSite","@id":"https:\/\/kulturonline.tv\/at\/#website","url":"https:\/\/kulturonline.tv\/at\/","name":"Kultur Online TV &amp; FM","description":"Wir sind Kultur 2.0 zum sehen &amp; h\u00f6ren","publisher":{"@id":"https:\/\/kulturonline.tv\/at\/#organization"},"potentialAction":[{"@type":"SearchAction","target":{"@type":"EntryPoint","urlTemplate":"https:\/\/kulturonline.tv\/at\/?s={search_term_string}"},"query-input":{"@type":"PropertyValueSpecification","valueRequired":true,"valueName":"search_term_string"}}],"inLanguage":"de-AT"},{"@type":"Organization","@id":"https:\/\/kulturonline.tv\/at\/#organization","name":"Kultur Online TV","url":"https:\/\/kulturonline.tv\/at\/","logo":{"@type":"ImageObject","inLanguage":"de-AT","@id":"https:\/\/kulturonline.tv\/at\/#\/schema\/logo\/image\/","url":"https:\/\/kulturonline.tv\/wp-content\/uploads\/2021\/08\/Kultur-Online-Tv-Logo-Endversion-neu.png","contentUrl":"https:\/\/kulturonline.tv\/wp-content\/uploads\/2021\/08\/Kultur-Online-Tv-Logo-Endversion-neu.png","width":200,"height":200,"caption":"Kultur Online TV"},"image":{"@id":"https:\/\/kulturonline.tv\/at\/#\/schema\/logo\/image\/"},"sameAs":["https:\/\/www.facebook.com\/kulturonline.tv","https:\/\/www.instagram.com\/kulturonline.tv"]}]}},"_links":{"self":[{"href":"https:\/\/kulturonline.tv\/at\/wp-json\/wp\/v2\/episodes\/24725","targetHints":{"allow":["GET"]}}],"collection":[{"href":"https:\/\/kulturonline.tv\/at\/wp-json\/wp\/v2\/episodes"}],"about":[{"href":"https:\/\/kulturonline.tv\/at\/wp-json\/wp\/v2\/types\/podcast"}],"author":[{"embeddable":true,"href":"https:\/\/kulturonline.tv\/at\/wp-json\/wp\/v2\/users\/2"}],"replies":[{"embeddable":true,"href":"https:\/\/kulturonline.tv\/at\/wp-json\/wp\/v2\/comments?post=24725"}],"version-history":[{"count":0,"href":"https:\/\/kulturonline.tv\/at\/wp-json\/wp\/v2\/episodes\/24725\/revisions"}],"wp:featuredmedia":[{"embeddable":true,"href":"https:\/\/kulturonline.tv\/at\/wp-json\/wp\/v2\/media\/49115"}],"wp:attachment":[{"href":"https:\/\/kulturonline.tv\/at\/wp-json\/wp\/v2\/media?parent=24725"}],"wp:term":[{"taxonomy":"category","embeddable":true,"href":"https:\/\/kulturonline.tv\/at\/wp-json\/wp\/v2\/categories?post=24725"},{"taxonomy":"post_tag","embeddable":true,"href":"https:\/\/kulturonline.tv\/at\/wp-json\/wp\/v2\/tags?post=24725"}],"curies":[{"name":"wp","href":"https:\/\/api.w.org\/{rel}","templated":true}]}}