{"version":"1.0","provider_name":"Kultur Online TV &amp; FM","provider_url":"https:\/\/kulturonline.tv\/de\/","title":"Deutscher Theaterpreis DER FAUST 2022 verliehen - Kultur Online TV &amp; FM","type":"rich","width":600,"height":338,"html":"<blockquote class=\"wp-embedded-content\" data-secret=\"M38SCjA988\"><a href=\"https:\/\/kulturonline.tv\/de\/deutscher-theaterpreis-der-faust-2022-verliehen\/\">Deutscher Theaterpreis DER FAUST 2022 verliehen<\/a><\/blockquote><iframe sandbox=\"allow-scripts\" security=\"restricted\" src=\"https:\/\/kulturonline.tv\/de\/deutscher-theaterpreis-der-faust-2022-verliehen\/embed\/#?secret=M38SCjA988\" width=\"600\" height=\"338\" title=\"&#8222;Deutscher Theaterpreis DER FAUST 2022 verliehen&#8220; &#8212; Kultur Online TV &amp; FM\" data-secret=\"M38SCjA988\" frameborder=\"0\" marginwidth=\"0\" marginheight=\"0\" scrolling=\"no\" class=\"wp-embedded-content\"><\/iframe><script>\n\/*! This file is auto-generated *\/\n!function(d,l){\"use strict\";l.querySelector&&d.addEventListener&&\"undefined\"!=typeof URL&&(d.wp=d.wp||{},d.wp.receiveEmbedMessage||(d.wp.receiveEmbedMessage=function(e){var t=e.data;if((t||t.secret||t.message||t.value)&&!\/[^a-zA-Z0-9]\/.test(t.secret)){for(var s,r,n,a=l.querySelectorAll('iframe[data-secret=\"'+t.secret+'\"]'),o=l.querySelectorAll('blockquote[data-secret=\"'+t.secret+'\"]'),c=new RegExp(\"^https?:$\",\"i\"),i=0;i<o.length;i++)o[i].style.display=\"none\";for(i=0;i<a.length;i++)s=a[i],e.source===s.contentWindow&&(s.removeAttribute(\"style\"),\"height\"===t.message?(1e3<(r=parseInt(t.value,10))?r=1e3:~~r<200&&(r=200),s.height=r):\"link\"===t.message&&(r=new URL(s.getAttribute(\"src\")),n=new URL(t.value),c.test(n.protocol))&&n.host===r.host&&l.activeElement===s&&(d.top.location.href=t.value))}},d.addEventListener(\"message\",d.wp.receiveEmbedMessage,!1),l.addEventListener(\"DOMContentLoaded\",function(){for(var e,t,s=l.querySelectorAll(\"iframe.wp-embedded-content\"),r=0;r<s.length;r++)(t=(e=s[r]).getAttribute(\"data-secret\"))||(t=Math.random().toString(36).substring(2,12),e.src+=\"#?secret=\"+t,e.setAttribute(\"data-secret\",t)),e.contentWindow.postMessage({message:\"ready\",secret:t},\"*\")},!1)))}(window,document);\n<\/script>\n","thumbnail_url":"https:\/\/kulturonline.tv\/wp-content\/uploads\/2022\/11\/der-faus-1.jpg","thumbnail_width":686,"thumbnail_height":425,"description":"DER FAUST wurde in diesem Jahr zum 17. Mal vergeben. Veranstalter und F\u00f6rderer sind die Kulturstiftung der L\u00e4nder, die Deutsche Akademie der Darstellenden K\u00fcnste, das Ministerium f\u00fcr Kultur und Wissenschaft des Landes Nordrhein-Westfalen, die Landeshauptstadt D\u00fcsseldorf und der Deutsche B\u00fchnenverein."}