{"id":40448,"date":"2022-11-03T19:42:48","date_gmt":"2022-11-03T18:42:48","guid":{"rendered":"podlove-2022-11-03t18:36:53+00:00-21660118b5d0527"},"modified":"2025-01-26T12:58:08","modified_gmt":"2025-01-26T11:58:08","slug":"hill-festival-august-2023-das-erste-festival-seiner-art-als-interkultureller-austausch-in-afrika","status":"publish","type":"podcast","link":"https:\/\/kulturonline.tv\/de\/podcast\/hill-festival-august-2023-das-erste-festival-seiner-art-als-interkultureller-austausch-in-afrika\/","title":{"rendered":"Festival als interkultureller Austausch in Afrika"},"content":{"rendered":"\n    \n            <div class=\"podlove-web-player intrinsic-ignore podlove-web-player-loading\" id=\"player-69f29942ed924\"><root data-test=\"player--xl\" style=\"max-width:950px;min-width:260px;\">\n  <div class=\"tablet:px-6 tablet:pt-6 mobile:px-4 mobile:pt-4 flex flex-col\">\n    <div class=\"flex-col items-center mobile:flex tablet:hidden\">\n      <show-title class=\"text-sm\"><\/show-title>\n      <episode-title class=\"text-base mb-2\"><\/episode-title>\n      <subscribe-button class=\"mb-4 mobile:flex tablet:hidden\"><\/subscribe-button>\n      <poster class=\"rounded-sm w-48 shadow overflow-hidden\"><\/poster>\n      <divider class=\"w-full my-6\"><\/divider>\n    <\/div>\n\n    <div class=\"tablet:flex flex-grow\">\n      <div class=\"w-64 mobile:hidden tablet:block tablet:mr-6\">\n        <poster class=\"rounded-sm shadow overflow-hidden\"><\/poster>\n      <\/div>\n      <div class=\"w-full\">\n        <div class=\"hidden tablet:block\">\n          <show-title class=\"text-base\"><\/show-title>\n          <episode-title class=\"text-xl desktop:text-2xl\"><\/episode-title>\n          <divider class=\"w-full my-4\"><\/divider>\n        <\/div>\n        <div class=\"flex items-center justify-between\">\n          <div class=\"block\">\n            <play-state on=\"active\">\n              <speed-control class=\"flex items-center\"><\/speed-control>\n            <\/play-state>\n          <\/div>\n\n          <div class=\"flex\">\n            <play-state on=\"active\">\n              <chapter-previous class=\"mx-2 block\"><\/chapter-previous>\n            <\/play-state>\n            <play-state on=\"active\">\n              <step-backward class=\"mx-2 block\"><\/step-backward>\n            <\/play-state>\n\n            <play-button class=\"mx-2 block\" :label=\"$t('PLAYER.PLAY_EPISODE')\"><\/play-button>\n\n            <play-state on=\"active\">\n              <step-forward class=\"mx-2 block\"><\/step-forward>\n            <\/play-state>\n            <play-state on=\"active\">\n              <chapter-next class=\"mx-2 block\"><\/chapter-next>\n            <\/play-state>\n          <\/div>\n\n          <div class=\"block\">\n            <play-state on=\"active\">\n              <volume-control class=\"flex items-center\"><\/volume-control>\n            <\/play-state>\n          <\/div>\n        <\/div>\n        <div class=\"flex w-full\">\n          <progress-bar><\/progress-bar>\n        <\/div>\n        <div class=\"flex w-full -mt-2\">\n          <div class=\"w-3\/12 text-left\">\n            <timer-current class=\"text-sm\"><\/timer-current>\n          <\/div>\n          <div class=\"w-6\/12 text-center truncate\">\n            <play-state on=\"active\">\n              <current-chapter class=\"text-sm\"><\/current-chapter>\n            <\/play-state>\n          <\/div>\n          <div class=\"w-3\/12 text-right\">\n            <timer-duration class=\"text-sm\"><\/timer-duration>\n          <\/div>\n        <\/div>\n      <\/div>\n    <\/div>\n    <divider class=\"w-full mt-6 mb-3\"><\/divider>\n    <div class=\"flex justify-between\">\n      <div class=\"flex mobile:w-full tablet:w-3\/12 desktop:w-3\/12 justify-between\">\n        <tab-trigger tab=\"chapters\">\n          <icon type=\"chapter\"><\/icon>\n        <\/tab-trigger>\n        <tab-trigger tab=\"transcripts\">\n          <icon type=\"transcripts\"><\/icon>\n        <\/tab-trigger>\n        <tab-trigger tab=\"files\">\n          <icon type=\"download\"><\/icon>\n        <\/tab-trigger>\n        <tab-trigger tab=\"playlist\">\n          <icon type=\"playlist\"><\/icon>\n        <\/tab-trigger>\n        <tab-trigger tab=\"share\">\n          <icon type=\"share\"><\/icon>\n        <\/tab-trigger>\n      <\/div>\n      <subscribe-button class=\"mt-1 mobile:hidden tablet:flex\"><\/subscribe-button>\n    <\/div>\n  <\/div>\n  <div class=\"w-full relative overflow-hidden\">\n    <tab name=\"chapters\">\n      <tab-chapters><\/tab-chapters>\n    <\/tab>\n    <tab name=\"transcripts\">\n      <tab-transcripts><\/tab-transcripts>\n    <\/tab>\n    <tab name=\"files\">\n      <tab-files><\/tab-files>\n    <\/tab>\n    <tab name=\"playlist\">\n      <tab-playlist><\/tab-playlist>\n    <\/tab>\n    <tab name=\"share\">\n      <tab-share><\/tab-share>\n    <\/tab>\n    <tab-overflow><\/tab-overflow>\n  <\/div>\n  <error><\/error>\n<\/root>\n<\/div>\n            <script>\n              document.addEventListener(\"DOMContentLoaded\", function() {\n                var player = document.getElementById(\"player-69f29942ed924\");\n                podlovePlayerCache.add([{\"url\":\"https:\\\/\\\/kulturonline.tv\\\/de\\\/wp-json\\\/podlove-web-player\\\/shortcode\\\/publisher\\\/40448\",\"data\":{\"version\":5,\"show\":{\"title\":\"\",\"subtitle\":\"\",\"summary\":\"\",\"poster\":\"\",\"link\":\"https:\\\/\\\/kulturonline.tv\\\/podcast\"},\"title\":\"Festival als interkultureller Austausch in Afrika\",\"subtitle\":\"\",\"summary\":\"\",\"publicationDate\":\"2022-11-03T19:42:48+01:00\",\"duration\":\"00:21:05.880\",\"poster\":\"https:\\\/\\\/kulturonline.tv\\\/de\\\/podlove\\\/image\\\/68747470733a2f2f6b756c7475726f6e6c696e652e74762f77702d636f6e74656e742f75706c6f6164732f323032322f31312f48696c6c766573746976616c2e706e67\\\/500\\\/0\\\/0\\\/festival-als-interkultureller-austausch-in-afrika\\\/\",\"link\":\"https:\\\/\\\/kulturonline.tv\\\/de\\\/podcast\\\/hill-festival-august-2023-das-erste-festival-seiner-art-als-interkultureller-austausch-in-afrika\\\/\",\"chapters\":[],\"audio\":[{\"url\":\"https:\\\/\\\/kulturonline.tv\\\/de\\\/podlove\\\/file\\\/114\\\/s\\\/webplayer\\\/c\\\/website\\\/Kulturflash-Hilfestival-10.mp3\",\"size\":\"36338448\",\"title\":\"MP3 Audio (mp3)\",\"mimeType\":\"audio\\\/mpeg\"}],\"files\":[{\"url\":\"https:\\\/\\\/kulturonline.tv\\\/de\\\/podlove\\\/file\\\/114\\\/s\\\/webplayer\\\/Kulturflash-Hilfestival-10.mp3\",\"size\":\"36338448\",\"title\":\"MP3 Audio\",\"mimeType\":\"audio\\\/mpeg\"}]}}, {\"url\":\"https:\\\/\\\/kulturonline.tv\\\/de\\\/wp-json\\\/podlove-web-player\\\/shortcode\\\/config\\\/default\\\/theme\\\/default\",\"data\":{\"activeTab\":\"chapters\",\"subscribe-button\":null,\"share\":{\"channels\":[\"facebook\",\"twitter\",\"whats-app\",\"linkedin\",\"pinterest\",\"xing\",\"mail\",\"link\"],\"outlet\":\"https:\\\/\\\/kulturonline.tv\\\/wp-content\\\/plugins\\\/podlove-web-player\\\/web-player\\\/share.html\",\"sharePlaytime\":true},\"related-episodes\":{\"source\":\"disabled\",\"value\":null},\"version\":5,\"theme\":{\"tokens\":{\"brand\":\"#E68115\",\"brandDark\":\"#1A3A4A\",\"brandDarkest\":\"#1A3A4A\",\"brandLightest\":\"#D3D1CF\",\"shadeDark\":\"#807E7C\",\"shadeBase\":\"#807E7C\",\"contrast\":\"#000\",\"alt\":\"#fff\"},\"fonts\":{\"ci\":{\"name\":\"ci\",\"family\":[\"-apple-system\",\"BlinkMacSystemFont\",\"Segoe UI\",\"Roboto\",\"Helvetica\",\"Arial\",\"sans-serif\",\"Apple Color Emoji\",\"Segoe UI Emoji\\\", \\\"Segoe UI Symbol\"],\"src\":[],\"weight\":\"2000\"},\"regular\":{\"name\":\"regular\",\"family\":[\"-apple-system\",\"BlinkMacSystemFont\",\"Segoe UI\",\"Roboto\",\"Helvetica\",\"Arial\",\"sans-serif\",\"Apple Color Emoji\",\"Segoe UI Emoji\\\", \\\"Segoe UI Symbol\"],\"src\":[],\"weight\":300},\"bold\":{\"name\":\"bold\",\"family\":[\"-apple-system\",\"BlinkMacSystemFont\",\"Segoe UI\",\"Roboto\",\"Helvetica\",\"Arial\",\"sans-serif\",\"Apple Color Emoji\",\"Segoe UI Emoji\\\", \\\"Segoe UI Symbol\"],\"src\":[],\"weight\":700}}},\"base\":\"https:\\\/\\\/kulturonline.tv\\\/wp-content\\\/plugins\\\/podlove-web-player\\\/web-player\\\/\"}}]);\n                podlovePlayer(player, \"https:\/\/kulturonline.tv\/de\/wp-json\/podlove-web-player\/shortcode\/publisher\/40448\", \"https:\/\/kulturonline.tv\/de\/wp-json\/podlove-web-player\/shortcode\/config\/default\/theme\/default\").then(function() {\n                  player && player.classList.remove(\"podlove-web-player-loading\");\n                });\n              });\n            <\/script>\n            <style>\n              .podlove-web-player.podlove-web-player-loading {\n                opacity: 0;\n              }\n            <\/style>\n        \n\n\n\n<p>Ein einzigartiges und einmaliges Musikerlebnis soll das erste Hilvestival im Herzen Afrikas in Ruanda am 04. und 05. August 2023 werden, das wir von Kultur Online TV-FM von Anfang mit begleiten werden. Auf dem j\u00e4hrlich geplanten Festival, werden internationale K\u00fcnstler im Musikstile wie Reggae, Hip-Hop und Afrobeat auftreten, sowie lokale K\u00fcnstler, die traditionelle afrikanische Stile pr\u00e4sentieren. Als interkultureller Austausch treten auch nationale K\u00fcnstler aus Deutschland und \u00d6sterreich sowie Newcomer als Vorgruppe auf.<\/p>\n\n\n\n<p>Bei diesem neuen Festival, dreht sich alles um Menschen, die zusammenkommen und eine einmalige Erfahrung machen, w\u00e4hrend man an zwei Festivaltagen gro\u00dfartige Musik in einer wundersch\u00f6nen Umgebung im Herzen Afrikas h\u00f6ren und erleben kann. Es ist das Ziel, die Identit\u00e4t und den Geist der lokalen Gemeinschaft zu st\u00e4rken, indem internationalen und lokale K\u00fcnstlern eine Plattform geboten wird, um ihre Talente einem breiten Publikum zu pr\u00e4sentieren.<\/p>\n\n\n\n<p>Wir haben mit dem Veranstalter Ndikumana Abdoul auf Kultur Online FM gesprochen.<\/p>\n\n\n\n<figure class=\"wp-block-image size-full\"><img decoding=\"async\" src=\"https:\/\/kulturonline.tv\/wp-content\/uploads\/2022\/11\/Hill-Festival.jpeg\" alt=\"\" class=\"wp-image-40449\"\/><\/figure>\n\n\n\n<p>Kultur Online FM<\/p>\n\n\n\n<p>#news #podcast #event<\/p>\n","protected":false},"author":2,"featured_media":49041,"comment_status":"closed","ping_status":"closed","template":"","meta":{"_acf_changed":false,"footnotes":""},"categories":[194],"tags":[],"class_list":["post-40448","podcast","type-podcast","status-publish","has-post-thumbnail","hentry","category-fm-audio-kulturflash","post"],"acf":[],"yoast_head":"<!-- This site is optimized with the Yoast SEO plugin v26.1.1 - https:\/\/yoast.com\/wordpress\/plugins\/seo\/ -->\n<title>Festival als interkultureller Austausch in Afrika - Kultur Online TV &amp; FM<\/title>\n<meta name=\"description\" content=\"Ein einzigartiges und einmaliges Musikerlebnis soll das erste Hilvestival im Herzen Afrikas in Ruanda am 04. und 05. August 2023 werden, das wir von Kultur Online TV-FM von Anfang mit begleiten werden.\" \/>\n<meta name=\"robots\" content=\"index, follow, max-snippet:-1, max-image-preview:large, max-video-preview:-1\" \/>\n<link rel=\"canonical\" href=\"https:\/\/kulturonline.tv\/de\/podcast\/hill-festival-august-2023-das-erste-festival-seiner-art-als-interkultureller-austausch-in-afrika\/\" \/>\n<meta property=\"og:locale\" content=\"de_DE\" \/>\n<meta property=\"og:type\" content=\"article\" \/>\n<meta property=\"og:title\" content=\"Festival als interkultureller Austausch in Afrika - Kultur Online TV &amp; FM\" \/>\n<meta property=\"og:description\" content=\"Ein einzigartiges und einmaliges Musikerlebnis soll das erste Hilvestival im Herzen Afrikas in Ruanda am 04. und 05. August 2023 werden, das wir von Kultur Online TV-FM von Anfang mit begleiten werden.\" \/>\n<meta property=\"og:url\" content=\"https:\/\/kulturonline.tv\/de\/podcast\/hill-festival-august-2023-das-erste-festival-seiner-art-als-interkultureller-austausch-in-afrika\/\" \/>\n<meta property=\"og:site_name\" content=\"Kultur Online TV &amp; FM\" \/>\n<meta property=\"article:publisher\" content=\"https:\/\/www.facebook.com\/kulturonline.tv\" \/>\n<meta property=\"article:modified_time\" content=\"2025-01-26T11:58:08+00:00\" \/>\n<meta property=\"og:image\" content=\"https:\/\/kulturonline.tv\/wp-content\/uploads\/2022\/11\/Hillvestival.png\" \/>\n\t<meta property=\"og:image:width\" content=\"1080\" \/>\n\t<meta property=\"og:image:height\" content=\"1080\" \/>\n\t<meta property=\"og:image:type\" content=\"image\/png\" \/>\n<meta name=\"twitter:card\" content=\"summary_large_image\" \/>\n<meta name=\"twitter:label1\" content=\"Gesch\u00e4tzte Lesezeit\" \/>\n\t<meta name=\"twitter:data1\" content=\"1\u00a0Minute\" \/>\n<script type=\"application\/ld+json\" class=\"yoast-schema-graph\">{\"@context\":\"https:\/\/schema.org\",\"@graph\":[{\"@type\":\"WebPage\",\"@id\":\"https:\/\/kulturonline.tv\/de\/podcast\/hill-festival-august-2023-das-erste-festival-seiner-art-als-interkultureller-austausch-in-afrika\/\",\"url\":\"https:\/\/kulturonline.tv\/de\/podcast\/hill-festival-august-2023-das-erste-festival-seiner-art-als-interkultureller-austausch-in-afrika\/\",\"name\":\"Festival als interkultureller Austausch in Afrika - Kultur Online TV &amp; FM\",\"isPartOf\":{\"@id\":\"https:\/\/kulturonline.tv\/de\/#website\"},\"primaryImageOfPage\":{\"@id\":\"https:\/\/kulturonline.tv\/de\/podcast\/hill-festival-august-2023-das-erste-festival-seiner-art-als-interkultureller-austausch-in-afrika\/#primaryimage\"},\"image\":{\"@id\":\"https:\/\/kulturonline.tv\/de\/podcast\/hill-festival-august-2023-das-erste-festival-seiner-art-als-interkultureller-austausch-in-afrika\/#primaryimage\"},\"thumbnailUrl\":\"https:\/\/kulturonline.tv\/wp-content\/uploads\/2022\/11\/Hillvestival.png\",\"datePublished\":\"2022-11-03T18:42:48+00:00\",\"dateModified\":\"2025-01-26T11:58:08+00:00\",\"description\":\"Ein einzigartiges und einmaliges Musikerlebnis soll das erste Hilvestival im Herzen Afrikas in Ruanda am 04. und 05. August 2023 werden, das wir von Kultur Online TV-FM von Anfang mit begleiten werden.\",\"breadcrumb\":{\"@id\":\"https:\/\/kulturonline.tv\/de\/podcast\/hill-festival-august-2023-das-erste-festival-seiner-art-als-interkultureller-austausch-in-afrika\/#breadcrumb\"},\"inLanguage\":\"de\",\"potentialAction\":[{\"@type\":\"ReadAction\",\"target\":[\"https:\/\/kulturonline.tv\/de\/podcast\/hill-festival-august-2023-das-erste-festival-seiner-art-als-interkultureller-austausch-in-afrika\/\"]}]},{\"@type\":\"ImageObject\",\"inLanguage\":\"de\",\"@id\":\"https:\/\/kulturonline.tv\/de\/podcast\/hill-festival-august-2023-das-erste-festival-seiner-art-als-interkultureller-austausch-in-afrika\/#primaryimage\",\"url\":\"https:\/\/kulturonline.tv\/wp-content\/uploads\/2022\/11\/Hillvestival.png\",\"contentUrl\":\"https:\/\/kulturonline.tv\/wp-content\/uploads\/2022\/11\/Hillvestival.png\",\"width\":1080,\"height\":1080},{\"@type\":\"BreadcrumbList\",\"@id\":\"https:\/\/kulturonline.tv\/de\/podcast\/hill-festival-august-2023-das-erste-festival-seiner-art-als-interkultureller-austausch-in-afrika\/#breadcrumb\",\"itemListElement\":[{\"@type\":\"ListItem\",\"position\":1,\"name\":\"Startseite\",\"item\":\"https:\/\/kulturonline.tv\/de\/\"},{\"@type\":\"ListItem\",\"position\":2,\"name\":\"Episoden\",\"item\":\"https:\/\/kulturonline.tv\/de\/podcast\/\"},{\"@type\":\"ListItem\",\"position\":3,\"name\":\"Festival als interkultureller Austausch in Afrika\"}]},{\"@type\":\"WebSite\",\"@id\":\"https:\/\/kulturonline.tv\/de\/#website\",\"url\":\"https:\/\/kulturonline.tv\/de\/\",\"name\":\"Kultur Online TV &amp; FM\",\"description\":\"Wir sind Kultur 2.0 zum sehen &amp; h\u00f6ren\",\"publisher\":{\"@id\":\"https:\/\/kulturonline.tv\/de\/#organization\"},\"potentialAction\":[{\"@type\":\"SearchAction\",\"target\":{\"@type\":\"EntryPoint\",\"urlTemplate\":\"https:\/\/kulturonline.tv\/de\/?s={search_term_string}\"},\"query-input\":{\"@type\":\"PropertyValueSpecification\",\"valueRequired\":true,\"valueName\":\"search_term_string\"}}],\"inLanguage\":\"de\"},{\"@type\":\"Organization\",\"@id\":\"https:\/\/kulturonline.tv\/de\/#organization\",\"name\":\"Kultur Online TV\",\"url\":\"https:\/\/kulturonline.tv\/de\/\",\"logo\":{\"@type\":\"ImageObject\",\"inLanguage\":\"de\",\"@id\":\"https:\/\/kulturonline.tv\/de\/#\/schema\/logo\/image\/\",\"url\":\"https:\/\/kulturonline.tv\/wp-content\/uploads\/2021\/08\/Kultur-Online-Tv-Logo-Endversion-neu.png\",\"contentUrl\":\"https:\/\/kulturonline.tv\/wp-content\/uploads\/2021\/08\/Kultur-Online-Tv-Logo-Endversion-neu.png\",\"width\":200,\"height\":200,\"caption\":\"Kultur Online TV\"},\"image\":{\"@id\":\"https:\/\/kulturonline.tv\/de\/#\/schema\/logo\/image\/\"},\"sameAs\":[\"https:\/\/www.facebook.com\/kulturonline.tv\",\"https:\/\/www.instagram.com\/kulturonline.tv\"]}]}<\/script>\n<!-- \/ Yoast SEO plugin. -->","yoast_head_json":{"title":"Festival als interkultureller Austausch in Afrika - Kultur Online TV &amp; FM","description":"Ein einzigartiges und einmaliges Musikerlebnis soll das erste Hilvestival im Herzen Afrikas in Ruanda am 04. und 05. August 2023 werden, das wir von Kultur Online TV-FM von Anfang mit begleiten werden.","robots":{"index":"index","follow":"follow","max-snippet":"max-snippet:-1","max-image-preview":"max-image-preview:large","max-video-preview":"max-video-preview:-1"},"canonical":"https:\/\/kulturonline.tv\/de\/podcast\/hill-festival-august-2023-das-erste-festival-seiner-art-als-interkultureller-austausch-in-afrika\/","og_locale":"de_DE","og_type":"article","og_title":"Festival als interkultureller Austausch in Afrika - Kultur Online TV &amp; FM","og_description":"Ein einzigartiges und einmaliges Musikerlebnis soll das erste Hilvestival im Herzen Afrikas in Ruanda am 04. und 05. August 2023 werden, das wir von Kultur Online TV-FM von Anfang mit begleiten werden.","og_url":"https:\/\/kulturonline.tv\/de\/podcast\/hill-festival-august-2023-das-erste-festival-seiner-art-als-interkultureller-austausch-in-afrika\/","og_site_name":"Kultur Online TV &amp; FM","article_publisher":"https:\/\/www.facebook.com\/kulturonline.tv","article_modified_time":"2025-01-26T11:58:08+00:00","og_image":[{"width":1080,"height":1080,"url":"https:\/\/kulturonline.tv\/wp-content\/uploads\/2022\/11\/Hillvestival.png","type":"image\/png"}],"twitter_card":"summary_large_image","twitter_misc":{"Gesch\u00e4tzte Lesezeit":"1\u00a0Minute"},"schema":{"@context":"https:\/\/schema.org","@graph":[{"@type":"WebPage","@id":"https:\/\/kulturonline.tv\/de\/podcast\/hill-festival-august-2023-das-erste-festival-seiner-art-als-interkultureller-austausch-in-afrika\/","url":"https:\/\/kulturonline.tv\/de\/podcast\/hill-festival-august-2023-das-erste-festival-seiner-art-als-interkultureller-austausch-in-afrika\/","name":"Festival als interkultureller Austausch in Afrika - Kultur Online TV &amp; FM","isPartOf":{"@id":"https:\/\/kulturonline.tv\/de\/#website"},"primaryImageOfPage":{"@id":"https:\/\/kulturonline.tv\/de\/podcast\/hill-festival-august-2023-das-erste-festival-seiner-art-als-interkultureller-austausch-in-afrika\/#primaryimage"},"image":{"@id":"https:\/\/kulturonline.tv\/de\/podcast\/hill-festival-august-2023-das-erste-festival-seiner-art-als-interkultureller-austausch-in-afrika\/#primaryimage"},"thumbnailUrl":"https:\/\/kulturonline.tv\/wp-content\/uploads\/2022\/11\/Hillvestival.png","datePublished":"2022-11-03T18:42:48+00:00","dateModified":"2025-01-26T11:58:08+00:00","description":"Ein einzigartiges und einmaliges Musikerlebnis soll das erste Hilvestival im Herzen Afrikas in Ruanda am 04. und 05. August 2023 werden, das wir von Kultur Online TV-FM von Anfang mit begleiten werden.","breadcrumb":{"@id":"https:\/\/kulturonline.tv\/de\/podcast\/hill-festival-august-2023-das-erste-festival-seiner-art-als-interkultureller-austausch-in-afrika\/#breadcrumb"},"inLanguage":"de","potentialAction":[{"@type":"ReadAction","target":["https:\/\/kulturonline.tv\/de\/podcast\/hill-festival-august-2023-das-erste-festival-seiner-art-als-interkultureller-austausch-in-afrika\/"]}]},{"@type":"ImageObject","inLanguage":"de","@id":"https:\/\/kulturonline.tv\/de\/podcast\/hill-festival-august-2023-das-erste-festival-seiner-art-als-interkultureller-austausch-in-afrika\/#primaryimage","url":"https:\/\/kulturonline.tv\/wp-content\/uploads\/2022\/11\/Hillvestival.png","contentUrl":"https:\/\/kulturonline.tv\/wp-content\/uploads\/2022\/11\/Hillvestival.png","width":1080,"height":1080},{"@type":"BreadcrumbList","@id":"https:\/\/kulturonline.tv\/de\/podcast\/hill-festival-august-2023-das-erste-festival-seiner-art-als-interkultureller-austausch-in-afrika\/#breadcrumb","itemListElement":[{"@type":"ListItem","position":1,"name":"Startseite","item":"https:\/\/kulturonline.tv\/de\/"},{"@type":"ListItem","position":2,"name":"Episoden","item":"https:\/\/kulturonline.tv\/de\/podcast\/"},{"@type":"ListItem","position":3,"name":"Festival als interkultureller Austausch in Afrika"}]},{"@type":"WebSite","@id":"https:\/\/kulturonline.tv\/de\/#website","url":"https:\/\/kulturonline.tv\/de\/","name":"Kultur Online TV &amp; FM","description":"Wir sind Kultur 2.0 zum sehen &amp; h\u00f6ren","publisher":{"@id":"https:\/\/kulturonline.tv\/de\/#organization"},"potentialAction":[{"@type":"SearchAction","target":{"@type":"EntryPoint","urlTemplate":"https:\/\/kulturonline.tv\/de\/?s={search_term_string}"},"query-input":{"@type":"PropertyValueSpecification","valueRequired":true,"valueName":"search_term_string"}}],"inLanguage":"de"},{"@type":"Organization","@id":"https:\/\/kulturonline.tv\/de\/#organization","name":"Kultur Online TV","url":"https:\/\/kulturonline.tv\/de\/","logo":{"@type":"ImageObject","inLanguage":"de","@id":"https:\/\/kulturonline.tv\/de\/#\/schema\/logo\/image\/","url":"https:\/\/kulturonline.tv\/wp-content\/uploads\/2021\/08\/Kultur-Online-Tv-Logo-Endversion-neu.png","contentUrl":"https:\/\/kulturonline.tv\/wp-content\/uploads\/2021\/08\/Kultur-Online-Tv-Logo-Endversion-neu.png","width":200,"height":200,"caption":"Kultur Online TV"},"image":{"@id":"https:\/\/kulturonline.tv\/de\/#\/schema\/logo\/image\/"},"sameAs":["https:\/\/www.facebook.com\/kulturonline.tv","https:\/\/www.instagram.com\/kulturonline.tv"]}]}},"_links":{"self":[{"href":"https:\/\/kulturonline.tv\/de\/wp-json\/wp\/v2\/episodes\/40448","targetHints":{"allow":["GET"]}}],"collection":[{"href":"https:\/\/kulturonline.tv\/de\/wp-json\/wp\/v2\/episodes"}],"about":[{"href":"https:\/\/kulturonline.tv\/de\/wp-json\/wp\/v2\/types\/podcast"}],"author":[{"embeddable":true,"href":"https:\/\/kulturonline.tv\/de\/wp-json\/wp\/v2\/users\/2"}],"replies":[{"embeddable":true,"href":"https:\/\/kulturonline.tv\/de\/wp-json\/wp\/v2\/comments?post=40448"}],"version-history":[{"count":1,"href":"https:\/\/kulturonline.tv\/de\/wp-json\/wp\/v2\/episodes\/40448\/revisions"}],"predecessor-version":[{"id":106586,"href":"https:\/\/kulturonline.tv\/de\/wp-json\/wp\/v2\/episodes\/40448\/revisions\/106586"}],"wp:featuredmedia":[{"embeddable":true,"href":"https:\/\/kulturonline.tv\/de\/wp-json\/wp\/v2\/media\/49041"}],"wp:attachment":[{"href":"https:\/\/kulturonline.tv\/de\/wp-json\/wp\/v2\/media?parent=40448"}],"wp:term":[{"taxonomy":"category","embeddable":true,"href":"https:\/\/kulturonline.tv\/de\/wp-json\/wp\/v2\/categories?post=40448"},{"taxonomy":"post_tag","embeddable":true,"href":"https:\/\/kulturonline.tv\/de\/wp-json\/wp\/v2\/tags?post=40448"}],"curies":[{"name":"wp","href":"https:\/\/api.w.org\/{rel}","templated":true}]}}