{"id":23888,"date":"2022-03-02T10:19:20","date_gmt":"2022-03-02T09:19:20","guid":{"rendered":"https:\/\/kulturonline.tv\/?page_id=23888"},"modified":"2022-11-26T15:26:28","modified_gmt":"2022-11-26T14:26:28","slug":"audiothek-podcasts-der-talk-friday","status":"publish","type":"page","link":"https:\/\/kulturonline.tv\/de\/audiothek-podcasts-der-talk-friday\/","title":{"rendered":"Audiothek Podcasts-Der Talk Friday"},"content":{"rendered":"\n    \n            <div class=\"podlove-web-player intrinsic-ignore podlove-web-player-loading\" id=\"player-69f35d5d01f9b\"><root data-test=\"player--xl\" style=\"max-width:950px;min-width:260px;\">\n  <div class=\"tablet:px-6 tablet:pt-6 mobile:px-4 mobile:pt-4 flex flex-col\">\n    <div class=\"flex-col items-center mobile:flex tablet:hidden\">\n      <show-title class=\"text-sm\"><\/show-title>\n      <episode-title class=\"text-base mb-2\"><\/episode-title>\n      <subscribe-button class=\"mb-4 mobile:flex tablet:hidden\"><\/subscribe-button>\n      <poster class=\"rounded-sm w-48 shadow overflow-hidden\"><\/poster>\n      <divider class=\"w-full my-6\"><\/divider>\n    <\/div>\n\n    <div class=\"tablet:flex flex-grow\">\n      <div class=\"w-64 mobile:hidden tablet:block tablet:mr-6\">\n        <poster class=\"rounded-sm shadow overflow-hidden\"><\/poster>\n      <\/div>\n      <div class=\"w-full\">\n        <div class=\"hidden tablet:block\">\n          <show-title class=\"text-base\"><\/show-title>\n          <episode-title class=\"text-xl desktop:text-2xl\"><\/episode-title>\n          <divider class=\"w-full my-4\"><\/divider>\n        <\/div>\n        <div class=\"flex items-center justify-between\">\n          <div class=\"block\">\n            <play-state on=\"active\">\n              <speed-control class=\"flex items-center\"><\/speed-control>\n            <\/play-state>\n          <\/div>\n\n          <div class=\"flex\">\n            <play-state on=\"active\">\n              <chapter-previous class=\"mx-2 block\"><\/chapter-previous>\n            <\/play-state>\n            <play-state on=\"active\">\n              <step-backward class=\"mx-2 block\"><\/step-backward>\n            <\/play-state>\n\n            <play-button class=\"mx-2 block\" :label=\"$t('PLAYER.PLAY_EPISODE')\"><\/play-button>\n\n            <play-state on=\"active\">\n              <step-forward class=\"mx-2 block\"><\/step-forward>\n            <\/play-state>\n            <play-state on=\"active\">\n              <chapter-next class=\"mx-2 block\"><\/chapter-next>\n            <\/play-state>\n          <\/div>\n\n          <div class=\"block\">\n            <play-state on=\"active\">\n              <volume-control class=\"flex items-center\"><\/volume-control>\n            <\/play-state>\n          <\/div>\n        <\/div>\n        <div class=\"flex w-full\">\n          <progress-bar><\/progress-bar>\n        <\/div>\n        <div class=\"flex w-full -mt-2\">\n          <div class=\"w-3\/12 text-left\">\n            <timer-current class=\"text-sm\"><\/timer-current>\n          <\/div>\n          <div class=\"w-6\/12 text-center truncate\">\n            <play-state on=\"active\">\n              <current-chapter class=\"text-sm\"><\/current-chapter>\n            <\/play-state>\n          <\/div>\n          <div class=\"w-3\/12 text-right\">\n            <timer-duration class=\"text-sm\"><\/timer-duration>\n          <\/div>\n        <\/div>\n      <\/div>\n    <\/div>\n    <divider class=\"w-full mt-6 mb-3\"><\/divider>\n    <div class=\"flex justify-between\">\n      <div class=\"flex mobile:w-full tablet:w-3\/12 desktop:w-3\/12 justify-between\">\n        <tab-trigger tab=\"chapters\">\n          <icon type=\"chapter\"><\/icon>\n        <\/tab-trigger>\n        <tab-trigger tab=\"transcripts\">\n          <icon type=\"transcripts\"><\/icon>\n        <\/tab-trigger>\n        <tab-trigger tab=\"files\">\n          <icon type=\"download\"><\/icon>\n        <\/tab-trigger>\n        <tab-trigger tab=\"playlist\">\n          <icon type=\"playlist\"><\/icon>\n        <\/tab-trigger>\n        <tab-trigger tab=\"share\">\n          <icon type=\"share\"><\/icon>\n        <\/tab-trigger>\n      <\/div>\n      <subscribe-button class=\"mt-1 mobile:hidden tablet:flex\"><\/subscribe-button>\n    <\/div>\n  <\/div>\n  <div class=\"w-full relative overflow-hidden\">\n    <tab name=\"chapters\">\n      <tab-chapters><\/tab-chapters>\n    <\/tab>\n    <tab name=\"transcripts\">\n      <tab-transcripts><\/tab-transcripts>\n    <\/tab>\n    <tab name=\"files\">\n      <tab-files><\/tab-files>\n    <\/tab>\n    <tab name=\"playlist\">\n      <tab-playlist><\/tab-playlist>\n    <\/tab>\n    <tab name=\"share\">\n      <tab-share><\/tab-share>\n    <\/tab>\n    <tab-overflow><\/tab-overflow>\n  <\/div>\n  <error><\/error>\n<\/root>\n<\/div>\n            <script>\n              document.addEventListener(\"DOMContentLoaded\", function() {\n                var player = document.getElementById(\"player-69f35d5d01f9b\");\n                podlovePlayerCache.add([{\"url\":\"https:\\\/\\\/kulturonline.tv\\\/de\\\/wp-json\\\/podlove-web-player\\\/shortcode\\\/publisher\\\/23936\",\"data\":{\"version\":5,\"show\":{\"title\":\"\",\"subtitle\":\"\",\"summary\":\"\",\"poster\":\"\",\"link\":\"https:\\\/\\\/kulturonline.tv\\\/podcast\"},\"title\":\"Der gl\\u00e4serne Mensch, wie resilient kann Demokratie sein\",\"subtitle\":\"\",\"summary\":\"\",\"publicationDate\":\"2022-03-02T11:14:05+01:00\",\"duration\":\"00:31:13.272\",\"poster\":\"https:\\\/\\\/kulturonline.tv\\\/de\\\/podlove\\\/image\\\/68747470733a2f2f6b756c7475726f6e6c696e652e74762f77702d636f6e74656e742f75706c6f6164732f323032322f30332f4465722d676c61657365726e652d4d656e7363682d7769652d726573696c69656e742d6b616e6e2d44656d6f6b72617469652d7365696e2e706e67\\\/500\\\/0\\\/0\\\/der-glaeserne-mensch-wie-resilient-kann-demokratie-sein\\\/\",\"link\":\"https:\\\/\\\/kulturonline.tv\\\/de\\\/podcast\\\/der-talk-friday-episode-1-der-glaeserne-mensch\\\/\",\"chapters\":[],\"audio\":[{\"url\":\"https:\\\/\\\/kulturonline.tv\\\/de\\\/podlove\\\/file\\\/46\\\/s\\\/webplayer\\\/c\\\/website\\\/der-talk-friday-1.mp3\",\"size\":\"56488488\",\"title\":\"MP3 Audio (mp3)\",\"mimeType\":\"audio\\\/mpeg\"}],\"files\":[{\"url\":\"https:\\\/\\\/kulturonline.tv\\\/de\\\/podlove\\\/file\\\/46\\\/s\\\/webplayer\\\/der-talk-friday-1.mp3\",\"size\":\"56488488\",\"title\":\"MP3 Audio\",\"mimeType\":\"audio\\\/mpeg\"}]}}, {\"url\":\"https:\\\/\\\/kulturonline.tv\\\/de\\\/wp-json\\\/podlove-web-player\\\/shortcode\\\/config\\\/default\\\/theme\\\/default\",\"data\":{\"activeTab\":\"chapters\",\"subscribe-button\":null,\"share\":{\"channels\":[\"facebook\",\"twitter\",\"whats-app\",\"linkedin\",\"pinterest\",\"xing\",\"mail\",\"link\"],\"outlet\":\"https:\\\/\\\/kulturonline.tv\\\/wp-content\\\/plugins\\\/podlove-web-player\\\/web-player\\\/share.html\",\"sharePlaytime\":true},\"related-episodes\":{\"source\":\"disabled\",\"value\":null},\"version\":5,\"theme\":{\"tokens\":{\"brand\":\"#E68115\",\"brandDark\":\"#1A3A4A\",\"brandDarkest\":\"#1A3A4A\",\"brandLightest\":\"#D3D1CF\",\"shadeDark\":\"#807E7C\",\"shadeBase\":\"#807E7C\",\"contrast\":\"#000\",\"alt\":\"#fff\"},\"fonts\":{\"ci\":{\"name\":\"ci\",\"family\":[\"-apple-system\",\"BlinkMacSystemFont\",\"Segoe UI\",\"Roboto\",\"Helvetica\",\"Arial\",\"sans-serif\",\"Apple Color Emoji\",\"Segoe UI Emoji\\\", \\\"Segoe UI Symbol\"],\"src\":[],\"weight\":\"2000\"},\"regular\":{\"name\":\"regular\",\"family\":[\"-apple-system\",\"BlinkMacSystemFont\",\"Segoe UI\",\"Roboto\",\"Helvetica\",\"Arial\",\"sans-serif\",\"Apple Color Emoji\",\"Segoe UI Emoji\\\", \\\"Segoe UI Symbol\"],\"src\":[],\"weight\":300},\"bold\":{\"name\":\"bold\",\"family\":[\"-apple-system\",\"BlinkMacSystemFont\",\"Segoe UI\",\"Roboto\",\"Helvetica\",\"Arial\",\"sans-serif\",\"Apple Color Emoji\",\"Segoe UI Emoji\\\", \\\"Segoe UI Symbol\"],\"src\":[],\"weight\":700}}},\"base\":\"https:\\\/\\\/kulturonline.tv\\\/wp-content\\\/plugins\\\/podlove-web-player\\\/web-player\\\/\"}}]);\n                podlovePlayer(player, \"https:\/\/kulturonline.tv\/de\/wp-json\/podlove-web-player\/shortcode\/publisher\/23936\", \"https:\/\/kulturonline.tv\/de\/wp-json\/podlove-web-player\/shortcode\/config\/default\/theme\/default\").then(function() {\n                  player && player.classList.remove(\"podlove-web-player-loading\");\n                });\n              });\n            <\/script>\n            <style>\n              .podlove-web-player.podlove-web-player-loading {\n                opacity: 0;\n              }\n            <\/style>\n        \n\n\n<style>.elementor-23888 .elementor-element.elementor-element-cf2ae80{--spacer-size:50px;}.elementor-widget-slides .elementor-slide-heading{font-family:var( --e-global-typography-primary-font-family ), Sans-serif;font-weight:var( --e-global-typography-primary-font-weight );letter-spacing:var( --e-global-typography-primary-letter-spacing );}.elementor-widget-slides .elementor-slide-description{font-family:var( --e-global-typography-secondary-font-family ), Sans-serif;font-weight:var( --e-global-typography-secondary-font-weight );}.elementor-widget-slides .elementor-slide-button{font-family:var( --e-global-typography-accent-font-family ), Sans-serif;font-weight:var( --e-global-typography-accent-font-weight );}.elementor-23888 .elementor-element.elementor-element-08ff1ce .elementor-repeater-item-8825482 .swiper-slide-bg{background-color:#bbbbbb;background-image:url(https:\/\/kulturonline.tv\/wp-content\/uploads\/2022\/10\/Kultur-Online-TV-1.png);background-size:cover;}.elementor-23888 .elementor-element.elementor-element-08ff1ce .swiper-slide{transition-duration:calc(5000ms*1.2);height:434px;}.elementor-23888 .elementor-element.elementor-element-08ff1ce .swiper-slide-contents{max-width:66%;}.elementor-23888 .elementor-element.elementor-element-08ff1ce .swiper-slide-inner{text-align:center;}.elementor-widget-text-editor{font-family:var( --e-global-typography-text-font-family ), Sans-serif;font-weight:var( --e-global-typography-text-font-weight );color:var( --e-global-color-text );}.elementor-widget-text-editor.elementor-drop-cap-view-stacked .elementor-drop-cap{background-color:var( --e-global-color-primary );}.elementor-widget-text-editor.elementor-drop-cap-view-framed .elementor-drop-cap, .elementor-widget-text-editor.elementor-drop-cap-view-default .elementor-drop-cap{color:var( --e-global-color-primary );border-color:var( --e-global-color-primary );}.elementor-23888 .elementor-element.elementor-element-027c119{font-family:\"Roboto\", Sans-serif;font-size:13px;font-weight:400;color:#000000;}.elementor-widget-posts .elementor-button{background-color:var( --e-global-color-accent );font-family:var( --e-global-typography-accent-font-family ), Sans-serif;font-weight:var( --e-global-typography-accent-font-weight );}.elementor-widget-posts .elementor-post__title, .elementor-widget-posts .elementor-post__title a{color:var( --e-global-color-secondary );font-family:var( --e-global-typography-primary-font-family ), Sans-serif;font-weight:var( --e-global-typography-primary-font-weight );letter-spacing:var( --e-global-typography-primary-letter-spacing );}.elementor-widget-posts .elementor-post__meta-data{font-family:var( --e-global-typography-secondary-font-family ), Sans-serif;font-weight:var( --e-global-typography-secondary-font-weight );}.elementor-widget-posts .elementor-post__excerpt p{font-family:var( --e-global-typography-text-font-family ), Sans-serif;font-weight:var( --e-global-typography-text-font-weight );}.elementor-widget-posts .elementor-post__read-more{color:var( --e-global-color-accent );}.elementor-widget-posts a.elementor-post__read-more{font-family:var( --e-global-typography-accent-font-family ), Sans-serif;font-weight:var( --e-global-typography-accent-font-weight );}.elementor-widget-posts .elementor-post__card .elementor-post__badge{background-color:var( --e-global-color-accent );font-family:var( --e-global-typography-accent-font-family ), Sans-serif;font-weight:var( --e-global-typography-accent-font-weight );}.elementor-widget-posts .elementor-pagination{font-family:var( --e-global-typography-secondary-font-family ), Sans-serif;font-weight:var( --e-global-typography-secondary-font-weight );}.elementor-widget-posts .e-load-more-message{font-family:var( --e-global-typography-secondary-font-family ), Sans-serif;font-weight:var( --e-global-typography-secondary-font-weight );}.elementor-23888 .elementor-element.elementor-element-0eea8cc{--grid-row-gap:35px;--grid-column-gap:30px;}.elementor-23888 .elementor-element.elementor-element-0eea8cc .elementor-post__thumbnail__link{width:100%;}.elementor-23888 .elementor-element.elementor-element-0eea8cc.elementor-posts--thumbnail-left .elementor-post__thumbnail__link{margin-right:20px;}.elementor-23888 .elementor-element.elementor-element-0eea8cc.elementor-posts--thumbnail-right .elementor-post__thumbnail__link{margin-left:20px;}.elementor-23888 .elementor-element.elementor-element-0eea8cc.elementor-posts--thumbnail-top .elementor-post__thumbnail__link{margin-bottom:20px;}.elementor-23888 .elementor-element.elementor-element-0eea8cc .elementor-post__title, .elementor-23888 .elementor-element.elementor-element-0eea8cc .elementor-post__title a{font-family:\"Open Sans\", Sans-serif;font-size:1.3rem;font-weight:600;letter-spacing:-0.4px;}.elementor-23888 .elementor-element.elementor-element-5fdb2cb{--spacer-size:50px;}.elementor-widget-heading .elementor-heading-title{font-family:var( --e-global-typography-primary-font-family ), Sans-serif;font-weight:var( --e-global-typography-primary-font-weight );letter-spacing:var( --e-global-typography-primary-letter-spacing );color:var( --e-global-color-primary );}.elementor-23888 .elementor-element.elementor-element-dfc027a .elementor-heading-title{color:#161515;}.elementor-widget-image .widget-image-caption{color:var( --e-global-color-text );font-family:var( --e-global-typography-text-font-family ), Sans-serif;font-weight:var( --e-global-typography-text-font-weight );}.elementor-23888 .elementor-element.elementor-element-59a681f{text-align:left;}.elementor-23888 .elementor-element.elementor-element-8ac6ed7{text-align:left;}.elementor-23888 .elementor-element.elementor-element-5fe841b{text-align:left;}.elementor-23888 .elementor-element.elementor-element-1af59bc{text-align:left;}.elementor-23888 .elementor-element.elementor-element-d8839e2{text-align:left;}.elementor-23888 .elementor-element.elementor-element-2a3697f{text-align:left;}.elementor-23888 .elementor-element.elementor-element-4ae1a91{text-align:left;}@media(max-width:1024px){.elementor-widget-slides .elementor-slide-heading{letter-spacing:var( --e-global-typography-primary-letter-spacing );}.elementor-widget-posts .elementor-post__title, .elementor-widget-posts .elementor-post__title a{letter-spacing:var( --e-global-typography-primary-letter-spacing );}.elementor-widget-heading .elementor-heading-title{letter-spacing:var( --e-global-typography-primary-letter-spacing );}}@media(max-width:795px){.elementor-widget-slides .elementor-slide-heading{letter-spacing:var( --e-global-typography-primary-letter-spacing );}.elementor-widget-posts .elementor-post__title, .elementor-widget-posts .elementor-post__title a{letter-spacing:var( --e-global-typography-primary-letter-spacing );}.elementor-23888 .elementor-element.elementor-element-0eea8cc .elementor-posts-container .elementor-post__thumbnail{padding-bottom:calc( 0.5 * 100% );}.elementor-23888 .elementor-element.elementor-element-0eea8cc:after{content:\"0.5\";}.elementor-23888 .elementor-element.elementor-element-0eea8cc .elementor-post__thumbnail__link{width:100%;}.elementor-widget-heading .elementor-heading-title{letter-spacing:var( --e-global-typography-primary-letter-spacing );}}<\/style>\t\t<div data-elementor-type=\"wp-page\" data-elementor-id=\"23888\" class=\"elementor elementor-23888\" data-elementor-post-type=\"page\">\n\t\t\t\t\t\t<section class=\"elementor-section elementor-top-section elementor-element elementor-element-66a9712 elementor-section-boxed elementor-section-height-default elementor-section-height-default\" data-id=\"66a9712\" data-element_type=\"section\">\n\t\t\t\t\t\t<div class=\"elementor-container elementor-column-gap-default\">\n\t\t\t\t\t<div class=\"elementor-column elementor-col-100 elementor-top-column elementor-element elementor-element-1c90f8e\" data-id=\"1c90f8e\" data-element_type=\"column\">\n\t\t\t<div class=\"elementor-widget-wrap elementor-element-populated\">\n\t\t\t\t\t\t<div class=\"elementor-element elementor-element-cf2ae80 elementor-widget elementor-widget-spacer\" data-id=\"cf2ae80\" data-element_type=\"widget\" data-widget_type=\"spacer.default\">\n\t\t\t\t<div class=\"elementor-widget-container\">\n\t\t\t\t\t\t\t<div class=\"elementor-spacer\">\n\t\t\t<div class=\"elementor-spacer-inner\"><\/div>\n\t\t<\/div>\n\t\t\t\t\t\t<\/div>\n\t\t\t\t<\/div>\n\t\t\t\t<div class=\"elementor-element elementor-element-08ff1ce elementor--h-position-center elementor--v-position-middle elementor-arrows-position-inside elementor-pagination-position-inside elementor-widget elementor-widget-slides\" data-id=\"08ff1ce\" data-element_type=\"widget\" data-settings=\"{&quot;navigation&quot;:&quot;both&quot;,&quot;autoplay&quot;:&quot;yes&quot;,&quot;pause_on_hover&quot;:&quot;yes&quot;,&quot;pause_on_interaction&quot;:&quot;yes&quot;,&quot;autoplay_speed&quot;:5000,&quot;infinite&quot;:&quot;yes&quot;,&quot;transition&quot;:&quot;slide&quot;,&quot;transition_speed&quot;:500}\" data-widget_type=\"slides.default\">\n\t\t\t\t<div class=\"elementor-widget-container\">\n\t\t\t\t\t\t\t\t\t<div class=\"elementor-swiper\">\n\t\t\t\t\t<div class=\"elementor-slides-wrapper elementor-main-swiper swiper\" role=\"region\" aria-roledescription=\"carousel\" aria-label=\"Slider\" dir=\"ltr\" data-animation=\"fadeInUp\">\n\t\t\t\t<div class=\"swiper-wrapper elementor-slides\">\n\t\t\t\t\t\t\t\t\t\t<div class=\"elementor-repeater-item-8825482 swiper-slide\" role=\"group\" aria-roledescription=\"slide\"><div class=\"swiper-slide-bg\" role=\"img\" aria-label=\"Kultur Online TV\"><\/div><div class=\"swiper-slide-inner\" ><div class=\"swiper-slide-contents\"><\/div><\/div><\/div>\t\t\t\t<\/div>\n\t\t\t\t\t\t\t<\/div>\n\t\t\t\t<\/div>\n\t\t\t\t\t\t\t\t<\/div>\n\t\t\t\t<\/div>\n\t\t\t\t<div class=\"elementor-element elementor-element-027c119 elementor-widget elementor-widget-text-editor\" data-id=\"027c119\" data-element_type=\"widget\" data-widget_type=\"text-editor.default\">\n\t\t\t\t<div class=\"elementor-widget-container\">\n\t\t\t\t\t\t\t\t\t<h4><img decoding=\"async\" src=\"https:\/\/kulturonline.tv\/wp-content\/uploads\/2021\/10\/Podcast-Logo-Kultur-Online-TV.png\" alt=\"\" width=\"198\" height=\"54\">Unsere Beitr\u00e4ge zum Nachh\u00f6ren als Podcast.<\/h4>\n<h4><span style=\"color: var( --e-global-color-text );\">\u00a9 <span style=\"font-weight: normal;\">Kultur Online FM<\/span><\/span><\/h4>\n<h4><span style=\"color: var( --e-global-color-text );\"><span style=\"font-weight: normal;\">In der Talk Friday fassen wir die Woche von den verschiedensten Ereignissen zusammen und laden abwechselnden G\u00e4ste zu uns in das Studio ein.<\/span><\/span><\/h4>\t\t\t\t\t\t\t\t<\/div>\n\t\t\t\t<\/div>\n\t\t\t\t\t<\/div>\n\t\t<\/div>\n\t\t\t\t\t<\/div>\n\t\t<\/section>\n\t\t\t\t<section class=\"elementor-section elementor-top-section elementor-element elementor-element-22b56ad2 elementor-section-boxed elementor-section-height-default elementor-section-height-default\" data-id=\"22b56ad2\" data-element_type=\"section\">\n\t\t\t\t\t\t<div class=\"elementor-container elementor-column-gap-default\">\n\t\t\t\t\t<div class=\"elementor-column elementor-col-100 elementor-top-column elementor-element elementor-element-5deb26fe\" data-id=\"5deb26fe\" data-element_type=\"column\">\n\t\t\t<div class=\"elementor-widget-wrap elementor-element-populated\">\n\t\t\t\t\t\t<div class=\"elementor-element elementor-element-0eea8cc elementor-grid-5 elementor-grid-tablet-2 elementor-grid-mobile-1 elementor-posts--thumbnail-top elementor-widget elementor-widget-posts\" data-id=\"0eea8cc\" data-element_type=\"widget\" data-settings=\"{&quot;classic_columns&quot;:&quot;5&quot;,&quot;pagination_type&quot;:&quot;load_more_infinite_scroll&quot;,&quot;classic_columns_tablet&quot;:&quot;2&quot;,&quot;classic_columns_mobile&quot;:&quot;1&quot;,&quot;classic_row_gap&quot;:{&quot;unit&quot;:&quot;px&quot;,&quot;size&quot;:35,&quot;sizes&quot;:[]},&quot;classic_row_gap_tablet&quot;:{&quot;unit&quot;:&quot;px&quot;,&quot;size&quot;:&quot;&quot;,&quot;sizes&quot;:[]},&quot;classic_row_gap_mobile&quot;:{&quot;unit&quot;:&quot;px&quot;,&quot;size&quot;:&quot;&quot;,&quot;sizes&quot;:[]},&quot;load_more_spinner&quot;:{&quot;value&quot;:&quot;fas fa-spinner&quot;,&quot;library&quot;:&quot;fa-solid&quot;}}\" data-widget_type=\"posts.classic\">\n\t\t\t\t<div class=\"elementor-widget-container\">\n\t\t\t\t\t\t\t<div class=\"elementor-posts-container elementor-posts elementor-posts--skin-classic elementor-grid\" role=\"list\">\n\t\t\t\t<article class=\"elementor-post elementor-grid-item post-26595 podcast type-podcast status-publish has-post-thumbnail hentry category-der-talk-friday post\" role=\"listitem\">\n\t\t\t\t<a class=\"elementor-post__thumbnail__link\" href=\"https:\/\/kulturonline.tv\/de\/podcast\/der-talk-friday-episode-8-was-ist-kultur\/\" tabindex=\"-1\" >\n\t\t\t<div class=\"elementor-post__thumbnail\"><img fetchpriority=\"high\" decoding=\"async\" width=\"1080\" height=\"1080\" src=\"https:\/\/kulturonline.tv\/wp-content\/uploads\/2022\/05\/Der-Talk-Friday-3.png\" class=\"attachment-full size-full wp-image-49100\" alt=\"\" srcset=\"https:\/\/kulturonline.tv\/wp-content\/uploads\/2022\/05\/Der-Talk-Friday-3.png 1080w, https:\/\/kulturonline.tv\/wp-content\/uploads\/2022\/05\/Der-Talk-Friday-3-800x800.png 800w, https:\/\/kulturonline.tv\/wp-content\/uploads\/2022\/05\/Der-Talk-Friday-3-500x500.png 500w, https:\/\/kulturonline.tv\/wp-content\/uploads\/2022\/05\/Der-Talk-Friday-3-768x768.png 768w, https:\/\/kulturonline.tv\/wp-content\/uploads\/2022\/05\/Der-Talk-Friday-3-300x300.png 300w, https:\/\/kulturonline.tv\/wp-content\/uploads\/2022\/05\/Der-Talk-Friday-3-600x600.png 600w, https:\/\/kulturonline.tv\/wp-content\/uploads\/2022\/05\/Der-Talk-Friday-3-100x100.png 100w\" sizes=\"(max-width: 1080px) 100vw, 1080px\" \/><\/div>\n\t\t<\/a>\n\t\t\t\t<div class=\"elementor-post__text\">\n\t\t\t\t<h2 class=\"elementor-post__title\">\n\t\t\t<a href=\"https:\/\/kulturonline.tv\/de\/podcast\/der-talk-friday-episode-8-was-ist-kultur\/\" >\n\t\t\t\tWas ist Kultur? Es gibt eine Vielzahl von Definitionen, was \u201eKultur\u201c ist\t\t\t<\/a>\n\t\t<\/h2>\n\t\t\n\t\t<a class=\"elementor-post__read-more\" href=\"https:\/\/kulturonline.tv\/de\/podcast\/der-talk-friday-episode-8-was-ist-kultur\/\" aria-label=\"Mehr \u00fcber Was ist Kultur? Es gibt eine Vielzahl von Definitionen, was \u201eKultur\u201c ist\" tabindex=\"-1\" >\n\t\t\t\t\t<\/a>\n\n\t\t\t\t<\/div>\n\t\t\t\t<\/article>\n\t\t\t\t<article class=\"elementor-post elementor-grid-item post-26201 podcast type-podcast status-publish has-post-thumbnail hentry category-der-talk-friday post\" role=\"listitem\">\n\t\t\t\t<a class=\"elementor-post__thumbnail__link\" href=\"https:\/\/kulturonline.tv\/de\/podcast\/der-talk-friday-episode-7-schauspieler-karim-rahoma\/\" tabindex=\"-1\" >\n\t\t\t<div class=\"elementor-post__thumbnail\"><img decoding=\"async\" width=\"1080\" height=\"1080\" src=\"https:\/\/kulturonline.tv\/wp-content\/uploads\/2022\/05\/Der-Talk-Friday-2-1.png\" class=\"attachment-full size-full wp-image-49102\" alt=\"\" srcset=\"https:\/\/kulturonline.tv\/wp-content\/uploads\/2022\/05\/Der-Talk-Friday-2-1.png 1080w, https:\/\/kulturonline.tv\/wp-content\/uploads\/2022\/05\/Der-Talk-Friday-2-1-800x800.png 800w, https:\/\/kulturonline.tv\/wp-content\/uploads\/2022\/05\/Der-Talk-Friday-2-1-500x500.png 500w, https:\/\/kulturonline.tv\/wp-content\/uploads\/2022\/05\/Der-Talk-Friday-2-1-768x768.png 768w, https:\/\/kulturonline.tv\/wp-content\/uploads\/2022\/05\/Der-Talk-Friday-2-1-300x300.png 300w, https:\/\/kulturonline.tv\/wp-content\/uploads\/2022\/05\/Der-Talk-Friday-2-1-600x600.png 600w, https:\/\/kulturonline.tv\/wp-content\/uploads\/2022\/05\/Der-Talk-Friday-2-1-100x100.png 100w\" sizes=\"(max-width: 1080px) 100vw, 1080px\" \/><\/div>\n\t\t<\/a>\n\t\t\t\t<div class=\"elementor-post__text\">\n\t\t\t\t<h2 class=\"elementor-post__title\">\n\t\t\t<a href=\"https:\/\/kulturonline.tv\/de\/podcast\/der-talk-friday-episode-7-schauspieler-karim-rahoma\/\" >\n\t\t\t\tSchauspieler Karim Rahoma, meine Augen sind meine Kamera\t\t\t<\/a>\n\t\t<\/h2>\n\t\t\n\t\t<a class=\"elementor-post__read-more\" href=\"https:\/\/kulturonline.tv\/de\/podcast\/der-talk-friday-episode-7-schauspieler-karim-rahoma\/\" aria-label=\"Mehr \u00fcber Schauspieler Karim Rahoma, meine Augen sind meine Kamera\" tabindex=\"-1\" >\n\t\t\t\t\t<\/a>\n\n\t\t\t\t<\/div>\n\t\t\t\t<\/article>\n\t\t\t\t<article class=\"elementor-post elementor-grid-item post-26600 podcast type-podcast status-publish has-post-thumbnail hentry category-der-talk-friday post\" role=\"listitem\">\n\t\t\t\t<a class=\"elementor-post__thumbnail__link\" href=\"https:\/\/kulturonline.tv\/de\/podcast\/der-talk-friday-episode-6-saengerin-sarah-trepte\/\" tabindex=\"-1\" >\n\t\t\t<div class=\"elementor-post__thumbnail\"><img loading=\"lazy\" decoding=\"async\" width=\"1080\" height=\"1080\" src=\"https:\/\/kulturonline.tv\/wp-content\/uploads\/2022\/05\/Saengerin-Sarah-Trepte-erzaehlt-von-Ihrem-Weg-als-Musikerin.png\" class=\"attachment-full size-full wp-image-49104\" alt=\"\" srcset=\"https:\/\/kulturonline.tv\/wp-content\/uploads\/2022\/05\/Saengerin-Sarah-Trepte-erzaehlt-von-Ihrem-Weg-als-Musikerin.png 1080w, https:\/\/kulturonline.tv\/wp-content\/uploads\/2022\/05\/Saengerin-Sarah-Trepte-erzaehlt-von-Ihrem-Weg-als-Musikerin-800x800.png 800w, https:\/\/kulturonline.tv\/wp-content\/uploads\/2022\/05\/Saengerin-Sarah-Trepte-erzaehlt-von-Ihrem-Weg-als-Musikerin-500x500.png 500w, https:\/\/kulturonline.tv\/wp-content\/uploads\/2022\/05\/Saengerin-Sarah-Trepte-erzaehlt-von-Ihrem-Weg-als-Musikerin-768x768.png 768w, https:\/\/kulturonline.tv\/wp-content\/uploads\/2022\/05\/Saengerin-Sarah-Trepte-erzaehlt-von-Ihrem-Weg-als-Musikerin-300x300.png 300w, https:\/\/kulturonline.tv\/wp-content\/uploads\/2022\/05\/Saengerin-Sarah-Trepte-erzaehlt-von-Ihrem-Weg-als-Musikerin-600x600.png 600w, https:\/\/kulturonline.tv\/wp-content\/uploads\/2022\/05\/Saengerin-Sarah-Trepte-erzaehlt-von-Ihrem-Weg-als-Musikerin-100x100.png 100w\" sizes=\"(max-width: 1080px) 100vw, 1080px\" \/><\/div>\n\t\t<\/a>\n\t\t\t\t<div class=\"elementor-post__text\">\n\t\t\t\t<h2 class=\"elementor-post__title\">\n\t\t\t<a href=\"https:\/\/kulturonline.tv\/de\/podcast\/der-talk-friday-episode-6-saengerin-sarah-trepte\/\" >\n\t\t\t\tS\u00e4ngerin Sarah Trepte, erz\u00e4hlt von Ihrem Weg als Musikerin\t\t\t<\/a>\n\t\t<\/h2>\n\t\t\n\t\t<a class=\"elementor-post__read-more\" href=\"https:\/\/kulturonline.tv\/de\/podcast\/der-talk-friday-episode-6-saengerin-sarah-trepte\/\" aria-label=\"Mehr \u00fcber S\u00e4ngerin Sarah Trepte, erz\u00e4hlt von Ihrem Weg als Musikerin\" tabindex=\"-1\" >\n\t\t\t\t\t<\/a>\n\n\t\t\t\t<\/div>\n\t\t\t\t<\/article>\n\t\t\t\t<article class=\"elementor-post elementor-grid-item post-25440 podcast type-podcast status-publish has-post-thumbnail hentry category-der-talk-friday post\" role=\"listitem\">\n\t\t\t\t<a class=\"elementor-post__thumbnail__link\" href=\"https:\/\/kulturonline.tv\/de\/podcast\/der-talk-friday-episode-5-die-ideen-stifterei\/\" tabindex=\"-1\" >\n\t\t\t<div class=\"elementor-post__thumbnail\"><img loading=\"lazy\" decoding=\"async\" width=\"1080\" height=\"1080\" src=\"https:\/\/kulturonline.tv\/wp-content\/uploads\/2022\/04\/Die-Ideen-Stifterei-der-kleine-feine-Verlag.png\" class=\"attachment-full size-full wp-image-49107\" alt=\"\" srcset=\"https:\/\/kulturonline.tv\/wp-content\/uploads\/2022\/04\/Die-Ideen-Stifterei-der-kleine-feine-Verlag.png 1080w, https:\/\/kulturonline.tv\/wp-content\/uploads\/2022\/04\/Die-Ideen-Stifterei-der-kleine-feine-Verlag-800x800.png 800w, https:\/\/kulturonline.tv\/wp-content\/uploads\/2022\/04\/Die-Ideen-Stifterei-der-kleine-feine-Verlag-500x500.png 500w, https:\/\/kulturonline.tv\/wp-content\/uploads\/2022\/04\/Die-Ideen-Stifterei-der-kleine-feine-Verlag-768x768.png 768w, https:\/\/kulturonline.tv\/wp-content\/uploads\/2022\/04\/Die-Ideen-Stifterei-der-kleine-feine-Verlag-300x300.png 300w, https:\/\/kulturonline.tv\/wp-content\/uploads\/2022\/04\/Die-Ideen-Stifterei-der-kleine-feine-Verlag-600x600.png 600w, https:\/\/kulturonline.tv\/wp-content\/uploads\/2022\/04\/Die-Ideen-Stifterei-der-kleine-feine-Verlag-100x100.png 100w\" sizes=\"(max-width: 1080px) 100vw, 1080px\" \/><\/div>\n\t\t<\/a>\n\t\t\t\t<div class=\"elementor-post__text\">\n\t\t\t\t<h2 class=\"elementor-post__title\">\n\t\t\t<a href=\"https:\/\/kulturonline.tv\/de\/podcast\/der-talk-friday-episode-5-die-ideen-stifterei\/\" >\n\t\t\t\tCorinna Stremme: Die Ideen-Stifterei der kleine feine Verlag\t\t\t<\/a>\n\t\t<\/h2>\n\t\t\n\t\t<a class=\"elementor-post__read-more\" href=\"https:\/\/kulturonline.tv\/de\/podcast\/der-talk-friday-episode-5-die-ideen-stifterei\/\" aria-label=\"Mehr \u00fcber Corinna Stremme: Die Ideen-Stifterei der kleine feine Verlag\" tabindex=\"-1\" >\n\t\t\t\t\t<\/a>\n\n\t\t\t\t<\/div>\n\t\t\t\t<\/article>\n\t\t\t\t<article class=\"elementor-post elementor-grid-item post-24721 podcast type-podcast status-publish has-post-thumbnail hentry category-der-talk-friday post\" role=\"listitem\">\n\t\t\t\t<a class=\"elementor-post__thumbnail__link\" href=\"https:\/\/kulturonline.tv\/de\/podcast\/der-talk-friday-episode-4-meine-identitaet\/\" tabindex=\"-1\" >\n\t\t\t<div class=\"elementor-post__thumbnail\"><img loading=\"lazy\" decoding=\"async\" width=\"1080\" height=\"1080\" src=\"https:\/\/kulturonline.tv\/wp-content\/uploads\/2022\/03\/YouthNet-interkulturelles-Netzwerk-fuer-Muenchen.png\" class=\"attachment-full size-full wp-image-49114\" alt=\"\" srcset=\"https:\/\/kulturonline.tv\/wp-content\/uploads\/2022\/03\/YouthNet-interkulturelles-Netzwerk-fuer-Muenchen.png 1080w, https:\/\/kulturonline.tv\/wp-content\/uploads\/2022\/03\/YouthNet-interkulturelles-Netzwerk-fuer-Muenchen-800x800.png 800w, https:\/\/kulturonline.tv\/wp-content\/uploads\/2022\/03\/YouthNet-interkulturelles-Netzwerk-fuer-Muenchen-500x500.png 500w, https:\/\/kulturonline.tv\/wp-content\/uploads\/2022\/03\/YouthNet-interkulturelles-Netzwerk-fuer-Muenchen-768x768.png 768w, https:\/\/kulturonline.tv\/wp-content\/uploads\/2022\/03\/YouthNet-interkulturelles-Netzwerk-fuer-Muenchen-300x300.png 300w, https:\/\/kulturonline.tv\/wp-content\/uploads\/2022\/03\/YouthNet-interkulturelles-Netzwerk-fuer-Muenchen-600x600.png 600w, https:\/\/kulturonline.tv\/wp-content\/uploads\/2022\/03\/YouthNet-interkulturelles-Netzwerk-fuer-Muenchen-100x100.png 100w\" sizes=\"(max-width: 1080px) 100vw, 1080px\" \/><\/div>\n\t\t<\/a>\n\t\t\t\t<div class=\"elementor-post__text\">\n\t\t\t\t<h2 class=\"elementor-post__title\">\n\t\t\t<a href=\"https:\/\/kulturonline.tv\/de\/podcast\/der-talk-friday-episode-4-meine-identitaet\/\" >\n\t\t\t\tYouthNet das interkulturelle Netzwerk f\u00fcr M\u00fcnchen\t\t\t<\/a>\n\t\t<\/h2>\n\t\t\n\t\t<a class=\"elementor-post__read-more\" href=\"https:\/\/kulturonline.tv\/de\/podcast\/der-talk-friday-episode-4-meine-identitaet\/\" aria-label=\"Mehr \u00fcber YouthNet das interkulturelle Netzwerk f\u00fcr M\u00fcnchen\" tabindex=\"-1\" >\n\t\t\t\t\t<\/a>\n\n\t\t\t\t<\/div>\n\t\t\t\t<\/article>\n\t\t\t\t<article class=\"elementor-post elementor-grid-item post-24513 podcast type-podcast status-publish has-post-thumbnail hentry category-der-talk-friday post\" role=\"listitem\">\n\t\t\t\t<a class=\"elementor-post__thumbnail__link\" href=\"https:\/\/kulturonline.tv\/de\/podcast\/der-talk-friday-episode-3-spiritualitaet-und-kultur\/\" tabindex=\"-1\" >\n\t\t\t<div class=\"elementor-post__thumbnail\"><img loading=\"lazy\" decoding=\"async\" width=\"1080\" height=\"1080\" src=\"https:\/\/kulturonline.tv\/wp-content\/uploads\/2022\/03\/Schauspielerin-Lydia-Fischer-Auf-der-Suche-nach-dem-Sinn-des-Lebens.png\" class=\"attachment-full size-full wp-image-49117\" alt=\"\" srcset=\"https:\/\/kulturonline.tv\/wp-content\/uploads\/2022\/03\/Schauspielerin-Lydia-Fischer-Auf-der-Suche-nach-dem-Sinn-des-Lebens.png 1080w, https:\/\/kulturonline.tv\/wp-content\/uploads\/2022\/03\/Schauspielerin-Lydia-Fischer-Auf-der-Suche-nach-dem-Sinn-des-Lebens-800x800.png 800w, https:\/\/kulturonline.tv\/wp-content\/uploads\/2022\/03\/Schauspielerin-Lydia-Fischer-Auf-der-Suche-nach-dem-Sinn-des-Lebens-500x500.png 500w, https:\/\/kulturonline.tv\/wp-content\/uploads\/2022\/03\/Schauspielerin-Lydia-Fischer-Auf-der-Suche-nach-dem-Sinn-des-Lebens-768x768.png 768w, https:\/\/kulturonline.tv\/wp-content\/uploads\/2022\/03\/Schauspielerin-Lydia-Fischer-Auf-der-Suche-nach-dem-Sinn-des-Lebens-300x300.png 300w, https:\/\/kulturonline.tv\/wp-content\/uploads\/2022\/03\/Schauspielerin-Lydia-Fischer-Auf-der-Suche-nach-dem-Sinn-des-Lebens-600x600.png 600w, https:\/\/kulturonline.tv\/wp-content\/uploads\/2022\/03\/Schauspielerin-Lydia-Fischer-Auf-der-Suche-nach-dem-Sinn-des-Lebens-100x100.png 100w\" sizes=\"(max-width: 1080px) 100vw, 1080px\" \/><\/div>\n\t\t<\/a>\n\t\t\t\t<div class=\"elementor-post__text\">\n\t\t\t\t<h2 class=\"elementor-post__title\">\n\t\t\t<a href=\"https:\/\/kulturonline.tv\/de\/podcast\/der-talk-friday-episode-3-spiritualitaet-und-kultur\/\" >\n\t\t\t\tSchauspielerin Lydia Fischer: Auf der Suche nach dem Sinn des Lebens\t\t\t<\/a>\n\t\t<\/h2>\n\t\t\n\t\t<a class=\"elementor-post__read-more\" href=\"https:\/\/kulturonline.tv\/de\/podcast\/der-talk-friday-episode-3-spiritualitaet-und-kultur\/\" aria-label=\"Mehr \u00fcber Schauspielerin Lydia Fischer: Auf der Suche nach dem Sinn des Lebens\" tabindex=\"-1\" >\n\t\t\t\t\t<\/a>\n\n\t\t\t\t<\/div>\n\t\t\t\t<\/article>\n\t\t\t\t<article class=\"elementor-post elementor-grid-item post-24113 podcast type-podcast status-publish has-post-thumbnail hentry category-der-talk-friday post\" role=\"listitem\">\n\t\t\t\t<a class=\"elementor-post__thumbnail__link\" href=\"https:\/\/kulturonline.tv\/de\/podcast\/der-talk-friday-episode-2-traumjob-medien\/\" tabindex=\"-1\" >\n\t\t\t<div class=\"elementor-post__thumbnail\"><img loading=\"lazy\" decoding=\"async\" width=\"1080\" height=\"1080\" src=\"https:\/\/kulturonline.tv\/wp-content\/uploads\/2022\/03\/Traumjob-Medien-Ist-es-das-wirklich.png\" class=\"attachment-full size-full wp-image-49121\" alt=\"\" srcset=\"https:\/\/kulturonline.tv\/wp-content\/uploads\/2022\/03\/Traumjob-Medien-Ist-es-das-wirklich.png 1080w, https:\/\/kulturonline.tv\/wp-content\/uploads\/2022\/03\/Traumjob-Medien-Ist-es-das-wirklich-800x800.png 800w, https:\/\/kulturonline.tv\/wp-content\/uploads\/2022\/03\/Traumjob-Medien-Ist-es-das-wirklich-500x500.png 500w, https:\/\/kulturonline.tv\/wp-content\/uploads\/2022\/03\/Traumjob-Medien-Ist-es-das-wirklich-768x768.png 768w, https:\/\/kulturonline.tv\/wp-content\/uploads\/2022\/03\/Traumjob-Medien-Ist-es-das-wirklich-300x300.png 300w, https:\/\/kulturonline.tv\/wp-content\/uploads\/2022\/03\/Traumjob-Medien-Ist-es-das-wirklich-600x600.png 600w, https:\/\/kulturonline.tv\/wp-content\/uploads\/2022\/03\/Traumjob-Medien-Ist-es-das-wirklich-100x100.png 100w\" sizes=\"(max-width: 1080px) 100vw, 1080px\" \/><\/div>\n\t\t<\/a>\n\t\t\t\t<div class=\"elementor-post__text\">\n\t\t\t\t<h2 class=\"elementor-post__title\">\n\t\t\t<a href=\"https:\/\/kulturonline.tv\/de\/podcast\/der-talk-friday-episode-2-traumjob-medien\/\" >\n\t\t\t\tTraumjob Medien? aber wie sieht der Arbeitsalltag wirklich aus\t\t\t<\/a>\n\t\t<\/h2>\n\t\t\n\t\t<a class=\"elementor-post__read-more\" href=\"https:\/\/kulturonline.tv\/de\/podcast\/der-talk-friday-episode-2-traumjob-medien\/\" aria-label=\"Mehr \u00fcber Traumjob Medien? aber wie sieht der Arbeitsalltag wirklich aus\" tabindex=\"-1\" >\n\t\t\t\t\t<\/a>\n\n\t\t\t\t<\/div>\n\t\t\t\t<\/article>\n\t\t\t\t<article class=\"elementor-post elementor-grid-item post-23936 podcast type-podcast status-publish has-post-thumbnail hentry category-der-talk-friday post\" role=\"listitem\">\n\t\t\t\t<a class=\"elementor-post__thumbnail__link\" href=\"https:\/\/kulturonline.tv\/de\/podcast\/der-talk-friday-episode-1-der-glaeserne-mensch\/\" tabindex=\"-1\" >\n\t\t\t<div class=\"elementor-post__thumbnail\"><img loading=\"lazy\" decoding=\"async\" width=\"1080\" height=\"1080\" src=\"https:\/\/kulturonline.tv\/wp-content\/uploads\/2022\/03\/Der-glaeserne-Mensch-wie-resilient-kann-Demokratie-sein.png\" class=\"attachment-full size-full wp-image-49128\" alt=\"\" srcset=\"https:\/\/kulturonline.tv\/wp-content\/uploads\/2022\/03\/Der-glaeserne-Mensch-wie-resilient-kann-Demokratie-sein.png 1080w, https:\/\/kulturonline.tv\/wp-content\/uploads\/2022\/03\/Der-glaeserne-Mensch-wie-resilient-kann-Demokratie-sein-800x800.png 800w, https:\/\/kulturonline.tv\/wp-content\/uploads\/2022\/03\/Der-glaeserne-Mensch-wie-resilient-kann-Demokratie-sein-500x500.png 500w, https:\/\/kulturonline.tv\/wp-content\/uploads\/2022\/03\/Der-glaeserne-Mensch-wie-resilient-kann-Demokratie-sein-768x768.png 768w, https:\/\/kulturonline.tv\/wp-content\/uploads\/2022\/03\/Der-glaeserne-Mensch-wie-resilient-kann-Demokratie-sein-300x300.png 300w, https:\/\/kulturonline.tv\/wp-content\/uploads\/2022\/03\/Der-glaeserne-Mensch-wie-resilient-kann-Demokratie-sein-600x600.png 600w, https:\/\/kulturonline.tv\/wp-content\/uploads\/2022\/03\/Der-glaeserne-Mensch-wie-resilient-kann-Demokratie-sein-100x100.png 100w\" sizes=\"(max-width: 1080px) 100vw, 1080px\" \/><\/div>\n\t\t<\/a>\n\t\t\t\t<div class=\"elementor-post__text\">\n\t\t\t\t<h2 class=\"elementor-post__title\">\n\t\t\t<a href=\"https:\/\/kulturonline.tv\/de\/podcast\/der-talk-friday-episode-1-der-glaeserne-mensch\/\" >\n\t\t\t\tDer gl\u00e4serne Mensch, wie resilient kann Demokratie sein\t\t\t<\/a>\n\t\t<\/h2>\n\t\t\n\t\t<a class=\"elementor-post__read-more\" href=\"https:\/\/kulturonline.tv\/de\/podcast\/der-talk-friday-episode-1-der-glaeserne-mensch\/\" aria-label=\"Mehr \u00fcber Der gl\u00e4serne Mensch, wie resilient kann Demokratie sein\" tabindex=\"-1\" >\n\t\t\t\t\t<\/a>\n\n\t\t\t\t<\/div>\n\t\t\t\t<\/article>\n\t\t\t\t<\/div>\n\t\t\t\t\t<span class=\"e-load-more-spinner\">\n\t\t\t\t<svg aria-hidden=\"true\" class=\"e-font-icon-svg e-fas-spinner\" viewBox=\"0 0 512 512\" xmlns=\"http:\/\/www.w3.org\/2000\/svg\"><path d=\"M304 48c0 26.51-21.49 48-48 48s-48-21.49-48-48 21.49-48 48-48 48 21.49 48 48zm-48 368c-26.51 0-48 21.49-48 48s21.49 48 48 48 48-21.49 48-48-21.49-48-48-48zm208-208c-26.51 0-48 21.49-48 48s21.49 48 48 48 48-21.49 48-48-21.49-48-48-48zM96 256c0-26.51-21.49-48-48-48S0 229.49 0 256s21.49 48 48 48 48-21.49 48-48zm12.922 99.078c-26.51 0-48 21.49-48 48s21.49 48 48 48 48-21.49 48-48c0-26.509-21.491-48-48-48zm294.156 0c-26.51 0-48 21.49-48 48s21.49 48 48 48 48-21.49 48-48c0-26.509-21.49-48-48-48zM108.922 60.922c-26.51 0-48 21.49-48 48s21.49 48 48 48 48-21.49 48-48-21.491-48-48-48z\"><\/path><\/svg>\t\t\t<\/span>\n\t\t\n\t\t\t\t\t\t<\/div>\n\t\t\t\t<\/div>\n\t\t\t\t<div class=\"elementor-element elementor-element-5fdb2cb elementor-widget elementor-widget-spacer\" data-id=\"5fdb2cb\" data-element_type=\"widget\" data-widget_type=\"spacer.default\">\n\t\t\t\t<div class=\"elementor-widget-container\">\n\t\t\t\t\t\t\t<div class=\"elementor-spacer\">\n\t\t\t<div class=\"elementor-spacer-inner\"><\/div>\n\t\t<\/div>\n\t\t\t\t\t\t<\/div>\n\t\t\t\t<\/div>\n\t\t\t\t\t<\/div>\n\t\t<\/div>\n\t\t\t\t\t<\/div>\n\t\t<\/section>\n\t\t\t\t<section class=\"elementor-section elementor-top-section elementor-element elementor-element-1d5ae42 elementor-section-boxed elementor-section-height-default elementor-section-height-default\" data-id=\"1d5ae42\" data-element_type=\"section\">\n\t\t\t\t\t\t<div class=\"elementor-container elementor-column-gap-default\">\n\t\t\t\t\t<div class=\"elementor-column elementor-col-100 elementor-top-column elementor-element elementor-element-fb2ff17\" data-id=\"fb2ff17\" data-element_type=\"column\">\n\t\t\t<div class=\"elementor-widget-wrap elementor-element-populated\">\n\t\t\t\t\t\t<div class=\"elementor-element elementor-element-dfc027a elementor-widget elementor-widget-heading\" data-id=\"dfc027a\" data-element_type=\"widget\" data-widget_type=\"heading.default\">\n\t\t\t\t<div class=\"elementor-widget-container\">\n\t\t\t\t\t<h2 class=\"elementor-heading-title elementor-size-default\">Ihr findet uns auch auf <\/h2>\t\t\t\t<\/div>\n\t\t\t\t<\/div>\n\t\t\t\t\t<\/div>\n\t\t<\/div>\n\t\t\t\t\t<\/div>\n\t\t<\/section>\n\t\t\t\t<section class=\"elementor-section elementor-top-section elementor-element elementor-element-6108ff6 elementor-section-boxed elementor-section-height-default elementor-section-height-default\" data-id=\"6108ff6\" data-element_type=\"section\">\n\t\t\t\t\t\t<div class=\"elementor-container elementor-column-gap-default\">\n\t\t\t\t\t<div class=\"elementor-column elementor-col-100 elementor-top-column elementor-element elementor-element-8b551d6\" data-id=\"8b551d6\" data-element_type=\"column\">\n\t\t\t<div class=\"elementor-widget-wrap\">\n\t\t\t\t\t\t\t<\/div>\n\t\t<\/div>\n\t\t\t\t\t<\/div>\n\t\t<\/section>\n\t\t\t\t<section class=\"elementor-section elementor-top-section elementor-element elementor-element-e3915f4 elementor-section-boxed elementor-section-height-default elementor-section-height-default\" data-id=\"e3915f4\" data-element_type=\"section\">\n\t\t\t\t\t\t<div class=\"elementor-container elementor-column-gap-default\">\n\t\t\t\t\t<div class=\"elementor-column elementor-col-14 elementor-top-column elementor-element elementor-element-4079d6d\" data-id=\"4079d6d\" data-element_type=\"column\">\n\t\t\t<div class=\"elementor-widget-wrap elementor-element-populated\">\n\t\t\t\t\t\t<div class=\"elementor-element elementor-element-59a681f elementor-widget elementor-widget-image\" data-id=\"59a681f\" data-element_type=\"widget\" data-widget_type=\"image.default\">\n\t\t\t\t<div class=\"elementor-widget-container\">\n\t\t\t\t\t\t\t\t\t\t\t\t\t\t\t\t<a href=\"https:\/\/anchor.fm\/kulturonline-fm\">\n\t\t\t\t\t\t\t<img loading=\"lazy\" decoding=\"async\" width=\"150\" height=\"150\" src=\"https:\/\/kulturonline.tv\/wp-content\/uploads\/2021\/11\/1-4.png\" class=\"attachment-large size-large wp-image-13416\" alt=\"\" srcset=\"https:\/\/kulturonline.tv\/wp-content\/uploads\/2021\/11\/1-4.png 150w, https:\/\/kulturonline.tv\/wp-content\/uploads\/2021\/11\/1-4-100x100.png 100w\" sizes=\"(max-width: 150px) 100vw, 150px\" \/>\t\t\t\t\t\t\t\t<\/a>\n\t\t\t\t\t\t\t\t\t\t\t\t\t\t\t<\/div>\n\t\t\t\t<\/div>\n\t\t\t\t\t<\/div>\n\t\t<\/div>\n\t\t\t\t<div class=\"elementor-column elementor-col-14 elementor-top-column elementor-element elementor-element-68e0ece\" data-id=\"68e0ece\" data-element_type=\"column\">\n\t\t\t<div class=\"elementor-widget-wrap elementor-element-populated\">\n\t\t\t\t\t\t<div class=\"elementor-element elementor-element-8ac6ed7 elementor-widget elementor-widget-image\" data-id=\"8ac6ed7\" data-element_type=\"widget\" data-widget_type=\"image.default\">\n\t\t\t\t<div class=\"elementor-widget-container\">\n\t\t\t\t\t\t\t\t\t\t\t\t\t\t\t\t<a href=\"https:\/\/open.spotify.com\/show\/4ju3qtIGjtYBvF0u6xuaXS\">\n\t\t\t\t\t\t\t<img loading=\"lazy\" decoding=\"async\" width=\"150\" height=\"150\" src=\"https:\/\/kulturonline.tv\/wp-content\/uploads\/2021\/10\/2-6.png\" class=\"attachment-large size-large wp-image-13464\" alt=\"\" srcset=\"https:\/\/kulturonline.tv\/wp-content\/uploads\/2021\/10\/2-6.png 150w, https:\/\/kulturonline.tv\/wp-content\/uploads\/2021\/10\/2-6-100x100.png 100w\" sizes=\"(max-width: 150px) 100vw, 150px\" \/>\t\t\t\t\t\t\t\t<\/a>\n\t\t\t\t\t\t\t\t\t\t\t\t\t\t\t<\/div>\n\t\t\t\t<\/div>\n\t\t\t\t\t<\/div>\n\t\t<\/div>\n\t\t\t\t<div class=\"elementor-column elementor-col-14 elementor-top-column elementor-element elementor-element-08812bd\" data-id=\"08812bd\" data-element_type=\"column\">\n\t\t\t<div class=\"elementor-widget-wrap elementor-element-populated\">\n\t\t\t\t\t\t<div class=\"elementor-element elementor-element-5fe841b elementor-widget elementor-widget-image\" data-id=\"5fe841b\" data-element_type=\"widget\" data-widget_type=\"image.default\">\n\t\t\t\t<div class=\"elementor-widget-container\">\n\t\t\t\t\t\t\t\t\t\t\t\t\t\t\t\t<a href=\"https:\/\/podcasts.google.com\/feed\/aHR0cHM6Ly9hbmNob3IuZm0vcy8zNWFkZjBiOC9wb2RjYXN0L3Jzcw==\">\n\t\t\t\t\t\t\t<img loading=\"lazy\" decoding=\"async\" width=\"152\" height=\"150\" src=\"https:\/\/kulturonline.tv\/wp-content\/uploads\/2021\/10\/google-podcast-logo.png\" class=\"attachment-large size-large wp-image-13468\" alt=\"\" srcset=\"https:\/\/kulturonline.tv\/wp-content\/uploads\/2021\/10\/google-podcast-logo.png 152w, https:\/\/kulturonline.tv\/wp-content\/uploads\/2021\/10\/google-podcast-logo-100x100.png 100w\" sizes=\"(max-width: 152px) 100vw, 152px\" \/>\t\t\t\t\t\t\t\t<\/a>\n\t\t\t\t\t\t\t\t\t\t\t\t\t\t\t<\/div>\n\t\t\t\t<\/div>\n\t\t\t\t\t<\/div>\n\t\t<\/div>\n\t\t\t\t<div class=\"elementor-column elementor-col-14 elementor-top-column elementor-element elementor-element-a7a5a7e\" data-id=\"a7a5a7e\" data-element_type=\"column\">\n\t\t\t<div class=\"elementor-widget-wrap elementor-element-populated\">\n\t\t\t\t\t\t<div class=\"elementor-element elementor-element-1af59bc elementor-widget elementor-widget-image\" data-id=\"1af59bc\" data-element_type=\"widget\" data-widget_type=\"image.default\">\n\t\t\t\t<div class=\"elementor-widget-container\">\n\t\t\t\t\t\t\t\t\t\t\t\t\t\t\t\t<a href=\"https:\/\/meinpodcast.de\/kultur-online-tv-fm\/\">\n\t\t\t\t\t\t\t<img loading=\"lazy\" decoding=\"async\" width=\"152\" height=\"150\" src=\"https:\/\/kulturonline.tv\/wp-content\/uploads\/2021\/11\/SCHWARZ-400.png\" class=\"attachment-large size-large wp-image-13688\" alt=\"\" srcset=\"https:\/\/kulturonline.tv\/wp-content\/uploads\/2021\/11\/SCHWARZ-400.png 152w, https:\/\/kulturonline.tv\/wp-content\/uploads\/2021\/11\/SCHWARZ-400-100x100.png 100w\" sizes=\"(max-width: 152px) 100vw, 152px\" \/>\t\t\t\t\t\t\t\t<\/a>\n\t\t\t\t\t\t\t\t\t\t\t\t\t\t\t<\/div>\n\t\t\t\t<\/div>\n\t\t\t\t\t<\/div>\n\t\t<\/div>\n\t\t\t\t<div class=\"elementor-column elementor-col-14 elementor-top-column elementor-element elementor-element-d6a814d\" data-id=\"d6a814d\" data-element_type=\"column\">\n\t\t\t<div class=\"elementor-widget-wrap elementor-element-populated\">\n\t\t\t\t\t\t<div class=\"elementor-element elementor-element-d8839e2 elementor-widget elementor-widget-image\" data-id=\"d8839e2\" data-element_type=\"widget\" data-widget_type=\"image.default\">\n\t\t\t\t<div class=\"elementor-widget-container\">\n\t\t\t\t\t\t\t\t\t\t\t\t\t\t\t\t<a href=\"https:\/\/radiopublic.com\/kultur-online-tv-fm-6BRZNq\">\n\t\t\t\t\t\t\t<img loading=\"lazy\" decoding=\"async\" width=\"152\" height=\"150\" src=\"https:\/\/kulturonline.tv\/wp-content\/uploads\/2021\/10\/3-4.png\" class=\"attachment-large size-large wp-image-13466\" alt=\"\" srcset=\"https:\/\/kulturonline.tv\/wp-content\/uploads\/2021\/10\/3-4.png 152w, https:\/\/kulturonline.tv\/wp-content\/uploads\/2021\/10\/3-4-100x100.png 100w\" sizes=\"(max-width: 152px) 100vw, 152px\" \/>\t\t\t\t\t\t\t\t<\/a>\n\t\t\t\t\t\t\t\t\t\t\t\t\t\t\t<\/div>\n\t\t\t\t<\/div>\n\t\t\t\t\t<\/div>\n\t\t<\/div>\n\t\t\t\t<div class=\"elementor-column elementor-col-14 elementor-top-column elementor-element elementor-element-09dfc80\" data-id=\"09dfc80\" data-element_type=\"column\">\n\t\t\t<div class=\"elementor-widget-wrap elementor-element-populated\">\n\t\t\t\t\t\t<div class=\"elementor-element elementor-element-2a3697f elementor-widget elementor-widget-image\" data-id=\"2a3697f\" data-element_type=\"widget\" data-widget_type=\"image.default\">\n\t\t\t\t<div class=\"elementor-widget-container\">\n\t\t\t\t\t\t\t\t\t\t\t\t\t\t\t\t<a href=\"https:\/\/www.spreaker.com\/show\/kultur-online-tv-fm\">\n\t\t\t\t\t\t\t<img loading=\"lazy\" decoding=\"async\" width=\"153\" height=\"151\" src=\"https:\/\/kulturonline.tv\/wp-content\/uploads\/2021\/11\/neu-2021.png\" class=\"attachment-large size-large wp-image-13749\" alt=\"\" srcset=\"https:\/\/kulturonline.tv\/wp-content\/uploads\/2021\/11\/neu-2021.png 153w, https:\/\/kulturonline.tv\/wp-content\/uploads\/2021\/11\/neu-2021-100x100.png 100w\" sizes=\"(max-width: 153px) 100vw, 153px\" \/>\t\t\t\t\t\t\t\t<\/a>\n\t\t\t\t\t\t\t\t\t\t\t\t\t\t\t<\/div>\n\t\t\t\t<\/div>\n\t\t\t\t\t<\/div>\n\t\t<\/div>\n\t\t\t\t<div class=\"elementor-column elementor-col-14 elementor-top-column elementor-element elementor-element-eab5f19\" data-id=\"eab5f19\" data-element_type=\"column\">\n\t\t\t<div class=\"elementor-widget-wrap elementor-element-populated\">\n\t\t\t\t\t\t<div class=\"elementor-element elementor-element-4ae1a91 elementor-widget elementor-widget-image\" data-id=\"4ae1a91\" data-element_type=\"widget\" data-widget_type=\"image.default\">\n\t\t\t\t<div class=\"elementor-widget-container\">\n\t\t\t\t\t\t\t\t\t\t\t\t\t\t\t\t<a href=\"https:\/\/www.spreaker.com\/show\/kultur-online-tv-fm\">\n\t\t\t\t\t\t\t<img loading=\"lazy\" decoding=\"async\" width=\"155\" height=\"155\" src=\"https:\/\/kulturonline.tv\/wp-content\/uploads\/2021\/12\/heartes-155.png\" class=\"attachment-large size-large wp-image-14385\" alt=\"\" srcset=\"https:\/\/kulturonline.tv\/wp-content\/uploads\/2021\/12\/heartes-155.png 155w, https:\/\/kulturonline.tv\/wp-content\/uploads\/2021\/12\/heartes-155-100x100.png 100w\" sizes=\"(max-width: 155px) 100vw, 155px\" \/>\t\t\t\t\t\t\t\t<\/a>\n\t\t\t\t\t\t\t\t\t\t\t\t\t\t\t<\/div>\n\t\t\t\t<\/div>\n\t\t\t\t\t<\/div>\n\t\t<\/div>\n\t\t\t\t\t<\/div>\n\t\t<\/section>\n\t\t\t\t<\/div>\n\t\t","protected":false},"excerpt":{"rendered":"<p>Unsere Beitr\u00e4ge zum Nachh\u00f6ren als Podcast. \u00a9 Kultur Online FM In der Talk Friday fassen wir die Woche<\/p>\n","protected":false},"author":2,"featured_media":36777,"parent":0,"menu_order":0,"comment_status":"closed","ping_status":"open","template":"elementor_header_footer","meta":{"_acf_changed":false,"footnotes":""},"class_list":["post-23888","page","type-page","status-publish","has-post-thumbnail","hentry","post"],"acf":[],"yoast_head":"<!-- This site is optimized with the Yoast SEO plugin v26.1.1 - https:\/\/yoast.com\/wordpress\/plugins\/seo\/ -->\n<title>Audiothek Podcasts-Der Talk Friday - Kultur Online TV &amp; FM<\/title>\n<meta name=\"description\" content=\"Unser w\u00f6chentlicher Live Webradio Talk auf Kultur Online FM zu aktuellen Themen aus Kunst , Kultur, Politik zum mitdiskutieren.\" \/>\n<meta name=\"robots\" content=\"index, follow, max-snippet:-1, max-image-preview:large, max-video-preview:-1\" \/>\n<link rel=\"canonical\" href=\"https:\/\/kulturonline.tv\/de\/audiothek-podcasts-der-talk-friday\/\" \/>\n<meta property=\"og:locale\" content=\"de_DE\" \/>\n<meta property=\"og:type\" content=\"article\" \/>\n<meta property=\"og:title\" content=\"Audiothek Podcasts-Der Talk Friday - Kultur Online TV &amp; FM\" \/>\n<meta property=\"og:description\" content=\"Unser w\u00f6chentlicher Live Webradio Talk auf Kultur Online FM zu aktuellen Themen aus Kunst , Kultur, Politik zum mitdiskutieren.\" \/>\n<meta property=\"og:url\" content=\"https:\/\/kulturonline.tv\/de\/audiothek-podcasts-der-talk-friday\/\" \/>\n<meta property=\"og:site_name\" content=\"Kultur Online TV &amp; FM\" \/>\n<meta property=\"article:publisher\" content=\"https:\/\/www.facebook.com\/kulturonline.tv\" \/>\n<meta property=\"article:modified_time\" content=\"2022-11-26T14:26:28+00:00\" \/>\n<meta property=\"og:image\" content=\"https:\/\/kulturonline.tv\/wp-content\/uploads\/2022\/10\/kulturonline-fm.png\" \/>\n\t<meta property=\"og:image:width\" content=\"950\" \/>\n\t<meta property=\"og:image:height\" content=\"868\" \/>\n\t<meta property=\"og:image:type\" content=\"image\/png\" \/>\n<meta name=\"twitter:card\" content=\"summary_large_image\" \/>\n<meta name=\"twitter:label1\" content=\"Gesch\u00e4tzte Lesezeit\" \/>\n\t<meta name=\"twitter:data1\" content=\"4\u00a0Minuten\" \/>\n<script type=\"application\/ld+json\" class=\"yoast-schema-graph\">{\"@context\":\"https:\/\/schema.org\",\"@graph\":[{\"@type\":\"WebPage\",\"@id\":\"https:\/\/kulturonline.tv\/de\/audiothek-podcasts-der-talk-friday\/\",\"url\":\"https:\/\/kulturonline.tv\/de\/audiothek-podcasts-der-talk-friday\/\",\"name\":\"Audiothek Podcasts-Der Talk Friday - Kultur Online TV &amp; FM\",\"isPartOf\":{\"@id\":\"https:\/\/kulturonline.tv\/de\/#website\"},\"primaryImageOfPage\":{\"@id\":\"https:\/\/kulturonline.tv\/de\/audiothek-podcasts-der-talk-friday\/#primaryimage\"},\"image\":{\"@id\":\"https:\/\/kulturonline.tv\/de\/audiothek-podcasts-der-talk-friday\/#primaryimage\"},\"thumbnailUrl\":\"https:\/\/kulturonline.tv\/wp-content\/uploads\/2022\/10\/kulturonline-fm.png\",\"datePublished\":\"2022-03-02T09:19:20+00:00\",\"dateModified\":\"2022-11-26T14:26:28+00:00\",\"description\":\"Unser w\u00f6chentlicher Live Webradio Talk auf Kultur Online FM zu aktuellen Themen aus Kunst , Kultur, Politik zum mitdiskutieren.\",\"breadcrumb\":{\"@id\":\"https:\/\/kulturonline.tv\/de\/audiothek-podcasts-der-talk-friday\/#breadcrumb\"},\"inLanguage\":\"de\",\"potentialAction\":[{\"@type\":\"ReadAction\",\"target\":[\"https:\/\/kulturonline.tv\/de\/audiothek-podcasts-der-talk-friday\/\"]}]},{\"@type\":\"ImageObject\",\"inLanguage\":\"de\",\"@id\":\"https:\/\/kulturonline.tv\/de\/audiothek-podcasts-der-talk-friday\/#primaryimage\",\"url\":\"https:\/\/kulturonline.tv\/wp-content\/uploads\/2022\/10\/kulturonline-fm.png\",\"contentUrl\":\"https:\/\/kulturonline.tv\/wp-content\/uploads\/2022\/10\/kulturonline-fm.png\",\"width\":950,\"height\":868},{\"@type\":\"BreadcrumbList\",\"@id\":\"https:\/\/kulturonline.tv\/de\/audiothek-podcasts-der-talk-friday\/#breadcrumb\",\"itemListElement\":[{\"@type\":\"ListItem\",\"position\":1,\"name\":\"Startseite\",\"item\":\"https:\/\/kulturonline.tv\/de\/\"},{\"@type\":\"ListItem\",\"position\":2,\"name\":\"Audiothek Podcasts-Der Talk Friday\"}]},{\"@type\":\"WebSite\",\"@id\":\"https:\/\/kulturonline.tv\/de\/#website\",\"url\":\"https:\/\/kulturonline.tv\/de\/\",\"name\":\"Kultur Online TV &amp; FM\",\"description\":\"Wir sind Kultur 2.0 zum sehen &amp; h\u00f6ren\",\"publisher\":{\"@id\":\"https:\/\/kulturonline.tv\/de\/#organization\"},\"potentialAction\":[{\"@type\":\"SearchAction\",\"target\":{\"@type\":\"EntryPoint\",\"urlTemplate\":\"https:\/\/kulturonline.tv\/de\/?s={search_term_string}\"},\"query-input\":{\"@type\":\"PropertyValueSpecification\",\"valueRequired\":true,\"valueName\":\"search_term_string\"}}],\"inLanguage\":\"de\"},{\"@type\":\"Organization\",\"@id\":\"https:\/\/kulturonline.tv\/de\/#organization\",\"name\":\"Kultur Online TV\",\"url\":\"https:\/\/kulturonline.tv\/de\/\",\"logo\":{\"@type\":\"ImageObject\",\"inLanguage\":\"de\",\"@id\":\"https:\/\/kulturonline.tv\/de\/#\/schema\/logo\/image\/\",\"url\":\"https:\/\/kulturonline.tv\/wp-content\/uploads\/2021\/08\/Kultur-Online-Tv-Logo-Endversion-neu.png\",\"contentUrl\":\"https:\/\/kulturonline.tv\/wp-content\/uploads\/2021\/08\/Kultur-Online-Tv-Logo-Endversion-neu.png\",\"width\":200,\"height\":200,\"caption\":\"Kultur Online TV\"},\"image\":{\"@id\":\"https:\/\/kulturonline.tv\/de\/#\/schema\/logo\/image\/\"},\"sameAs\":[\"https:\/\/www.facebook.com\/kulturonline.tv\",\"https:\/\/www.instagram.com\/kulturonline.tv\"]}]}<\/script>\n<!-- \/ Yoast SEO plugin. -->","yoast_head_json":{"title":"Audiothek Podcasts-Der Talk Friday - Kultur Online TV &amp; FM","description":"Unser w\u00f6chentlicher Live Webradio Talk auf Kultur Online FM zu aktuellen Themen aus Kunst , Kultur, Politik zum mitdiskutieren.","robots":{"index":"index","follow":"follow","max-snippet":"max-snippet:-1","max-image-preview":"max-image-preview:large","max-video-preview":"max-video-preview:-1"},"canonical":"https:\/\/kulturonline.tv\/de\/audiothek-podcasts-der-talk-friday\/","og_locale":"de_DE","og_type":"article","og_title":"Audiothek Podcasts-Der Talk Friday - Kultur Online TV &amp; FM","og_description":"Unser w\u00f6chentlicher Live Webradio Talk auf Kultur Online FM zu aktuellen Themen aus Kunst , Kultur, Politik zum mitdiskutieren.","og_url":"https:\/\/kulturonline.tv\/de\/audiothek-podcasts-der-talk-friday\/","og_site_name":"Kultur Online TV &amp; FM","article_publisher":"https:\/\/www.facebook.com\/kulturonline.tv","article_modified_time":"2022-11-26T14:26:28+00:00","og_image":[{"width":950,"height":868,"url":"https:\/\/kulturonline.tv\/wp-content\/uploads\/2022\/10\/kulturonline-fm.png","type":"image\/png"}],"twitter_card":"summary_large_image","twitter_misc":{"Gesch\u00e4tzte Lesezeit":"4\u00a0Minuten"},"schema":{"@context":"https:\/\/schema.org","@graph":[{"@type":"WebPage","@id":"https:\/\/kulturonline.tv\/de\/audiothek-podcasts-der-talk-friday\/","url":"https:\/\/kulturonline.tv\/de\/audiothek-podcasts-der-talk-friday\/","name":"Audiothek Podcasts-Der Talk Friday - Kultur Online TV &amp; FM","isPartOf":{"@id":"https:\/\/kulturonline.tv\/de\/#website"},"primaryImageOfPage":{"@id":"https:\/\/kulturonline.tv\/de\/audiothek-podcasts-der-talk-friday\/#primaryimage"},"image":{"@id":"https:\/\/kulturonline.tv\/de\/audiothek-podcasts-der-talk-friday\/#primaryimage"},"thumbnailUrl":"https:\/\/kulturonline.tv\/wp-content\/uploads\/2022\/10\/kulturonline-fm.png","datePublished":"2022-03-02T09:19:20+00:00","dateModified":"2022-11-26T14:26:28+00:00","description":"Unser w\u00f6chentlicher Live Webradio Talk auf Kultur Online FM zu aktuellen Themen aus Kunst , Kultur, Politik zum mitdiskutieren.","breadcrumb":{"@id":"https:\/\/kulturonline.tv\/de\/audiothek-podcasts-der-talk-friday\/#breadcrumb"},"inLanguage":"de","potentialAction":[{"@type":"ReadAction","target":["https:\/\/kulturonline.tv\/de\/audiothek-podcasts-der-talk-friday\/"]}]},{"@type":"ImageObject","inLanguage":"de","@id":"https:\/\/kulturonline.tv\/de\/audiothek-podcasts-der-talk-friday\/#primaryimage","url":"https:\/\/kulturonline.tv\/wp-content\/uploads\/2022\/10\/kulturonline-fm.png","contentUrl":"https:\/\/kulturonline.tv\/wp-content\/uploads\/2022\/10\/kulturonline-fm.png","width":950,"height":868},{"@type":"BreadcrumbList","@id":"https:\/\/kulturonline.tv\/de\/audiothek-podcasts-der-talk-friday\/#breadcrumb","itemListElement":[{"@type":"ListItem","position":1,"name":"Startseite","item":"https:\/\/kulturonline.tv\/de\/"},{"@type":"ListItem","position":2,"name":"Audiothek Podcasts-Der Talk Friday"}]},{"@type":"WebSite","@id":"https:\/\/kulturonline.tv\/de\/#website","url":"https:\/\/kulturonline.tv\/de\/","name":"Kultur Online TV &amp; FM","description":"Wir sind Kultur 2.0 zum sehen &amp; h\u00f6ren","publisher":{"@id":"https:\/\/kulturonline.tv\/de\/#organization"},"potentialAction":[{"@type":"SearchAction","target":{"@type":"EntryPoint","urlTemplate":"https:\/\/kulturonline.tv\/de\/?s={search_term_string}"},"query-input":{"@type":"PropertyValueSpecification","valueRequired":true,"valueName":"search_term_string"}}],"inLanguage":"de"},{"@type":"Organization","@id":"https:\/\/kulturonline.tv\/de\/#organization","name":"Kultur Online TV","url":"https:\/\/kulturonline.tv\/de\/","logo":{"@type":"ImageObject","inLanguage":"de","@id":"https:\/\/kulturonline.tv\/de\/#\/schema\/logo\/image\/","url":"https:\/\/kulturonline.tv\/wp-content\/uploads\/2021\/08\/Kultur-Online-Tv-Logo-Endversion-neu.png","contentUrl":"https:\/\/kulturonline.tv\/wp-content\/uploads\/2021\/08\/Kultur-Online-Tv-Logo-Endversion-neu.png","width":200,"height":200,"caption":"Kultur Online TV"},"image":{"@id":"https:\/\/kulturonline.tv\/de\/#\/schema\/logo\/image\/"},"sameAs":["https:\/\/www.facebook.com\/kulturonline.tv","https:\/\/www.instagram.com\/kulturonline.tv"]}]}},"_links":{"self":[{"href":"https:\/\/kulturonline.tv\/de\/wp-json\/wp\/v2\/pages\/23888","targetHints":{"allow":["GET"]}}],"collection":[{"href":"https:\/\/kulturonline.tv\/de\/wp-json\/wp\/v2\/pages"}],"about":[{"href":"https:\/\/kulturonline.tv\/de\/wp-json\/wp\/v2\/types\/page"}],"author":[{"embeddable":true,"href":"https:\/\/kulturonline.tv\/de\/wp-json\/wp\/v2\/users\/2"}],"replies":[{"embeddable":true,"href":"https:\/\/kulturonline.tv\/de\/wp-json\/wp\/v2\/comments?post=23888"}],"version-history":[{"count":0,"href":"https:\/\/kulturonline.tv\/de\/wp-json\/wp\/v2\/pages\/23888\/revisions"}],"wp:featuredmedia":[{"embeddable":true,"href":"https:\/\/kulturonline.tv\/de\/wp-json\/wp\/v2\/media\/36777"}],"wp:attachment":[{"href":"https:\/\/kulturonline.tv\/de\/wp-json\/wp\/v2\/media?parent=23888"}],"curies":[{"name":"wp","href":"https:\/\/api.w.org\/{rel}","templated":true}]}}