{"id":47083,"date":"2022-12-30T18:08:08","date_gmt":"2022-12-30T17:08:08","guid":{"rendered":"https:\/\/kulturonline.tv\/?page_id=47083"},"modified":"2023-02-13T11:23:03","modified_gmt":"2023-02-13T10:23:03","slug":"audio-podcast-kulturflash","status":"publish","type":"page","link":"https:\/\/kulturonline.tv\/de\/audio-podcast-kulturflash\/","title":{"rendered":"Audio Podcast- Kulturflash"},"content":{"rendered":"\n    \n            <div class=\"podlove-web-player intrinsic-ignore podlove-web-player-loading\" id=\"player-69f4beac709d7\"><root data-test=\"player--xl\" style=\"max-width:950px;min-width:260px;\">\n  <div class=\"tablet:px-6 tablet:pt-6 mobile:px-4 mobile:pt-4 flex flex-col\">\n    <div class=\"flex-col items-center mobile:flex tablet:hidden\">\n      <show-title class=\"text-sm\"><\/show-title>\n      <episode-title class=\"text-base mb-2\"><\/episode-title>\n      <subscribe-button class=\"mb-4 mobile:flex tablet:hidden\"><\/subscribe-button>\n      <poster class=\"rounded-sm w-48 shadow overflow-hidden\"><\/poster>\n      <divider class=\"w-full my-6\"><\/divider>\n    <\/div>\n\n    <div class=\"tablet:flex flex-grow\">\n      <div class=\"w-64 mobile:hidden tablet:block tablet:mr-6\">\n        <poster class=\"rounded-sm shadow overflow-hidden\"><\/poster>\n      <\/div>\n      <div class=\"w-full\">\n        <div class=\"hidden tablet:block\">\n          <show-title class=\"text-base\"><\/show-title>\n          <episode-title class=\"text-xl desktop:text-2xl\"><\/episode-title>\n          <divider class=\"w-full my-4\"><\/divider>\n        <\/div>\n        <div class=\"flex items-center justify-between\">\n          <div class=\"block\">\n            <play-state on=\"active\">\n              <speed-control class=\"flex items-center\"><\/speed-control>\n            <\/play-state>\n          <\/div>\n\n          <div class=\"flex\">\n            <play-state on=\"active\">\n              <chapter-previous class=\"mx-2 block\"><\/chapter-previous>\n            <\/play-state>\n            <play-state on=\"active\">\n              <step-backward class=\"mx-2 block\"><\/step-backward>\n            <\/play-state>\n\n            <play-button class=\"mx-2 block\" :label=\"$t('PLAYER.PLAY_EPISODE')\"><\/play-button>\n\n            <play-state on=\"active\">\n              <step-forward class=\"mx-2 block\"><\/step-forward>\n            <\/play-state>\n            <play-state on=\"active\">\n              <chapter-next class=\"mx-2 block\"><\/chapter-next>\n            <\/play-state>\n          <\/div>\n\n          <div class=\"block\">\n            <play-state on=\"active\">\n              <volume-control class=\"flex items-center\"><\/volume-control>\n            <\/play-state>\n          <\/div>\n        <\/div>\n        <div class=\"flex w-full\">\n          <progress-bar><\/progress-bar>\n        <\/div>\n        <div class=\"flex w-full -mt-2\">\n          <div class=\"w-3\/12 text-left\">\n            <timer-current class=\"text-sm\"><\/timer-current>\n          <\/div>\n          <div class=\"w-6\/12 text-center truncate\">\n            <play-state on=\"active\">\n              <current-chapter class=\"text-sm\"><\/current-chapter>\n            <\/play-state>\n          <\/div>\n          <div class=\"w-3\/12 text-right\">\n            <timer-duration class=\"text-sm\"><\/timer-duration>\n          <\/div>\n        <\/div>\n      <\/div>\n    <\/div>\n    <divider class=\"w-full mt-6 mb-3\"><\/divider>\n    <div class=\"flex justify-between\">\n      <div class=\"flex mobile:w-full tablet:w-3\/12 desktop:w-3\/12 justify-between\">\n        <tab-trigger tab=\"chapters\">\n          <icon type=\"chapter\"><\/icon>\n        <\/tab-trigger>\n        <tab-trigger tab=\"transcripts\">\n          <icon type=\"transcripts\"><\/icon>\n        <\/tab-trigger>\n        <tab-trigger tab=\"files\">\n          <icon type=\"download\"><\/icon>\n        <\/tab-trigger>\n        <tab-trigger tab=\"playlist\">\n          <icon type=\"playlist\"><\/icon>\n        <\/tab-trigger>\n        <tab-trigger tab=\"share\">\n          <icon type=\"share\"><\/icon>\n        <\/tab-trigger>\n      <\/div>\n      <subscribe-button class=\"mt-1 mobile:hidden tablet:flex\"><\/subscribe-button>\n    <\/div>\n  <\/div>\n  <div class=\"w-full relative overflow-hidden\">\n    <tab name=\"chapters\">\n      <tab-chapters><\/tab-chapters>\n    <\/tab>\n    <tab name=\"transcripts\">\n      <tab-transcripts><\/tab-transcripts>\n    <\/tab>\n    <tab name=\"files\">\n      <tab-files><\/tab-files>\n    <\/tab>\n    <tab name=\"playlist\">\n      <tab-playlist><\/tab-playlist>\n    <\/tab>\n    <tab name=\"share\">\n      <tab-share><\/tab-share>\n    <\/tab>\n    <tab-overflow><\/tab-overflow>\n  <\/div>\n  <error><\/error>\n<\/root>\n<\/div>\n            <script>\n              document.addEventListener(\"DOMContentLoaded\", function() {\n                var player = document.getElementById(\"player-69f4beac709d7\");\n                podlovePlayerCache.add([{\"url\":\"https:\\\/\\\/kulturonline.tv\\\/de\\\/wp-json\\\/podlove-web-player\\\/shortcode\\\/publisher\\\/40699\",\"data\":{\"version\":5,\"show\":{\"title\":\"\",\"subtitle\":\"\",\"summary\":\"\",\"poster\":\"\",\"link\":\"https:\\\/\\\/kulturonline.tv\\\/podcast\"},\"title\":\"Im Gespr\\u00e4ch mit der Musiker-T\\u00e4nzerin Jana Gatt\",\"subtitle\":\"\",\"summary\":\"\",\"publicationDate\":\"2022-11-05T23:01:49+01:00\",\"duration\":\"00:32:21.682\",\"poster\":\"https:\\\/\\\/kulturonline.tv\\\/de\\\/podlove\\\/image\\\/68747470733a2f2f6b756c7475726f6e6c696e652e74762f77702d636f6e74656e742f75706c6f6164732f323032322f31312f4a616e612d476174742d4b756c7475722d4f6e6c696e652d464d2e706e67\\\/500\\\/0\\\/0\\\/im-gespraech-mit-der-musiker-taenzerin-jana-gatt\\\/\",\"link\":\"https:\\\/\\\/kulturonline.tv\\\/de\\\/podcast\\\/musikerin-und-taenzerin-jana-gatt\\\/\",\"chapters\":[],\"audio\":[{\"url\":\"https:\\\/\\\/kulturonline.tv\\\/de\\\/podlove\\\/file\\\/135\\\/s\\\/webplayer\\\/c\\\/website\\\/Kulturflash-Musikerin-Jana-Gatt-19.mp3\",\"size\":\"30472869\",\"title\":\"MP3 Audio (mp3)\",\"mimeType\":\"audio\\\/mpeg\"}],\"files\":[{\"url\":\"https:\\\/\\\/kulturonline.tv\\\/de\\\/podlove\\\/file\\\/135\\\/s\\\/webplayer\\\/Kulturflash-Musikerin-Jana-Gatt-19.mp3\",\"size\":\"30472869\",\"title\":\"MP3 Audio\",\"mimeType\":\"audio\\\/mpeg\"}]}}, {\"url\":\"https:\\\/\\\/kulturonline.tv\\\/de\\\/wp-json\\\/podlove-web-player\\\/shortcode\\\/config\\\/default\\\/theme\\\/default\",\"data\":{\"activeTab\":\"chapters\",\"subscribe-button\":null,\"share\":{\"channels\":[\"facebook\",\"twitter\",\"whats-app\",\"linkedin\",\"pinterest\",\"xing\",\"mail\",\"link\"],\"outlet\":\"https:\\\/\\\/kulturonline.tv\\\/wp-content\\\/plugins\\\/podlove-web-player\\\/web-player\\\/share.html\",\"sharePlaytime\":true},\"related-episodes\":{\"source\":\"disabled\",\"value\":null},\"version\":5,\"theme\":{\"tokens\":{\"brand\":\"#E68115\",\"brandDark\":\"#1A3A4A\",\"brandDarkest\":\"#1A3A4A\",\"brandLightest\":\"#D3D1CF\",\"shadeDark\":\"#807E7C\",\"shadeBase\":\"#807E7C\",\"contrast\":\"#000\",\"alt\":\"#fff\"},\"fonts\":{\"ci\":{\"name\":\"ci\",\"family\":[\"-apple-system\",\"BlinkMacSystemFont\",\"Segoe UI\",\"Roboto\",\"Helvetica\",\"Arial\",\"sans-serif\",\"Apple Color Emoji\",\"Segoe UI Emoji\\\", \\\"Segoe UI Symbol\"],\"src\":[],\"weight\":\"2000\"},\"regular\":{\"name\":\"regular\",\"family\":[\"-apple-system\",\"BlinkMacSystemFont\",\"Segoe UI\",\"Roboto\",\"Helvetica\",\"Arial\",\"sans-serif\",\"Apple Color Emoji\",\"Segoe UI Emoji\\\", \\\"Segoe UI Symbol\"],\"src\":[],\"weight\":300},\"bold\":{\"name\":\"bold\",\"family\":[\"-apple-system\",\"BlinkMacSystemFont\",\"Segoe UI\",\"Roboto\",\"Helvetica\",\"Arial\",\"sans-serif\",\"Apple Color Emoji\",\"Segoe UI Emoji\\\", \\\"Segoe UI Symbol\"],\"src\":[],\"weight\":700}}},\"base\":\"https:\\\/\\\/kulturonline.tv\\\/wp-content\\\/plugins\\\/podlove-web-player\\\/web-player\\\/\"}}]);\n                podlovePlayer(player, \"https:\/\/kulturonline.tv\/de\/wp-json\/podlove-web-player\/shortcode\/publisher\/40699\", \"https:\/\/kulturonline.tv\/de\/wp-json\/podlove-web-player\/shortcode\/config\/default\/theme\/default\").then(function() {\n                  player && player.classList.remove(\"podlove-web-player-loading\");\n                });\n              });\n            <\/script>\n            <style>\n              .podlove-web-player.podlove-web-player-loading {\n                opacity: 0;\n              }\n            <\/style>\n        \n\n\n<style>.elementor-47083 .elementor-element.elementor-element-4a7c52a{--spacer-size:10px;}.elementor-widget-image .widget-image-caption{color:var( --e-global-color-text );font-family:var( --e-global-typography-text-font-family ), Sans-serif;font-weight:var( --e-global-typography-text-font-weight );}.elementor-47083 .elementor-element.elementor-element-b67d39d{text-align:left;}.elementor-widget-heading .elementor-heading-title{font-family:var( --e-global-typography-primary-font-family ), Sans-serif;font-weight:var( --e-global-typography-primary-font-weight );letter-spacing:var( --e-global-typography-primary-letter-spacing );color:var( --e-global-color-primary );}.elementor-47083 .elementor-element.elementor-element-69fd766 .elementor-heading-title{font-family:\"Roboto\", Sans-serif;font-size:50px;font-weight:600;letter-spacing:-0.4px;color:#000000;}.elementor-widget-text-editor{font-family:var( --e-global-typography-text-font-family ), Sans-serif;font-weight:var( --e-global-typography-text-font-weight );color:var( --e-global-color-text );}.elementor-widget-text-editor.elementor-drop-cap-view-stacked .elementor-drop-cap{background-color:var( --e-global-color-primary );}.elementor-widget-text-editor.elementor-drop-cap-view-framed .elementor-drop-cap, .elementor-widget-text-editor.elementor-drop-cap-view-default .elementor-drop-cap{color:var( --e-global-color-primary );border-color:var( --e-global-color-primary );}.elementor-47083 .elementor-element.elementor-element-4739c63{font-family:\"Roboto\", Sans-serif;font-weight:400;color:#000000;}.elementor-widget-posts .elementor-button{background-color:var( --e-global-color-accent );font-family:var( --e-global-typography-accent-font-family ), Sans-serif;font-weight:var( --e-global-typography-accent-font-weight );}.elementor-widget-posts .elementor-post__title, .elementor-widget-posts .elementor-post__title a{color:var( --e-global-color-secondary );font-family:var( --e-global-typography-primary-font-family ), Sans-serif;font-weight:var( --e-global-typography-primary-font-weight );letter-spacing:var( --e-global-typography-primary-letter-spacing );}.elementor-widget-posts .elementor-post__meta-data{font-family:var( --e-global-typography-secondary-font-family ), Sans-serif;font-weight:var( --e-global-typography-secondary-font-weight );}.elementor-widget-posts .elementor-post__excerpt p{font-family:var( --e-global-typography-text-font-family ), Sans-serif;font-weight:var( --e-global-typography-text-font-weight );}.elementor-widget-posts .elementor-post__read-more{color:var( --e-global-color-accent );}.elementor-widget-posts a.elementor-post__read-more{font-family:var( --e-global-typography-accent-font-family ), Sans-serif;font-weight:var( --e-global-typography-accent-font-weight );}.elementor-widget-posts .elementor-post__card .elementor-post__badge{background-color:var( --e-global-color-accent );font-family:var( --e-global-typography-accent-font-family ), Sans-serif;font-weight:var( --e-global-typography-accent-font-weight );}.elementor-widget-posts .elementor-pagination{font-family:var( --e-global-typography-secondary-font-family ), Sans-serif;font-weight:var( --e-global-typography-secondary-font-weight );}.elementor-widget-posts .e-load-more-message{font-family:var( --e-global-typography-secondary-font-family ), Sans-serif;font-weight:var( --e-global-typography-secondary-font-weight );}.elementor-47083 .elementor-element.elementor-element-14e864b{--item-display:flex;--read-more-alignment:1;--grid-row-gap:35px;--grid-column-gap:30px;}.elementor-47083 .elementor-element.elementor-element-14e864b .elementor-posts-container .elementor-post__thumbnail{padding-bottom:calc( 0.99 * 100% );}.elementor-47083 .elementor-element.elementor-element-14e864b:after{content:\"0.99\";}.elementor-47083 .elementor-element.elementor-element-14e864b .elementor-post__thumbnail__link{width:100%;}.elementor-47083 .elementor-element.elementor-element-14e864b.elementor-posts--thumbnail-left .elementor-post__thumbnail__link{margin-right:20px;}.elementor-47083 .elementor-element.elementor-element-14e864b.elementor-posts--thumbnail-right .elementor-post__thumbnail__link{margin-left:20px;}.elementor-47083 .elementor-element.elementor-element-14e864b.elementor-posts--thumbnail-top .elementor-post__thumbnail__link{margin-bottom:20px;}.elementor-47083 .elementor-element.elementor-element-14e864b .elementor-post__title, .elementor-47083 .elementor-element.elementor-element-14e864b .elementor-post__title a{font-family:\"Open Sans\", Sans-serif;font-size:1.3rem;font-weight:600;letter-spacing:-0.4px;}.elementor-47083 .elementor-element.elementor-element-14e864b .elementor-pagination{text-align:center;}body:not(.rtl) .elementor-47083 .elementor-element.elementor-element-14e864b .elementor-pagination .page-numbers:not(:first-child){margin-left:calc( 10px\/2 );}body:not(.rtl) .elementor-47083 .elementor-element.elementor-element-14e864b .elementor-pagination .page-numbers:not(:last-child){margin-right:calc( 10px\/2 );}body.rtl .elementor-47083 .elementor-element.elementor-element-14e864b .elementor-pagination .page-numbers:not(:first-child){margin-right:calc( 10px\/2 );}body.rtl .elementor-47083 .elementor-element.elementor-element-14e864b .elementor-pagination .page-numbers:not(:last-child){margin-left:calc( 10px\/2 );}.elementor-47083 .elementor-element.elementor-element-78c669e{--spacer-size:50px;}.elementor-47083 .elementor-element.elementor-element-eab660f{--spacer-size:50px;}.elementor-47083 .elementor-element.elementor-element-9fc1ebd{--spacer-size:12px;}@media(min-width:796px){.elementor-47083 .elementor-element.elementor-element-7df7dfc{width:66.917%;}.elementor-47083 .elementor-element.elementor-element-b3c64d8{width:33.047%;}}@media(max-width:1024px){.elementor-widget-heading .elementor-heading-title{letter-spacing:var( --e-global-typography-primary-letter-spacing );}.elementor-widget-posts .elementor-post__title, .elementor-widget-posts .elementor-post__title a{letter-spacing:var( --e-global-typography-primary-letter-spacing );}}@media(max-width:795px){.elementor-widget-heading .elementor-heading-title{letter-spacing:var( --e-global-typography-primary-letter-spacing );}.elementor-widget-posts .elementor-post__title, .elementor-widget-posts .elementor-post__title a{letter-spacing:var( --e-global-typography-primary-letter-spacing );}.elementor-47083 .elementor-element.elementor-element-14e864b .elementor-posts-container .elementor-post__thumbnail{padding-bottom:calc( 1 * 100% );}.elementor-47083 .elementor-element.elementor-element-14e864b:after{content:\"1\";}.elementor-47083 .elementor-element.elementor-element-14e864b .elementor-post__thumbnail__link{width:100%;}}<\/style>\t\t<div data-elementor-type=\"wp-page\" data-elementor-id=\"47083\" class=\"elementor elementor-47083\" data-elementor-post-type=\"page\">\n\t\t\t\t\t\t<section class=\"elementor-section elementor-top-section elementor-element elementor-element-6debf65 elementor-section-boxed elementor-section-height-default elementor-section-height-default\" data-id=\"6debf65\" data-element_type=\"section\">\n\t\t\t\t\t\t<div class=\"elementor-container elementor-column-gap-default\">\n\t\t\t\t\t<div class=\"elementor-column elementor-col-100 elementor-top-column elementor-element elementor-element-297f49d\" data-id=\"297f49d\" data-element_type=\"column\">\n\t\t\t<div class=\"elementor-widget-wrap elementor-element-populated\">\n\t\t\t\t\t\t<div class=\"elementor-element elementor-element-4a7c52a elementor-widget elementor-widget-spacer\" data-id=\"4a7c52a\" data-element_type=\"widget\" data-widget_type=\"spacer.default\">\n\t\t\t\t<div class=\"elementor-widget-container\">\n\t\t\t\t\t\t\t<div class=\"elementor-spacer\">\n\t\t\t<div class=\"elementor-spacer-inner\"><\/div>\n\t\t<\/div>\n\t\t\t\t\t\t<\/div>\n\t\t\t\t<\/div>\n\t\t\t\t<section class=\"elementor-section elementor-inner-section elementor-element elementor-element-b19cd1e elementor-section-boxed elementor-section-height-default elementor-section-height-default\" data-id=\"b19cd1e\" data-element_type=\"section\">\n\t\t\t\t\t\t<div class=\"elementor-container elementor-column-gap-default\">\n\t\t\t\t\t<div class=\"elementor-column elementor-col-50 elementor-inner-column elementor-element elementor-element-7df7dfc\" data-id=\"7df7dfc\" data-element_type=\"column\">\n\t\t\t<div class=\"elementor-widget-wrap elementor-element-populated\">\n\t\t\t\t\t\t<div class=\"elementor-element elementor-element-ae9596c elementor-widget elementor-widget-image\" data-id=\"ae9596c\" data-element_type=\"widget\" data-widget_type=\"image.default\">\n\t\t\t\t<div class=\"elementor-widget-container\">\n\t\t\t\t\t\t\t\t\t\t\t\t\t\t\t\t<a href=\"https:\/\/kulturonline.tv\/de\/radio\">\n\t\t\t\t\t\t\t<img decoding=\"async\" src=\"https:\/\/kulturonline.tv\/wp-content\/uploads\/2023\/02\/Podcast-Kultur-Online-FM.png\" title=\"Podcast Kultur Online FM\" alt=\"Podcast Kultur Online FM\" loading=\"lazy\" \/>\t\t\t\t\t\t\t\t<\/a>\n\t\t\t\t\t\t\t\t\t\t\t\t\t\t\t<\/div>\n\t\t\t\t<\/div>\n\t\t\t\t<div class=\"elementor-element elementor-element-b67d39d elementor-widget elementor-widget-image\" data-id=\"b67d39d\" data-element_type=\"widget\" data-widget_type=\"image.default\">\n\t\t\t\t<div class=\"elementor-widget-container\">\n\t\t\t\t\t\t\t\t\t\t\t\t\t\t\t\t<a href=\"https:\/\/kulturonline.tv\/de\/radio\">\n\t\t\t\t\t\t\t<img decoding=\"async\" src=\"https:\/\/kulturonline.tv\/wp-content\/uploads\/2021\/07\/logo-ping-00-1-Kultur-Online-TV.png\" title=\"logo-ping-00-1 Kultur Online TV\" alt=\"logo-ping-00-1 Kultur Online TV\" loading=\"lazy\" \/>\t\t\t\t\t\t\t\t<\/a>\n\t\t\t\t\t\t\t\t\t\t\t\t\t\t\t<\/div>\n\t\t\t\t<\/div>\n\t\t\t\t<div class=\"elementor-element elementor-element-69fd766 elementor-widget elementor-widget-heading\" data-id=\"69fd766\" data-element_type=\"widget\" data-widget_type=\"heading.default\">\n\t\t\t\t<div class=\"elementor-widget-container\">\n\t\t\t\t\t<h1 class=\"elementor-heading-title elementor-size-default\">Der Kulturflash<\/h1>\t\t\t\t<\/div>\n\t\t\t\t<\/div>\n\t\t\t\t<div class=\"elementor-element elementor-element-4739c63 elementor-widget elementor-widget-text-editor\" data-id=\"4739c63\" data-element_type=\"widget\" data-widget_type=\"text-editor.default\">\n\t\t\t\t<div class=\"elementor-widget-container\">\n\t\t\t\t\t\t\t\t\t<p>Beitr\u00e4ge und Interviews aus unserem laufenden Live- Online Radioprogramm<\/p>\t\t\t\t\t\t\t\t<\/div>\n\t\t\t\t<\/div>\n\t\t\t\t<div class=\"elementor-element elementor-element-14e864b elementor-posts--align-left elementor-grid-3 elementor-grid-tablet-2 elementor-grid-mobile-1 elementor-posts--thumbnail-top elementor-widget elementor-widget-posts\" data-id=\"14e864b\" data-element_type=\"widget\" data-settings=\"{&quot;pagination_type&quot;:&quot;numbers_and_prev_next&quot;,&quot;classic_columns&quot;:&quot;3&quot;,&quot;classic_columns_tablet&quot;:&quot;2&quot;,&quot;classic_columns_mobile&quot;:&quot;1&quot;,&quot;classic_row_gap&quot;:{&quot;unit&quot;:&quot;px&quot;,&quot;size&quot;:35,&quot;sizes&quot;:[]},&quot;classic_row_gap_tablet&quot;:{&quot;unit&quot;:&quot;px&quot;,&quot;size&quot;:&quot;&quot;,&quot;sizes&quot;:[]},&quot;classic_row_gap_mobile&quot;:{&quot;unit&quot;:&quot;px&quot;,&quot;size&quot;:&quot;&quot;,&quot;sizes&quot;:[]}}\" data-widget_type=\"posts.classic\">\n\t\t\t\t<div class=\"elementor-widget-container\">\n\t\t\t\t\t\t\t<div class=\"elementor-posts-container elementor-posts elementor-posts--skin-classic elementor-grid\" role=\"list\">\n\t\t\t\t<article class=\"elementor-post elementor-grid-item post-49354 podcast type-podcast status-publish has-post-thumbnail hentry category-audiothek-der-talk-friday category-fm-audio-kulturflash post\" role=\"listitem\">\n\t\t\t\t<a class=\"elementor-post__thumbnail__link\" href=\"https:\/\/kulturonline.tv\/de\/podcast\/neue-single-new-heart-des-oesterreichischen-musiker-modest-oda\/\" tabindex=\"-1\" >\n\t\t\t<div class=\"elementor-post__thumbnail\"><img fetchpriority=\"high\" decoding=\"async\" width=\"1080\" height=\"1080\" src=\"https:\/\/kulturonline.tv\/wp-content\/uploads\/2023\/02\/Modast-Oda-Kultur-Online-TV.png\" class=\"attachment-full size-full wp-image-49355\" alt=\"\" srcset=\"https:\/\/kulturonline.tv\/wp-content\/uploads\/2023\/02\/Modast-Oda-Kultur-Online-TV.png 1080w, https:\/\/kulturonline.tv\/wp-content\/uploads\/2023\/02\/Modast-Oda-Kultur-Online-TV-800x800.png 800w, https:\/\/kulturonline.tv\/wp-content\/uploads\/2023\/02\/Modast-Oda-Kultur-Online-TV-500x500.png 500w, https:\/\/kulturonline.tv\/wp-content\/uploads\/2023\/02\/Modast-Oda-Kultur-Online-TV-768x768.png 768w, https:\/\/kulturonline.tv\/wp-content\/uploads\/2023\/02\/Modast-Oda-Kultur-Online-TV-300x300.png 300w, https:\/\/kulturonline.tv\/wp-content\/uploads\/2023\/02\/Modast-Oda-Kultur-Online-TV-600x600.png 600w, https:\/\/kulturonline.tv\/wp-content\/uploads\/2023\/02\/Modast-Oda-Kultur-Online-TV-100x100.png 100w\" sizes=\"(max-width: 1080px) 100vw, 1080px\" \/><\/div>\n\t\t<\/a>\n\t\t\t\t<div class=\"elementor-post__text\">\n\t\t\t\t<h2 class=\"elementor-post__title\">\n\t\t\t<a href=\"https:\/\/kulturonline.tv\/de\/podcast\/neue-single-new-heart-des-oesterreichischen-musiker-modest-oda\/\" >\n\t\t\t\tNeue Single \u201eNew Heart\u201d des Musiker Modest Oda\t\t\t<\/a>\n\t\t<\/h2>\n\t\t\t\t\t<div class=\"elementor-post__read-more-wrapper\">\n\t\t\n\t\t<a class=\"elementor-post__read-more\" href=\"https:\/\/kulturonline.tv\/de\/podcast\/neue-single-new-heart-des-oesterreichischen-musiker-modest-oda\/\" aria-label=\"Mehr \u00fcber Neue Single \u201eNew Heart\u201d des Musiker Modest Oda\" tabindex=\"-1\" >\n\t\t\t\t\t<\/a>\n\n\t\t\t\t\t<\/div>\n\t\t\t\t<\/div>\n\t\t\t\t<\/article>\n\t\t\t\t<article class=\"elementor-post elementor-grid-item post-48921 podcast type-podcast status-publish has-post-thumbnail hentry category-audiothek-kulturflash category-fm-audio-kulturflash post\" role=\"listitem\">\n\t\t\t\t<a class=\"elementor-post__thumbnail__link\" href=\"https:\/\/kulturonline.tv\/de\/podcast\/liquidinfinity-improvisationskuenstlerinnen\/\" tabindex=\"-1\" >\n\t\t\t<div class=\"elementor-post__thumbnail\"><img decoding=\"async\" width=\"1080\" height=\"1080\" src=\"https:\/\/kulturonline.tv\/wp-content\/uploads\/2023\/02\/ktv-neu.png\" class=\"attachment-full size-full wp-image-48975\" alt=\"\" srcset=\"https:\/\/kulturonline.tv\/wp-content\/uploads\/2023\/02\/ktv-neu.png 1080w, https:\/\/kulturonline.tv\/wp-content\/uploads\/2023\/02\/ktv-neu-800x800.png 800w, https:\/\/kulturonline.tv\/wp-content\/uploads\/2023\/02\/ktv-neu-500x500.png 500w, https:\/\/kulturonline.tv\/wp-content\/uploads\/2023\/02\/ktv-neu-768x768.png 768w, https:\/\/kulturonline.tv\/wp-content\/uploads\/2023\/02\/ktv-neu-300x300.png 300w, https:\/\/kulturonline.tv\/wp-content\/uploads\/2023\/02\/ktv-neu-600x600.png 600w, https:\/\/kulturonline.tv\/wp-content\/uploads\/2023\/02\/ktv-neu-100x100.png 100w\" sizes=\"(max-width: 1080px) 100vw, 1080px\" \/><\/div>\n\t\t<\/a>\n\t\t\t\t<div class=\"elementor-post__text\">\n\t\t\t\t<h2 class=\"elementor-post__title\">\n\t\t\t<a href=\"https:\/\/kulturonline.tv\/de\/podcast\/liquidinfinity-improvisationskuenstlerinnen\/\" >\n\t\t\t\tIm Gespr\u00e4ch mit LIQUIDinfinity- Improvisationsk\u00fcnstler:innen\t\t\t<\/a>\n\t\t<\/h2>\n\t\t\t\t\t<div class=\"elementor-post__read-more-wrapper\">\n\t\t\n\t\t<a class=\"elementor-post__read-more\" href=\"https:\/\/kulturonline.tv\/de\/podcast\/liquidinfinity-improvisationskuenstlerinnen\/\" aria-label=\"Mehr \u00fcber Im Gespr\u00e4ch mit LIQUIDinfinity- Improvisationsk\u00fcnstler:innen\" tabindex=\"-1\" >\n\t\t\t\t\t<\/a>\n\n\t\t\t\t\t<\/div>\n\t\t\t\t<\/div>\n\t\t\t\t<\/article>\n\t\t\t\t<article class=\"elementor-post elementor-grid-item post-47985 podcast type-podcast status-publish has-post-thumbnail hentry category-fm-audio-kulturflash post\" role=\"listitem\">\n\t\t\t\t<a class=\"elementor-post__thumbnail__link\" href=\"https:\/\/kulturonline.tv\/de\/podcast\/norbert-eisner\/\" tabindex=\"-1\" >\n\t\t\t<div class=\"elementor-post__thumbnail\"><img decoding=\"async\" width=\"1080\" height=\"1080\" src=\"https:\/\/kulturonline.tv\/wp-content\/uploads\/2023\/01\/Eisner-Kultur-Online-FM.png\" class=\"attachment-full size-full wp-image-48977\" alt=\"\" srcset=\"https:\/\/kulturonline.tv\/wp-content\/uploads\/2023\/01\/Eisner-Kultur-Online-FM.png 1080w, https:\/\/kulturonline.tv\/wp-content\/uploads\/2023\/01\/Eisner-Kultur-Online-FM-800x800.png 800w, https:\/\/kulturonline.tv\/wp-content\/uploads\/2023\/01\/Eisner-Kultur-Online-FM-500x500.png 500w, https:\/\/kulturonline.tv\/wp-content\/uploads\/2023\/01\/Eisner-Kultur-Online-FM-768x768.png 768w, https:\/\/kulturonline.tv\/wp-content\/uploads\/2023\/01\/Eisner-Kultur-Online-FM-300x300.png 300w, https:\/\/kulturonline.tv\/wp-content\/uploads\/2023\/01\/Eisner-Kultur-Online-FM-600x600.png 600w, https:\/\/kulturonline.tv\/wp-content\/uploads\/2023\/01\/Eisner-Kultur-Online-FM-100x100.png 100w\" sizes=\"(max-width: 1080px) 100vw, 1080px\" \/><\/div>\n\t\t<\/a>\n\t\t\t\t<div class=\"elementor-post__text\">\n\t\t\t\t<h2 class=\"elementor-post__title\">\n\t\t\t<a href=\"https:\/\/kulturonline.tv\/de\/podcast\/norbert-eisner\/\" >\n\t\t\t\tNorbert Eisner Holz-und Steinbildhauer aus Schwaz in Tirol\t\t\t<\/a>\n\t\t<\/h2>\n\t\t\t\t\t<div class=\"elementor-post__read-more-wrapper\">\n\t\t\n\t\t<a class=\"elementor-post__read-more\" href=\"https:\/\/kulturonline.tv\/de\/podcast\/norbert-eisner\/\" aria-label=\"Mehr \u00fcber Norbert Eisner Holz-und Steinbildhauer aus Schwaz in Tirol\" tabindex=\"-1\" >\n\t\t\t\t\t<\/a>\n\n\t\t\t\t\t<\/div>\n\t\t\t\t<\/div>\n\t\t\t\t<\/article>\n\t\t\t\t<article class=\"elementor-post elementor-grid-item post-46217 podcast type-podcast status-publish has-post-thumbnail hentry category-fm-audio-kulturflash post\" role=\"listitem\">\n\t\t\t\t<a class=\"elementor-post__thumbnail__link\" href=\"https:\/\/kulturonline.tv\/de\/podcast\/juedischen-kulturtage-muenchen-2022-konzert-der-klezmer-sisters\/\" tabindex=\"-1\" >\n\t\t\t<div class=\"elementor-post__thumbnail\"><img loading=\"lazy\" decoding=\"async\" width=\"1080\" height=\"1080\" src=\"https:\/\/kulturonline.tv\/wp-content\/uploads\/2022\/12\/Instagram.png\" class=\"attachment-full size-full wp-image-48979\" alt=\"\" srcset=\"https:\/\/kulturonline.tv\/wp-content\/uploads\/2022\/12\/Instagram.png 1080w, https:\/\/kulturonline.tv\/wp-content\/uploads\/2022\/12\/Instagram-800x800.png 800w, https:\/\/kulturonline.tv\/wp-content\/uploads\/2022\/12\/Instagram-500x500.png 500w, https:\/\/kulturonline.tv\/wp-content\/uploads\/2022\/12\/Instagram-768x768.png 768w, https:\/\/kulturonline.tv\/wp-content\/uploads\/2022\/12\/Instagram-300x300.png 300w, https:\/\/kulturonline.tv\/wp-content\/uploads\/2022\/12\/Instagram-600x600.png 600w, https:\/\/kulturonline.tv\/wp-content\/uploads\/2022\/12\/Instagram-100x100.png 100w\" sizes=\"(max-width: 1080px) 100vw, 1080px\" \/><\/div>\n\t\t<\/a>\n\t\t\t\t<div class=\"elementor-post__text\">\n\t\t\t\t<h2 class=\"elementor-post__title\">\n\t\t\t<a href=\"https:\/\/kulturonline.tv\/de\/podcast\/juedischen-kulturtage-muenchen-2022-konzert-der-klezmer-sisters\/\" >\n\t\t\t\tJ\u00fcdischen Kulturtage M\u00fcnchen 2022 Konzert\t\t\t<\/a>\n\t\t<\/h2>\n\t\t\t\t\t<div class=\"elementor-post__read-more-wrapper\">\n\t\t\n\t\t<a class=\"elementor-post__read-more\" href=\"https:\/\/kulturonline.tv\/de\/podcast\/juedischen-kulturtage-muenchen-2022-konzert-der-klezmer-sisters\/\" aria-label=\"Mehr \u00fcber J\u00fcdischen Kulturtage M\u00fcnchen 2022 Konzert\" tabindex=\"-1\" >\n\t\t\t\t\t<\/a>\n\n\t\t\t\t\t<\/div>\n\t\t\t\t<\/div>\n\t\t\t\t<\/article>\n\t\t\t\t<article class=\"elementor-post elementor-grid-item post-41534 podcast type-podcast status-publish has-post-thumbnail hentry category-fm-audio-kulturflash post\" role=\"listitem\">\n\t\t\t\t<a class=\"elementor-post__thumbnail__link\" href=\"https:\/\/kulturonline.tv\/de\/podcast\/gottschalk-und-luepertz-buehne-frei-fuer-zwei-legenden\/\" tabindex=\"-1\" >\n\t\t\t<div class=\"elementor-post__thumbnail\"><img loading=\"lazy\" decoding=\"async\" width=\"1080\" height=\"1080\" src=\"https:\/\/kulturonline.tv\/wp-content\/uploads\/2022\/11\/Thomas-Gottschalk.png\" class=\"attachment-full size-full wp-image-48981\" alt=\"\" srcset=\"https:\/\/kulturonline.tv\/wp-content\/uploads\/2022\/11\/Thomas-Gottschalk.png 1080w, https:\/\/kulturonline.tv\/wp-content\/uploads\/2022\/11\/Thomas-Gottschalk-800x800.png 800w, https:\/\/kulturonline.tv\/wp-content\/uploads\/2022\/11\/Thomas-Gottschalk-500x500.png 500w, https:\/\/kulturonline.tv\/wp-content\/uploads\/2022\/11\/Thomas-Gottschalk-768x768.png 768w, https:\/\/kulturonline.tv\/wp-content\/uploads\/2022\/11\/Thomas-Gottschalk-300x300.png 300w, https:\/\/kulturonline.tv\/wp-content\/uploads\/2022\/11\/Thomas-Gottschalk-600x600.png 600w, https:\/\/kulturonline.tv\/wp-content\/uploads\/2022\/11\/Thomas-Gottschalk-100x100.png 100w\" sizes=\"(max-width: 1080px) 100vw, 1080px\" \/><\/div>\n\t\t<\/a>\n\t\t\t\t<div class=\"elementor-post__text\">\n\t\t\t\t<h2 class=\"elementor-post__title\">\n\t\t\t<a href=\"https:\/\/kulturonline.tv\/de\/podcast\/gottschalk-und-luepertz-buehne-frei-fuer-zwei-legenden\/\" >\n\t\t\t\tGottschalk und L\u00fcpertz\u201c B\u00fchne frei f\u00fcr zwei Legenden\t\t\t<\/a>\n\t\t<\/h2>\n\t\t\t\t\t<div class=\"elementor-post__read-more-wrapper\">\n\t\t\n\t\t<a class=\"elementor-post__read-more\" href=\"https:\/\/kulturonline.tv\/de\/podcast\/gottschalk-und-luepertz-buehne-frei-fuer-zwei-legenden\/\" aria-label=\"Mehr \u00fcber Gottschalk und L\u00fcpertz\u201c B\u00fchne frei f\u00fcr zwei Legenden\" tabindex=\"-1\" >\n\t\t\t\t\t<\/a>\n\n\t\t\t\t\t<\/div>\n\t\t\t\t<\/div>\n\t\t\t\t<\/article>\n\t\t\t\t<article class=\"elementor-post elementor-grid-item post-40699 podcast type-podcast status-publish has-post-thumbnail hentry category-fm-audio-kulturflash post\" role=\"listitem\">\n\t\t\t\t<a class=\"elementor-post__thumbnail__link\" href=\"https:\/\/kulturonline.tv\/de\/podcast\/musikerin-und-taenzerin-jana-gatt\/\" tabindex=\"-1\" >\n\t\t\t<div class=\"elementor-post__thumbnail\"><img loading=\"lazy\" decoding=\"async\" width=\"1080\" height=\"1080\" src=\"https:\/\/kulturonline.tv\/wp-content\/uploads\/2022\/11\/Jana-Gatt-Kultur-Online-FM.png\" class=\"attachment-full size-full wp-image-48983\" alt=\"\" srcset=\"https:\/\/kulturonline.tv\/wp-content\/uploads\/2022\/11\/Jana-Gatt-Kultur-Online-FM.png 1080w, https:\/\/kulturonline.tv\/wp-content\/uploads\/2022\/11\/Jana-Gatt-Kultur-Online-FM-800x800.png 800w, https:\/\/kulturonline.tv\/wp-content\/uploads\/2022\/11\/Jana-Gatt-Kultur-Online-FM-500x500.png 500w, https:\/\/kulturonline.tv\/wp-content\/uploads\/2022\/11\/Jana-Gatt-Kultur-Online-FM-768x768.png 768w, https:\/\/kulturonline.tv\/wp-content\/uploads\/2022\/11\/Jana-Gatt-Kultur-Online-FM-300x300.png 300w, https:\/\/kulturonline.tv\/wp-content\/uploads\/2022\/11\/Jana-Gatt-Kultur-Online-FM-600x600.png 600w, https:\/\/kulturonline.tv\/wp-content\/uploads\/2022\/11\/Jana-Gatt-Kultur-Online-FM-100x100.png 100w\" sizes=\"(max-width: 1080px) 100vw, 1080px\" \/><\/div>\n\t\t<\/a>\n\t\t\t\t<div class=\"elementor-post__text\">\n\t\t\t\t<h2 class=\"elementor-post__title\">\n\t\t\t<a href=\"https:\/\/kulturonline.tv\/de\/podcast\/musikerin-und-taenzerin-jana-gatt\/\" >\n\t\t\t\tIm Gespr\u00e4ch mit der Musiker-T\u00e4nzerin Jana Gatt\t\t\t<\/a>\n\t\t<\/h2>\n\t\t\t\t\t<div class=\"elementor-post__read-more-wrapper\">\n\t\t\n\t\t<a class=\"elementor-post__read-more\" href=\"https:\/\/kulturonline.tv\/de\/podcast\/musikerin-und-taenzerin-jana-gatt\/\" aria-label=\"Mehr \u00fcber Im Gespr\u00e4ch mit der Musiker-T\u00e4nzerin Jana Gatt\" tabindex=\"-1\" >\n\t\t\t\t\t<\/a>\n\n\t\t\t\t\t<\/div>\n\t\t\t\t<\/div>\n\t\t\t\t<\/article>\n\t\t\t\t<\/div>\n\t\t\n\t\t\t\t<div class=\"e-load-more-anchor\" data-page=\"1\" data-max-page=\"4\" data-next-page=\"https:\/\/kulturonline.tv\/de\/wp-json\/wp\/v2\/pages\/47083\/page\/2\/\"><\/div>\n\t\t\t\t<nav class=\"elementor-pagination\" aria-label=\"Seitennummerierung\">\n\t\t\t<span class=\"page-numbers prev\">&laquo; Previous<\/span>\n<span aria-current=\"page\" class=\"page-numbers current\"><span class=\"elementor-screen-only\">Seite<\/span>1<\/span>\n<a class=\"page-numbers\" href=\"https:\/\/kulturonline.tv\/de\/wp-json\/wp\/v2\/pages\/47083\/page\/2\/\"><span class=\"elementor-screen-only\">Seite<\/span>2<\/a>\n<a class=\"page-numbers\" href=\"https:\/\/kulturonline.tv\/de\/wp-json\/wp\/v2\/pages\/47083\/page\/3\/\"><span class=\"elementor-screen-only\">Seite<\/span>3<\/a>\n<a class=\"page-numbers\" href=\"https:\/\/kulturonline.tv\/de\/wp-json\/wp\/v2\/pages\/47083\/page\/4\/\"><span class=\"elementor-screen-only\">Seite<\/span>4<\/a>\n<a class=\"page-numbers next\" href=\"https:\/\/kulturonline.tv\/de\/wp-json\/wp\/v2\/pages\/47083\/page\/2\/\">Next &raquo;<\/a>\t\t<\/nav>\n\t\t\t\t\t\t<\/div>\n\t\t\t\t<\/div>\n\t\t\t\t<div class=\"elementor-element elementor-element-78c669e elementor-widget elementor-widget-spacer\" data-id=\"78c669e\" data-element_type=\"widget\" data-widget_type=\"spacer.default\">\n\t\t\t\t<div class=\"elementor-widget-container\">\n\t\t\t\t\t\t\t<div class=\"elementor-spacer\">\n\t\t\t<div class=\"elementor-spacer-inner\"><\/div>\n\t\t<\/div>\n\t\t\t\t\t\t<\/div>\n\t\t\t\t<\/div>\n\t\t\t\t\t<\/div>\n\t\t<\/div>\n\t\t\t\t<div class=\"elementor-column elementor-col-50 elementor-inner-column elementor-element elementor-element-b3c64d8\" data-id=\"b3c64d8\" data-element_type=\"column\">\n\t\t\t<div class=\"elementor-widget-wrap elementor-element-populated\">\n\t\t\t\t\t\t<div class=\"elementor-element elementor-element-eab660f elementor-widget elementor-widget-spacer\" data-id=\"eab660f\" data-element_type=\"widget\" data-widget_type=\"spacer.default\">\n\t\t\t\t<div class=\"elementor-widget-container\">\n\t\t\t\t\t\t\t<div class=\"elementor-spacer\">\n\t\t\t<div class=\"elementor-spacer-inner\"><\/div>\n\t\t<\/div>\n\t\t\t\t\t\t<\/div>\n\t\t\t\t<\/div>\n\t\t\t\t<div class=\"elementor-element elementor-element-6e1b7eb elementor-widget elementor-widget-html\" data-id=\"6e1b7eb\" data-element_type=\"widget\" data-settings=\"{&quot;motion_fx_motion_fx_scrolling&quot;:&quot;yes&quot;,&quot;motion_fx_translateY_effect&quot;:&quot;yes&quot;,&quot;motion_fx_translateY_direction&quot;:&quot;negative&quot;,&quot;motion_fx_translateY_speed&quot;:{&quot;unit&quot;:&quot;px&quot;,&quot;size&quot;:2.7,&quot;sizes&quot;:[]},&quot;motion_fx_translateY_affectedRange&quot;:{&quot;unit&quot;:&quot;%&quot;,&quot;size&quot;:&quot;&quot;,&quot;sizes&quot;:{&quot;start&quot;:0,&quot;end&quot;:100}},&quot;motion_fx_devices&quot;:[&quot;desktop&quot;,&quot;tablet&quot;,&quot;mobile&quot;]}\" data-widget_type=\"html.default\">\n\t\t\t\t<div class=\"elementor-widget-container\">\n\t\t\t\t\t<a href=\"https:\/\/t.adcell.com\/p\/click?promoId=295264&slotId=98564\" target=\"_blank\" >\r\n    <img loading=\"lazy\" decoding=\"async\" src=\"https:\/\/t.adcell.com\/p\/image?promoId=295264&slotId=98564\" width=\"300\" height=\"600\" border=\"0\" alt=\"Lesido\" \/>\r\n<\/a>\t\t\t\t<\/div>\n\t\t\t\t<\/div>\n\t\t\t\t\t<\/div>\n\t\t<\/div>\n\t\t\t\t\t<\/div>\n\t\t<\/section>\n\t\t\t\t<div class=\"elementor-element elementor-element-9fc1ebd elementor-widget elementor-widget-spacer\" data-id=\"9fc1ebd\" data-element_type=\"widget\" data-widget_type=\"spacer.default\">\n\t\t\t\t<div class=\"elementor-widget-container\">\n\t\t\t\t\t\t\t<div class=\"elementor-spacer\">\n\t\t\t<div class=\"elementor-spacer-inner\"><\/div>\n\t\t<\/div>\n\t\t\t\t\t\t<\/div>\n\t\t\t\t<\/div>\n\t\t\t\t\t<\/div>\n\t\t<\/div>\n\t\t\t\t\t<\/div>\n\t\t<\/section>\n\t\t\t\t<\/div>\n\t\t","protected":false},"excerpt":{"rendered":"<p>Der Kulturflash Beitr\u00e4ge und Interviews aus unserem laufenden Live- Online Radioprogramm<\/p>\n","protected":false},"author":2,"featured_media":45240,"parent":0,"menu_order":0,"comment_status":"closed","ping_status":"closed","template":"elementor_header_footer","meta":{"_acf_changed":false,"footnotes":""},"class_list":["post-47083","page","type-page","status-publish","has-post-thumbnail","hentry","post"],"acf":[],"yoast_head":"<!-- This site is optimized with the Yoast SEO plugin v26.1.1 - https:\/\/yoast.com\/wordpress\/plugins\/seo\/ -->\n<title>Audio Podcast- Kulturflash - Kultur Online TV &amp; FM<\/title>\n<meta name=\"description\" content=\"Beitr\u00e4ge zum Nachh\u00f6ren unseres laufenden Online Radio Programm\" \/>\n<meta name=\"robots\" content=\"index, follow, max-snippet:-1, max-image-preview:large, max-video-preview:-1\" \/>\n<link rel=\"canonical\" href=\"https:\/\/kulturonline.tv\/de\/audio-podcast-kulturflash\/\" \/>\n<meta property=\"og:locale\" content=\"de_DE\" \/>\n<meta property=\"og:type\" content=\"article\" \/>\n<meta property=\"og:title\" content=\"Audio Podcast- Kulturflash - Kultur Online TV &amp; FM\" \/>\n<meta property=\"og:description\" content=\"Beitr\u00e4ge zum Nachh\u00f6ren unseres laufenden Online Radio Programm\" \/>\n<meta property=\"og:url\" content=\"https:\/\/kulturonline.tv\/de\/audio-podcast-kulturflash\/\" \/>\n<meta property=\"og:site_name\" content=\"Kultur Online TV &amp; FM\" \/>\n<meta property=\"article:publisher\" content=\"https:\/\/www.facebook.com\/kulturonline.tv\" \/>\n<meta property=\"article:modified_time\" content=\"2023-02-13T10:23:03+00:00\" \/>\n<meta property=\"og:image\" content=\"https:\/\/kulturonline.tv\/wp-content\/uploads\/2022\/12\/Kulturflash-1600x1600.png\" \/>\n\t<meta property=\"og:image:width\" content=\"1600\" \/>\n\t<meta property=\"og:image:height\" content=\"1600\" \/>\n\t<meta property=\"og:image:type\" content=\"image\/png\" \/>\n<meta name=\"twitter:card\" content=\"summary_large_image\" \/>\n<script type=\"application\/ld+json\" class=\"yoast-schema-graph\">{\"@context\":\"https:\/\/schema.org\",\"@graph\":[{\"@type\":\"WebPage\",\"@id\":\"https:\/\/kulturonline.tv\/de\/audio-podcast-kulturflash\/\",\"url\":\"https:\/\/kulturonline.tv\/de\/audio-podcast-kulturflash\/\",\"name\":\"Audio Podcast- Kulturflash - Kultur Online TV &amp; FM\",\"isPartOf\":{\"@id\":\"https:\/\/kulturonline.tv\/de\/#website\"},\"primaryImageOfPage\":{\"@id\":\"https:\/\/kulturonline.tv\/de\/audio-podcast-kulturflash\/#primaryimage\"},\"image\":{\"@id\":\"https:\/\/kulturonline.tv\/de\/audio-podcast-kulturflash\/#primaryimage\"},\"thumbnailUrl\":\"https:\/\/kulturonline.tv\/wp-content\/uploads\/2022\/12\/Kulturflash.png\",\"datePublished\":\"2022-12-30T17:08:08+00:00\",\"dateModified\":\"2023-02-13T10:23:03+00:00\",\"description\":\"Beitr\u00e4ge zum Nachh\u00f6ren unseres laufenden Online Radio Programm\",\"breadcrumb\":{\"@id\":\"https:\/\/kulturonline.tv\/de\/audio-podcast-kulturflash\/#breadcrumb\"},\"inLanguage\":\"de\",\"potentialAction\":[{\"@type\":\"ReadAction\",\"target\":[\"https:\/\/kulturonline.tv\/de\/audio-podcast-kulturflash\/\"]}]},{\"@type\":\"ImageObject\",\"inLanguage\":\"de\",\"@id\":\"https:\/\/kulturonline.tv\/de\/audio-podcast-kulturflash\/#primaryimage\",\"url\":\"https:\/\/kulturonline.tv\/wp-content\/uploads\/2022\/12\/Kulturflash.png\",\"contentUrl\":\"https:\/\/kulturonline.tv\/wp-content\/uploads\/2022\/12\/Kulturflash.png\",\"width\":2560,\"height\":2560},{\"@type\":\"BreadcrumbList\",\"@id\":\"https:\/\/kulturonline.tv\/de\/audio-podcast-kulturflash\/#breadcrumb\",\"itemListElement\":[{\"@type\":\"ListItem\",\"position\":1,\"name\":\"Startseite\",\"item\":\"https:\/\/kulturonline.tv\/de\/\"},{\"@type\":\"ListItem\",\"position\":2,\"name\":\"Audio Podcast- Kulturflash\"}]},{\"@type\":\"WebSite\",\"@id\":\"https:\/\/kulturonline.tv\/de\/#website\",\"url\":\"https:\/\/kulturonline.tv\/de\/\",\"name\":\"Kultur Online TV &amp; FM\",\"description\":\"Wir sind Kultur 2.0 zum sehen &amp; h\u00f6ren\",\"publisher\":{\"@id\":\"https:\/\/kulturonline.tv\/de\/#organization\"},\"potentialAction\":[{\"@type\":\"SearchAction\",\"target\":{\"@type\":\"EntryPoint\",\"urlTemplate\":\"https:\/\/kulturonline.tv\/de\/?s={search_term_string}\"},\"query-input\":{\"@type\":\"PropertyValueSpecification\",\"valueRequired\":true,\"valueName\":\"search_term_string\"}}],\"inLanguage\":\"de\"},{\"@type\":\"Organization\",\"@id\":\"https:\/\/kulturonline.tv\/de\/#organization\",\"name\":\"Kultur Online TV\",\"url\":\"https:\/\/kulturonline.tv\/de\/\",\"logo\":{\"@type\":\"ImageObject\",\"inLanguage\":\"de\",\"@id\":\"https:\/\/kulturonline.tv\/de\/#\/schema\/logo\/image\/\",\"url\":\"https:\/\/kulturonline.tv\/wp-content\/uploads\/2021\/08\/Kultur-Online-Tv-Logo-Endversion-neu.png\",\"contentUrl\":\"https:\/\/kulturonline.tv\/wp-content\/uploads\/2021\/08\/Kultur-Online-Tv-Logo-Endversion-neu.png\",\"width\":200,\"height\":200,\"caption\":\"Kultur Online TV\"},\"image\":{\"@id\":\"https:\/\/kulturonline.tv\/de\/#\/schema\/logo\/image\/\"},\"sameAs\":[\"https:\/\/www.facebook.com\/kulturonline.tv\",\"https:\/\/www.instagram.com\/kulturonline.tv\"]}]}<\/script>\n<!-- \/ Yoast SEO plugin. -->","yoast_head_json":{"title":"Audio Podcast- Kulturflash - Kultur Online TV &amp; FM","description":"Beitr\u00e4ge zum Nachh\u00f6ren unseres laufenden Online Radio Programm","robots":{"index":"index","follow":"follow","max-snippet":"max-snippet:-1","max-image-preview":"max-image-preview:large","max-video-preview":"max-video-preview:-1"},"canonical":"https:\/\/kulturonline.tv\/de\/audio-podcast-kulturflash\/","og_locale":"de_DE","og_type":"article","og_title":"Audio Podcast- Kulturflash - Kultur Online TV &amp; FM","og_description":"Beitr\u00e4ge zum Nachh\u00f6ren unseres laufenden Online Radio Programm","og_url":"https:\/\/kulturonline.tv\/de\/audio-podcast-kulturflash\/","og_site_name":"Kultur Online TV &amp; FM","article_publisher":"https:\/\/www.facebook.com\/kulturonline.tv","article_modified_time":"2023-02-13T10:23:03+00:00","og_image":[{"width":1600,"height":1600,"url":"https:\/\/kulturonline.tv\/wp-content\/uploads\/2022\/12\/Kulturflash-1600x1600.png","type":"image\/png"}],"twitter_card":"summary_large_image","schema":{"@context":"https:\/\/schema.org","@graph":[{"@type":"WebPage","@id":"https:\/\/kulturonline.tv\/de\/audio-podcast-kulturflash\/","url":"https:\/\/kulturonline.tv\/de\/audio-podcast-kulturflash\/","name":"Audio Podcast- Kulturflash - Kultur Online TV &amp; FM","isPartOf":{"@id":"https:\/\/kulturonline.tv\/de\/#website"},"primaryImageOfPage":{"@id":"https:\/\/kulturonline.tv\/de\/audio-podcast-kulturflash\/#primaryimage"},"image":{"@id":"https:\/\/kulturonline.tv\/de\/audio-podcast-kulturflash\/#primaryimage"},"thumbnailUrl":"https:\/\/kulturonline.tv\/wp-content\/uploads\/2022\/12\/Kulturflash.png","datePublished":"2022-12-30T17:08:08+00:00","dateModified":"2023-02-13T10:23:03+00:00","description":"Beitr\u00e4ge zum Nachh\u00f6ren unseres laufenden Online Radio Programm","breadcrumb":{"@id":"https:\/\/kulturonline.tv\/de\/audio-podcast-kulturflash\/#breadcrumb"},"inLanguage":"de","potentialAction":[{"@type":"ReadAction","target":["https:\/\/kulturonline.tv\/de\/audio-podcast-kulturflash\/"]}]},{"@type":"ImageObject","inLanguage":"de","@id":"https:\/\/kulturonline.tv\/de\/audio-podcast-kulturflash\/#primaryimage","url":"https:\/\/kulturonline.tv\/wp-content\/uploads\/2022\/12\/Kulturflash.png","contentUrl":"https:\/\/kulturonline.tv\/wp-content\/uploads\/2022\/12\/Kulturflash.png","width":2560,"height":2560},{"@type":"BreadcrumbList","@id":"https:\/\/kulturonline.tv\/de\/audio-podcast-kulturflash\/#breadcrumb","itemListElement":[{"@type":"ListItem","position":1,"name":"Startseite","item":"https:\/\/kulturonline.tv\/de\/"},{"@type":"ListItem","position":2,"name":"Audio Podcast- Kulturflash"}]},{"@type":"WebSite","@id":"https:\/\/kulturonline.tv\/de\/#website","url":"https:\/\/kulturonline.tv\/de\/","name":"Kultur Online TV &amp; FM","description":"Wir sind Kultur 2.0 zum sehen &amp; h\u00f6ren","publisher":{"@id":"https:\/\/kulturonline.tv\/de\/#organization"},"potentialAction":[{"@type":"SearchAction","target":{"@type":"EntryPoint","urlTemplate":"https:\/\/kulturonline.tv\/de\/?s={search_term_string}"},"query-input":{"@type":"PropertyValueSpecification","valueRequired":true,"valueName":"search_term_string"}}],"inLanguage":"de"},{"@type":"Organization","@id":"https:\/\/kulturonline.tv\/de\/#organization","name":"Kultur Online TV","url":"https:\/\/kulturonline.tv\/de\/","logo":{"@type":"ImageObject","inLanguage":"de","@id":"https:\/\/kulturonline.tv\/de\/#\/schema\/logo\/image\/","url":"https:\/\/kulturonline.tv\/wp-content\/uploads\/2021\/08\/Kultur-Online-Tv-Logo-Endversion-neu.png","contentUrl":"https:\/\/kulturonline.tv\/wp-content\/uploads\/2021\/08\/Kultur-Online-Tv-Logo-Endversion-neu.png","width":200,"height":200,"caption":"Kultur Online TV"},"image":{"@id":"https:\/\/kulturonline.tv\/de\/#\/schema\/logo\/image\/"},"sameAs":["https:\/\/www.facebook.com\/kulturonline.tv","https:\/\/www.instagram.com\/kulturonline.tv"]}]}},"_links":{"self":[{"href":"https:\/\/kulturonline.tv\/de\/wp-json\/wp\/v2\/pages\/47083","targetHints":{"allow":["GET"]}}],"collection":[{"href":"https:\/\/kulturonline.tv\/de\/wp-json\/wp\/v2\/pages"}],"about":[{"href":"https:\/\/kulturonline.tv\/de\/wp-json\/wp\/v2\/types\/page"}],"author":[{"embeddable":true,"href":"https:\/\/kulturonline.tv\/de\/wp-json\/wp\/v2\/users\/2"}],"replies":[{"embeddable":true,"href":"https:\/\/kulturonline.tv\/de\/wp-json\/wp\/v2\/comments?post=47083"}],"version-history":[{"count":0,"href":"https:\/\/kulturonline.tv\/de\/wp-json\/wp\/v2\/pages\/47083\/revisions"}],"wp:featuredmedia":[{"embeddable":true,"href":"https:\/\/kulturonline.tv\/de\/wp-json\/wp\/v2\/media\/45240"}],"wp:attachment":[{"href":"https:\/\/kulturonline.tv\/de\/wp-json\/wp\/v2\/media?parent=47083"}],"curies":[{"name":"wp","href":"https:\/\/api.w.org\/{rel}","templated":true}]}}