{"id":95541,"date":"2024-07-21T15:44:24","date_gmt":"2024-07-21T13:44:24","guid":{"rendered":"https:\/\/kulturonline.tv\/?page_id=95541"},"modified":"2024-07-28T20:05:26","modified_gmt":"2024-07-28T18:05:26","slug":"podcast-kulturflash","status":"publish","type":"page","link":"https:\/\/kulturonline.tv\/de\/podcast-kulturflash\/","title":{"rendered":"Podcast Kulturflash"},"content":{"rendered":"\n    \n            <div class=\"podlove-web-player intrinsic-ignore podlove-web-player-loading\" id=\"player-69f4f4d934749\"><root data-test=\"player--xl\" style=\"max-width:950px;min-width:260px;\">\n  <div class=\"tablet:px-6 tablet:pt-6 mobile:px-4 mobile:pt-4 flex flex-col\">\n    <div class=\"flex-col items-center mobile:flex tablet:hidden\">\n      <show-title class=\"text-sm\"><\/show-title>\n      <episode-title class=\"text-base mb-2\"><\/episode-title>\n      <subscribe-button class=\"mb-4 mobile:flex tablet:hidden\"><\/subscribe-button>\n      <poster class=\"rounded-sm w-48 shadow overflow-hidden\"><\/poster>\n      <divider class=\"w-full my-6\"><\/divider>\n    <\/div>\n\n    <div class=\"tablet:flex flex-grow\">\n      <div class=\"w-64 mobile:hidden tablet:block tablet:mr-6\">\n        <poster class=\"rounded-sm shadow overflow-hidden\"><\/poster>\n      <\/div>\n      <div class=\"w-full\">\n        <div class=\"hidden tablet:block\">\n          <show-title class=\"text-base\"><\/show-title>\n          <episode-title class=\"text-xl desktop:text-2xl\"><\/episode-title>\n          <divider class=\"w-full my-4\"><\/divider>\n        <\/div>\n        <div class=\"flex items-center justify-between\">\n          <div class=\"block\">\n            <play-state on=\"active\">\n              <speed-control class=\"flex items-center\"><\/speed-control>\n            <\/play-state>\n          <\/div>\n\n          <div class=\"flex\">\n            <play-state on=\"active\">\n              <chapter-previous class=\"mx-2 block\"><\/chapter-previous>\n            <\/play-state>\n            <play-state on=\"active\">\n              <step-backward class=\"mx-2 block\"><\/step-backward>\n            <\/play-state>\n\n            <play-button class=\"mx-2 block\" :label=\"$t('PLAYER.PLAY_EPISODE')\"><\/play-button>\n\n            <play-state on=\"active\">\n              <step-forward class=\"mx-2 block\"><\/step-forward>\n            <\/play-state>\n            <play-state on=\"active\">\n              <chapter-next class=\"mx-2 block\"><\/chapter-next>\n            <\/play-state>\n          <\/div>\n\n          <div class=\"block\">\n            <play-state on=\"active\">\n              <volume-control class=\"flex items-center\"><\/volume-control>\n            <\/play-state>\n          <\/div>\n        <\/div>\n        <div class=\"flex w-full\">\n          <progress-bar><\/progress-bar>\n        <\/div>\n        <div class=\"flex w-full -mt-2\">\n          <div class=\"w-3\/12 text-left\">\n            <timer-current class=\"text-sm\"><\/timer-current>\n          <\/div>\n          <div class=\"w-6\/12 text-center truncate\">\n            <play-state on=\"active\">\n              <current-chapter class=\"text-sm\"><\/current-chapter>\n            <\/play-state>\n          <\/div>\n          <div class=\"w-3\/12 text-right\">\n            <timer-duration class=\"text-sm\"><\/timer-duration>\n          <\/div>\n        <\/div>\n      <\/div>\n    <\/div>\n    <divider class=\"w-full mt-6 mb-3\"><\/divider>\n    <div class=\"flex justify-between\">\n      <div class=\"flex mobile:w-full tablet:w-3\/12 desktop:w-3\/12 justify-between\">\n        <tab-trigger tab=\"chapters\">\n          <icon type=\"chapter\"><\/icon>\n        <\/tab-trigger>\n        <tab-trigger tab=\"transcripts\">\n          <icon type=\"transcripts\"><\/icon>\n        <\/tab-trigger>\n        <tab-trigger tab=\"files\">\n          <icon type=\"download\"><\/icon>\n        <\/tab-trigger>\n        <tab-trigger tab=\"playlist\">\n          <icon type=\"playlist\"><\/icon>\n        <\/tab-trigger>\n        <tab-trigger tab=\"share\">\n          <icon type=\"share\"><\/icon>\n        <\/tab-trigger>\n      <\/div>\n      <subscribe-button class=\"mt-1 mobile:hidden tablet:flex\"><\/subscribe-button>\n    <\/div>\n  <\/div>\n  <div class=\"w-full relative overflow-hidden\">\n    <tab name=\"chapters\">\n      <tab-chapters><\/tab-chapters>\n    <\/tab>\n    <tab name=\"transcripts\">\n      <tab-transcripts><\/tab-transcripts>\n    <\/tab>\n    <tab name=\"files\">\n      <tab-files><\/tab-files>\n    <\/tab>\n    <tab name=\"playlist\">\n      <tab-playlist><\/tab-playlist>\n    <\/tab>\n    <tab name=\"share\">\n      <tab-share><\/tab-share>\n    <\/tab>\n    <tab-overflow><\/tab-overflow>\n  <\/div>\n  <error><\/error>\n<\/root>\n<\/div>\n            <script>\n              document.addEventListener(\"DOMContentLoaded\", function() {\n                var player = document.getElementById(\"player-69f4f4d934749\");\n                podlovePlayerCache.add([{\"url\":\"https:\\\/\\\/kulturonline.tv\\\/de\\\/wp-json\\\/podlove-web-player\\\/shortcode\\\/publisher\\\/10278\",\"data\":{\"version\":5,\"show\":{\"title\":\"\",\"subtitle\":\"\",\"summary\":\"\",\"poster\":\"\",\"link\":\"https:\\\/\\\/kulturonline.tv\\\/podcast\"},\"title\":\"Kevin Clarke der abstrakte K\\u00fcnstler-Bildhauer aus New York\",\"subtitle\":\"\",\"summary\":\"\",\"publicationDate\":\"2021-10-30T19:04:54+02:00\",\"duration\":\"00:10:18.360\",\"poster\":\"https:\\\/\\\/kulturonline.tv\\\/de\\\/podlove\\\/image\\\/68747470733a2f2f6b756c7475726f6e6c696e652e74762f77702d636f6e74656e742f75706c6f6164732f323032312f31302f4b756c7475722d4f6e6c696e652d464d2e706e67\\\/500\\\/0\\\/0\\\/kevin-clarke\\\/\",\"link\":\"https:\\\/\\\/kulturonline.tv\\\/de\\\/podcast\\\/kevin-clarke\\\/\",\"chapters\":[],\"audio\":[{\"url\":\"https:\\\/\\\/kulturonline.tv\\\/de\\\/podlove\\\/file\\\/3\\\/s\\\/webplayer\\\/c\\\/website\\\/kulturflash-2.mp3\",\"size\":\"17097768\",\"title\":\"MP3 Audio (mp3)\",\"mimeType\":\"audio\\\/mpeg\"}],\"files\":[{\"url\":\"https:\\\/\\\/kulturonline.tv\\\/de\\\/podlove\\\/file\\\/3\\\/s\\\/webplayer\\\/kulturflash-2.mp3\",\"size\":\"17097768\",\"title\":\"MP3 Audio\",\"mimeType\":\"audio\\\/mpeg\"}]}}, {\"url\":\"https:\\\/\\\/kulturonline.tv\\\/de\\\/wp-json\\\/podlove-web-player\\\/shortcode\\\/config\\\/default\\\/theme\\\/default\",\"data\":{\"activeTab\":\"chapters\",\"subscribe-button\":null,\"share\":{\"channels\":[\"facebook\",\"twitter\",\"whats-app\",\"linkedin\",\"pinterest\",\"xing\",\"mail\",\"link\"],\"outlet\":\"https:\\\/\\\/kulturonline.tv\\\/wp-content\\\/plugins\\\/podlove-web-player\\\/web-player\\\/share.html\",\"sharePlaytime\":true},\"related-episodes\":{\"source\":\"disabled\",\"value\":null},\"version\":5,\"theme\":{\"tokens\":{\"brand\":\"#E68115\",\"brandDark\":\"#1A3A4A\",\"brandDarkest\":\"#1A3A4A\",\"brandLightest\":\"#D3D1CF\",\"shadeDark\":\"#807E7C\",\"shadeBase\":\"#807E7C\",\"contrast\":\"#000\",\"alt\":\"#fff\"},\"fonts\":{\"ci\":{\"name\":\"ci\",\"family\":[\"-apple-system\",\"BlinkMacSystemFont\",\"Segoe UI\",\"Roboto\",\"Helvetica\",\"Arial\",\"sans-serif\",\"Apple Color Emoji\",\"Segoe UI Emoji\\\", \\\"Segoe UI Symbol\"],\"src\":[],\"weight\":\"2000\"},\"regular\":{\"name\":\"regular\",\"family\":[\"-apple-system\",\"BlinkMacSystemFont\",\"Segoe UI\",\"Roboto\",\"Helvetica\",\"Arial\",\"sans-serif\",\"Apple Color Emoji\",\"Segoe UI Emoji\\\", \\\"Segoe UI Symbol\"],\"src\":[],\"weight\":300},\"bold\":{\"name\":\"bold\",\"family\":[\"-apple-system\",\"BlinkMacSystemFont\",\"Segoe UI\",\"Roboto\",\"Helvetica\",\"Arial\",\"sans-serif\",\"Apple Color Emoji\",\"Segoe UI Emoji\\\", \\\"Segoe UI Symbol\"],\"src\":[],\"weight\":700}}},\"base\":\"https:\\\/\\\/kulturonline.tv\\\/wp-content\\\/plugins\\\/podlove-web-player\\\/web-player\\\/\"}}]);\n                podlovePlayer(player, \"https:\/\/kulturonline.tv\/de\/wp-json\/podlove-web-player\/shortcode\/publisher\/10278\", \"https:\/\/kulturonline.tv\/de\/wp-json\/podlove-web-player\/shortcode\/config\/default\/theme\/default\").then(function() {\n                  player && player.classList.remove(\"podlove-web-player-loading\");\n                });\n              });\n            <\/script>\n            <style>\n              .podlove-web-player.podlove-web-player-loading {\n                opacity: 0;\n              }\n            <\/style>\n        \n\n\n<style>.elementor-95541 .elementor-element.elementor-element-baf1168{--display:flex;--flex-direction:row;--container-widget-width:initial;--container-widget-height:100%;--container-widget-flex-grow:1;--container-widget-align-self:stretch;--flex-wrap-mobile:wrap;--gap:0px 0px;--row-gap:0px;--column-gap:0px;--flex-wrap:wrap;}.elementor-95541 .elementor-element.elementor-element-18f407b{--display:flex;--flex-direction:row;--container-widget-width:initial;--container-widget-height:100%;--container-widget-flex-grow:1;--container-widget-align-self:stretch;--flex-wrap-mobile:wrap;--gap:0px 0px;--row-gap:0px;--column-gap:0px;--flex-wrap:wrap;}.elementor-95541 .elementor-element.elementor-element-d49292e{--display:flex;--flex-direction:column;--container-widget-width:100%;--container-widget-height:initial;--container-widget-flex-grow:0;--container-widget-align-self:initial;--flex-wrap-mobile:wrap;}.elementor-95541 .elementor-element.elementor-element-d49292e.e-con{--flex-grow:0;--flex-shrink:0;}.elementor-95541 .elementor-element.elementor-element-b5988af{--display:flex;--flex-direction:column;--container-widget-width:100%;--container-widget-height:initial;--container-widget-flex-grow:0;--container-widget-align-self:initial;--flex-wrap-mobile:wrap;}.elementor-95541 .elementor-element.elementor-element-b5988af.e-con{--flex-grow:0;--flex-shrink:0;}.elementor-95541 .elementor-element.elementor-element-f8457f3{--spacer-size:1px;}.elementor-95541 .elementor-element.elementor-element-152cd6b{--spacer-size:1px;}.elementor-widget-heading .elementor-heading-title{font-family:var( --e-global-typography-primary-font-family ), Sans-serif;font-weight:var( --e-global-typography-primary-font-weight );letter-spacing:var( --e-global-typography-primary-letter-spacing );color:var( --e-global-color-primary );}.elementor-95541 .elementor-element.elementor-element-56395b7 > .elementor-widget-container{margin:-6px -6px -6px -6px;}.elementor-95541 .elementor-element.elementor-element-56395b7 .elementor-heading-title{font-family:\"Roboto\", Sans-serif;font-size:35px;font-weight:500;line-height:1px;letter-spacing:-0.3px;color:#000000;}.elementor-widget-image .widget-image-caption{color:var( --e-global-color-text );font-family:var( --e-global-typography-text-font-family ), Sans-serif;font-weight:var( --e-global-typography-text-font-weight );}.elementor-95541 .elementor-element.elementor-element-291dd0d{width:var( --container-widget-width, 58.838% );max-width:58.838%;--container-widget-width:58.838%;--container-widget-flex-grow:0;top:71px;text-align:left;}.elementor-95541 .elementor-element.elementor-element-291dd0d.elementor-element{--flex-grow:0;--flex-shrink:0;}body:not(.rtl) .elementor-95541 .elementor-element.elementor-element-291dd0d{left:2px;}body.rtl .elementor-95541 .elementor-element.elementor-element-291dd0d{right:2px;}.elementor-95541 .elementor-element.elementor-element-5e99b84{--spacer-size:1px;}.elementor-95541 .elementor-element.elementor-element-748a040 > .elementor-widget-container{margin:-7px -7px -7px -7px;}.elementor-95541 .elementor-element.elementor-element-748a040 .elementor-heading-title{font-family:\"Roboto\", Sans-serif;font-size:30px;font-weight:400;line-height:1px;letter-spacing:-0.3px;color:#000000;}.elementor-95541 .elementor-element.elementor-element-6e3e668{--spacer-size:10px;}.elementor-95541 .elementor-element.elementor-element-24bec87{--display:flex;--flex-direction:column;--container-widget-width:100%;--container-widget-height:initial;--container-widget-flex-grow:0;--container-widget-align-self:initial;--flex-wrap-mobile:wrap;}.elementor-95541 .elementor-element.elementor-element-24bec87.e-con{--flex-grow:0;--flex-shrink:0;}.elementor-95541 .elementor-element.elementor-element-8254959{--spacer-size:1px;}.elementor-95541 .elementor-element.elementor-element-69b50b9{--spacer-size:30px;}.elementor-95541 .elementor-element.elementor-element-941368f > .elementor-widget-container{margin:5px 5px 5px 5px;}.elementor-95541 .elementor-element.elementor-element-941368f{text-align:right;}.elementor-95541 .elementor-element.elementor-element-941368f .elementor-heading-title{font-family:\"Roboto\", Sans-serif;font-size:13px;font-weight:400;line-height:1px;letter-spacing:-0.3px;color:#000000;}.elementor-95541 .elementor-element.elementor-element-81cd2e7{--display:flex;--flex-direction:row;--container-widget-width:initial;--container-widget-height:100%;--container-widget-flex-grow:1;--container-widget-align-self:stretch;--flex-wrap-mobile:wrap;--gap:0px 0px;--row-gap:0px;--column-gap:0px;--flex-wrap:wrap;}.elementor-95541 .elementor-element.elementor-element-c56677a > .elementor-widget-container{margin:-10px -10px -10px -10px;}.elementor-95541 .elementor-element.elementor-element-a8f5326{--spacer-size:15px;}.elementor-95541 .elementor-element.elementor-element-9854e58{width:var( --container-widget-width, 100% );max-width:100%;--container-widget-width:100%;--container-widget-flex-grow:0;}.elementor-95541 .elementor-element.elementor-element-9854e58 > .elementor-widget-container{margin:56px 56px 56px 56px;}.elementor-95541 .elementor-element.elementor-element-9854e58.elementor-element{--flex-grow:0;--flex-shrink:0;}.elementor-95541 .elementor-element.elementor-element-9854e58 img{width:100%;max-width:120%;height:540px;border-radius:11px 11px 11px 11px;}.elementor-95541 .elementor-element.elementor-element-4df4f7d{--spacer-size:41px;}.elementor-95541 .elementor-element.elementor-element-25adc37{--spacer-size:1px;}.elementor-95541 .elementor-element.elementor-element-a2f0861{--spacer-size:50px;}.elementor-95541 .elementor-element.elementor-element-dff14e2 .elementor-heading-title{font-family:\"Roboto\", Sans-serif;font-size:40px;font-weight:400;letter-spacing:-0.4px;color:#000000;}.elementor-95541 .elementor-element.elementor-element-53706f1 > .elementor-widget-container{margin:5px 5px 5px 5px;}.elementor-95541 .elementor-element.elementor-element-53706f1 .elementor-heading-title{font-family:\"Roboto\", Sans-serif;font-size:16px;font-weight:500;line-height:1px;letter-spacing:-0.3px;color:#000000;}.elementor-95541 .elementor-element.elementor-element-09e143a{width:var( --container-widget-width, 58.838% );max-width:58.838%;--container-widget-width:58.838%;--container-widget-flex-grow:0;top:178px;text-align:left;}.elementor-95541 .elementor-element.elementor-element-09e143a.elementor-element{--flex-grow:0;--flex-shrink:0;}body:not(.rtl) .elementor-95541 .elementor-element.elementor-element-09e143a{left:11px;}body.rtl .elementor-95541 .elementor-element.elementor-element-09e143a{right:11px;}.elementor-95541 .elementor-element.elementor-element-fba17ae{--spacer-size:50px;}.elementor-widget-posts .elementor-button{background-color:var( --e-global-color-accent );font-family:var( --e-global-typography-accent-font-family ), Sans-serif;font-weight:var( --e-global-typography-accent-font-weight );}.elementor-widget-posts .elementor-post__title, .elementor-widget-posts .elementor-post__title a{color:var( --e-global-color-secondary );font-family:var( --e-global-typography-primary-font-family ), Sans-serif;font-weight:var( --e-global-typography-primary-font-weight );letter-spacing:var( --e-global-typography-primary-letter-spacing );}.elementor-widget-posts .elementor-post__meta-data{font-family:var( --e-global-typography-secondary-font-family ), Sans-serif;font-weight:var( --e-global-typography-secondary-font-weight );}.elementor-widget-posts .elementor-post__excerpt p{font-family:var( --e-global-typography-text-font-family ), Sans-serif;font-weight:var( --e-global-typography-text-font-weight );}.elementor-widget-posts .elementor-post__read-more{color:var( --e-global-color-accent );}.elementor-widget-posts a.elementor-post__read-more{font-family:var( --e-global-typography-accent-font-family ), Sans-serif;font-weight:var( --e-global-typography-accent-font-weight );}.elementor-widget-posts .elementor-post__card .elementor-post__badge{background-color:var( --e-global-color-accent );font-family:var( --e-global-typography-accent-font-family ), Sans-serif;font-weight:var( --e-global-typography-accent-font-weight );}.elementor-widget-posts .elementor-pagination{font-family:var( --e-global-typography-secondary-font-family ), Sans-serif;font-weight:var( --e-global-typography-secondary-font-weight );}.elementor-widget-posts .e-load-more-message{font-family:var( --e-global-typography-secondary-font-family ), Sans-serif;font-weight:var( --e-global-typography-secondary-font-weight );}.elementor-95541 .elementor-element.elementor-element-0eb6bdc{--item-display:flex;--read-more-alignment:1;--grid-row-gap:35px;--grid-column-gap:30px;}.elementor-95541 .elementor-element.elementor-element-0eb6bdc .elementor-posts-container .elementor-post__thumbnail{padding-bottom:calc( 0.99 * 100% );}.elementor-95541 .elementor-element.elementor-element-0eb6bdc:after{content:\"0.99\";}.elementor-95541 .elementor-element.elementor-element-0eb6bdc .elementor-post__thumbnail__link{width:100%;}.elementor-95541 .elementor-element.elementor-element-0eb6bdc .elementor-post__thumbnail{border-radius:10px 10px 10px 10px;}.elementor-95541 .elementor-element.elementor-element-0eb6bdc.elementor-posts--thumbnail-left .elementor-post__thumbnail__link{margin-right:20px;}.elementor-95541 .elementor-element.elementor-element-0eb6bdc.elementor-posts--thumbnail-right .elementor-post__thumbnail__link{margin-left:20px;}.elementor-95541 .elementor-element.elementor-element-0eb6bdc.elementor-posts--thumbnail-top .elementor-post__thumbnail__link{margin-bottom:20px;}.elementor-95541 .elementor-element.elementor-element-0eb6bdc .elementor-post__title, .elementor-95541 .elementor-element.elementor-element-0eb6bdc .elementor-post__title a{font-family:\"Roboto\", Sans-serif;font-size:1.2rem;font-weight:400;letter-spacing:-0.4px;}.elementor-95541 .elementor-element.elementor-element-0eb6bdc .elementor-pagination{text-align:center;}body:not(.rtl) .elementor-95541 .elementor-element.elementor-element-0eb6bdc .elementor-pagination .page-numbers:not(:first-child){margin-left:calc( 10px\/2 );}body:not(.rtl) .elementor-95541 .elementor-element.elementor-element-0eb6bdc .elementor-pagination .page-numbers:not(:last-child){margin-right:calc( 10px\/2 );}body.rtl .elementor-95541 .elementor-element.elementor-element-0eb6bdc .elementor-pagination .page-numbers:not(:first-child){margin-right:calc( 10px\/2 );}body.rtl .elementor-95541 .elementor-element.elementor-element-0eb6bdc .elementor-pagination .page-numbers:not(:last-child){margin-left:calc( 10px\/2 );}.elementor-95541 .elementor-element.elementor-element-05cfbfa > .elementor-widget-container{margin:2px 2px 2px 2px;}.elementor-95541 .elementor-element.elementor-element-05cfbfa{text-align:left;}.elementor-95541 .elementor-element.elementor-element-05cfbfa .elementor-heading-title{font-family:\"Roboto\", Sans-serif;font-weight:600;letter-spacing:-0.4px;color:#191818;}.elementor-95541 .elementor-element.elementor-element-cb78460{--spacer-size:1px;}.elementor-95541 .elementor-element.elementor-element-8740864{--display:flex;--flex-direction:row;--container-widget-width:initial;--container-widget-height:100%;--container-widget-flex-grow:1;--container-widget-align-self:stretch;--flex-wrap-mobile:wrap;--gap:0px 0px;--row-gap:0px;--column-gap:0px;--margin-top:-21px;--margin-bottom:-21px;--margin-left:-21px;--margin-right:-21px;}.elementor-95541 .elementor-element.elementor-element-376bb62{--display:flex;--flex-direction:column;--container-widget-width:100%;--container-widget-height:initial;--container-widget-flex-grow:0;--container-widget-align-self:initial;--flex-wrap-mobile:wrap;}.elementor-95541 .elementor-element.elementor-element-376bb62.e-con{--flex-grow:0;--flex-shrink:0;}.elementor-95541 .elementor-element.elementor-element-c09658e{text-align:left;}.elementor-95541 .elementor-element.elementor-element-8b333cf{--display:flex;--flex-direction:column;--container-widget-width:100%;--container-widget-height:initial;--container-widget-flex-grow:0;--container-widget-align-self:initial;--flex-wrap-mobile:wrap;}.elementor-95541 .elementor-element.elementor-element-8b333cf.e-con{--flex-grow:0;--flex-shrink:0;}.elementor-95541 .elementor-element.elementor-element-d0ad053{text-align:left;}.elementor-95541 .elementor-element.elementor-element-1597149{--display:flex;--flex-direction:column;--container-widget-width:100%;--container-widget-height:initial;--container-widget-flex-grow:0;--container-widget-align-self:initial;--flex-wrap-mobile:wrap;}.elementor-95541 .elementor-element.elementor-element-1597149.e-con{--flex-grow:0;--flex-shrink:0;}.elementor-95541 .elementor-element.elementor-element-651c194{text-align:left;}.elementor-95541 .elementor-element.elementor-element-59fa7c5{--display:flex;--flex-direction:column;--container-widget-width:100%;--container-widget-height:initial;--container-widget-flex-grow:0;--container-widget-align-self:initial;--flex-wrap-mobile:wrap;}.elementor-95541 .elementor-element.elementor-element-59fa7c5.e-con{--flex-grow:0;--flex-shrink:0;}.elementor-95541 .elementor-element.elementor-element-6fab4aa{text-align:left;}.elementor-95541 .elementor-element.elementor-element-9ea98d5{--display:flex;--flex-direction:column;--container-widget-width:100%;--container-widget-height:initial;--container-widget-flex-grow:0;--container-widget-align-self:initial;--flex-wrap-mobile:wrap;}.elementor-95541 .elementor-element.elementor-element-9ea98d5.e-con{--flex-grow:0;--flex-shrink:0;}.elementor-95541 .elementor-element.elementor-element-1cce8bd{text-align:left;}@media(min-width:796px){.elementor-95541 .elementor-element.elementor-element-d49292e{--width:4.093%;}.elementor-95541 .elementor-element.elementor-element-b5988af{--width:64.718%;}.elementor-95541 .elementor-element.elementor-element-24bec87{--width:27.011%;}.elementor-95541 .elementor-element.elementor-element-81cd2e7{--width:120%;}.elementor-95541 .elementor-element.elementor-element-9b067fd{width:38.147%;}.elementor-95541 .elementor-element.elementor-element-b872391{width:2.036%;}.elementor-95541 .elementor-element.elementor-element-62f71a9{width:59.149%;}.elementor-95541 .elementor-element.elementor-element-376bb62{--width:14.353%;}.elementor-95541 .elementor-element.elementor-element-8b333cf{--width:14.607%;}.elementor-95541 .elementor-element.elementor-element-1597149{--width:14.733%;}.elementor-95541 .elementor-element.elementor-element-59fa7c5{--width:14.86%;}.elementor-95541 .elementor-element.elementor-element-9ea98d5{--width:14.86%;}}@media(max-width:1024px){.elementor-widget-heading .elementor-heading-title{letter-spacing:var( --e-global-typography-primary-letter-spacing );}.elementor-widget-posts .elementor-post__title, .elementor-widget-posts .elementor-post__title a{letter-spacing:var( --e-global-typography-primary-letter-spacing );}}@media(max-width:795px){.elementor-widget-heading .elementor-heading-title{letter-spacing:var( --e-global-typography-primary-letter-spacing );}.elementor-95541 .elementor-element.elementor-element-56395b7 > .elementor-widget-container{margin:-1px -1px -1px -1px;}.elementor-95541 .elementor-element.elementor-element-56395b7 .elementor-heading-title{font-size:26px;}.elementor-95541 .elementor-element.elementor-element-748a040 > .elementor-widget-container{margin:-1px -1px -1px -1px;}.elementor-95541 .elementor-element.elementor-element-748a040 .elementor-heading-title{font-size:26px;}.elementor-95541 .elementor-element.elementor-element-941368f > .elementor-widget-container{margin:-1px -1px -1px -1px;}.elementor-95541 .elementor-element.elementor-element-c56677a img{border-radius:11px 11px 11px 11px;}.elementor-95541 .elementor-element.elementor-element-9854e58 img{width:100%;max-width:100%;height:500px;object-fit:cover;}.elementor-95541 .elementor-element.elementor-element-53706f1 > .elementor-widget-container{margin:-1px -1px -1px -1px;}.elementor-widget-posts .elementor-post__title, .elementor-widget-posts .elementor-post__title a{letter-spacing:var( --e-global-typography-primary-letter-spacing );}.elementor-95541 .elementor-element.elementor-element-0eb6bdc .elementor-posts-container .elementor-post__thumbnail{padding-bottom:calc( 1 * 100% );}.elementor-95541 .elementor-element.elementor-element-0eb6bdc:after{content:\"1\";}.elementor-95541 .elementor-element.elementor-element-0eb6bdc .elementor-post__thumbnail__link{width:100%;}}<\/style>\t\t<div data-elementor-type=\"wp-page\" data-elementor-id=\"95541\" class=\"elementor elementor-95541\" data-elementor-post-type=\"page\">\n\t\t\t\t<div class=\"elementor-element elementor-element-baf1168 elementor-hidden-mobile e-flex e-con-boxed e-con e-parent\" data-id=\"baf1168\" data-element_type=\"container\">\n\t\t\t\t\t<div class=\"e-con-inner\">\n\t\t<div class=\"elementor-element elementor-element-18f407b elementor-hidden-mobile e-con-full e-flex e-con e-child\" data-id=\"18f407b\" data-element_type=\"container\">\n\t\t<div class=\"elementor-element elementor-element-d49292e e-con-full elementor-hidden-mobile e-flex e-con e-child\" data-id=\"d49292e\" data-element_type=\"container\">\n\t\t\t\t<\/div>\n\t\t<div class=\"elementor-element elementor-element-b5988af e-con-full e-flex e-con e-child\" data-id=\"b5988af\" data-element_type=\"container\">\n\t\t\t\t<div class=\"elementor-element elementor-element-f8457f3 elementor-widget elementor-widget-spacer\" data-id=\"f8457f3\" data-element_type=\"widget\" data-widget_type=\"spacer.default\">\n\t\t\t\t<div class=\"elementor-widget-container\">\n\t\t\t\t\t\t\t<div class=\"elementor-spacer\">\n\t\t\t<div class=\"elementor-spacer-inner\"><\/div>\n\t\t<\/div>\n\t\t\t\t\t\t<\/div>\n\t\t\t\t<\/div>\n\t\t\t\t<div class=\"elementor-element elementor-element-152cd6b elementor-widget elementor-widget-spacer\" data-id=\"152cd6b\" data-element_type=\"widget\" data-widget_type=\"spacer.default\">\n\t\t\t\t<div class=\"elementor-widget-container\">\n\t\t\t\t\t\t\t<div class=\"elementor-spacer\">\n\t\t\t<div class=\"elementor-spacer-inner\"><\/div>\n\t\t<\/div>\n\t\t\t\t\t\t<\/div>\n\t\t\t\t<\/div>\n\t\t\t\t<div class=\"elementor-element elementor-element-56395b7 elementor-widget elementor-widget-heading\" data-id=\"56395b7\" data-element_type=\"widget\" data-widget_type=\"heading.default\">\n\t\t\t\t<div class=\"elementor-widget-container\">\n\t\t\t\t\t<h2 class=\"elementor-heading-title elementor-size-default\">Podcast<\/h2>\t\t\t\t<\/div>\n\t\t\t\t<\/div>\n\t\t\t\t<div class=\"elementor-element elementor-element-291dd0d elementor-widget__width-initial elementor-absolute elementor-widget elementor-widget-image\" data-id=\"291dd0d\" data-element_type=\"widget\" data-settings=\"{&quot;_position&quot;:&quot;absolute&quot;}\" data-widget_type=\"image.default\">\n\t\t\t\t<div class=\"elementor-widget-container\">\n\t\t\t\t\t\t\t\t\t\t\t\t\t\t\t\t<a href=\"https:\/\/kulturonline.tv\/de\/audiothek-podcasts\">\n\t\t\t\t\t\t\t<img decoding=\"async\" src=\"https:\/\/kulturonline.tv\/wp-content\/uploads\/2021\/07\/logo-ping-00-1-Kultur-Online-TV.png\" title=\"logo-ping-00-1 Kultur Online TV\" alt=\"logo-ping-00-1 Kultur Online TV\" loading=\"lazy\" \/>\t\t\t\t\t\t\t\t<\/a>\n\t\t\t\t\t\t\t\t\t\t\t\t\t\t\t<\/div>\n\t\t\t\t<\/div>\n\t\t\t\t<div class=\"elementor-element elementor-element-5e99b84 elementor-widget elementor-widget-spacer\" data-id=\"5e99b84\" data-element_type=\"widget\" data-widget_type=\"spacer.default\">\n\t\t\t\t<div class=\"elementor-widget-container\">\n\t\t\t\t\t\t\t<div class=\"elementor-spacer\">\n\t\t\t<div class=\"elementor-spacer-inner\"><\/div>\n\t\t<\/div>\n\t\t\t\t\t\t<\/div>\n\t\t\t\t<\/div>\n\t\t\t\t<div class=\"elementor-element elementor-element-6e3e668 elementor-widget elementor-widget-spacer\" data-id=\"6e3e668\" data-element_type=\"widget\" data-widget_type=\"spacer.default\">\n\t\t\t\t<div class=\"elementor-widget-container\">\n\t\t\t\t\t\t\t<div class=\"elementor-spacer\">\n\t\t\t<div class=\"elementor-spacer-inner\"><\/div>\n\t\t<\/div>\n\t\t\t\t\t\t<\/div>\n\t\t\t\t<\/div>\n\t\t\t\t<\/div>\n\t\t<div class=\"elementor-element elementor-element-24bec87 e-con-full e-flex e-con e-child\" data-id=\"24bec87\" data-element_type=\"container\">\n\t\t\t\t<div class=\"elementor-element elementor-element-8254959 elementor-widget elementor-widget-spacer\" data-id=\"8254959\" data-element_type=\"widget\" data-widget_type=\"spacer.default\">\n\t\t\t\t<div class=\"elementor-widget-container\">\n\t\t\t\t\t\t\t<div class=\"elementor-spacer\">\n\t\t\t<div class=\"elementor-spacer-inner\"><\/div>\n\t\t<\/div>\n\t\t\t\t\t\t<\/div>\n\t\t\t\t<\/div>\n\t\t\t\t<div class=\"elementor-element elementor-element-69b50b9 elementor-widget elementor-widget-spacer\" data-id=\"69b50b9\" data-element_type=\"widget\" data-widget_type=\"spacer.default\">\n\t\t\t\t<div class=\"elementor-widget-container\">\n\t\t\t\t\t\t\t<div class=\"elementor-spacer\">\n\t\t\t<div class=\"elementor-spacer-inner\"><\/div>\n\t\t<\/div>\n\t\t\t\t\t\t<\/div>\n\t\t\t\t<\/div>\n\t\t\t\t<div class=\"elementor-element elementor-element-941368f elementor-widget elementor-widget-heading\" data-id=\"941368f\" data-element_type=\"widget\" data-widget_type=\"heading.default\">\n\t\t\t\t<div class=\"elementor-widget-container\">\n\t\t\t\t\t<h2 class=\"elementor-heading-title elementor-size-default\"><a href=\"https:\/\/kulturonline.tv\/de\/podcast-kulturflash\">zur\u00fcck zur Radioseite<\/a><\/h2>\t\t\t\t<\/div>\n\t\t\t\t<\/div>\n\t\t\t\t<\/div>\n\t\t\t\t<\/div>\n\t\t\t\t\t<\/div>\n\t\t\t\t<\/div>\n\t\t<div class=\"elementor-element elementor-element-81cd2e7 elementor-hidden-mobile e-con-full e-flex e-con e-parent\" data-id=\"81cd2e7\" data-element_type=\"container\">\n\t\t\t\t<div class=\"elementor-element elementor-element-c56677a elementor-widget elementor-widget-image\" data-id=\"c56677a\" data-element_type=\"widget\" data-widget_type=\"image.default\">\n\t\t\t\t<div class=\"elementor-widget-container\">\n\t\t\t\t\t\t\t\t\t\t\t\t\t\t\t\t<a href=\"https:\/\/www.kulturonline.tv\/de\">\n\t\t\t\t\t\t\t<img fetchpriority=\"high\" decoding=\"async\" width=\"1900\" height=\"600\" src=\"https:\/\/kulturonline.tv\/wp-content\/uploads\/2021\/10\/1-4.png\" class=\"attachment-full size-full wp-image-97081\" alt=\"\" srcset=\"https:\/\/kulturonline.tv\/wp-content\/uploads\/2021\/10\/1-4.png 1900w, https:\/\/kulturonline.tv\/wp-content\/uploads\/2021\/10\/1-4-800x253.png 800w, https:\/\/kulturonline.tv\/wp-content\/uploads\/2021\/10\/1-4-1600x505.png 1600w, https:\/\/kulturonline.tv\/wp-content\/uploads\/2021\/10\/1-4-768x243.png 768w, https:\/\/kulturonline.tv\/wp-content\/uploads\/2021\/10\/1-4-1536x485.png 1536w\" sizes=\"(max-width: 1900px) 100vw, 1900px\" \/>\t\t\t\t\t\t\t\t<\/a>\n\t\t\t\t\t\t\t\t\t\t\t\t\t\t\t<\/div>\n\t\t\t\t<\/div>\n\t\t\t\t<\/div>\n\t\t\t\t<section class=\"elementor-section elementor-top-section elementor-element elementor-element-72248e8 elementor-section-boxed elementor-section-height-default elementor-section-height-default\" data-id=\"72248e8\" data-element_type=\"section\">\n\t\t\t\t\t\t<div class=\"elementor-container elementor-column-gap-default\">\n\t\t\t\t\t<div class=\"elementor-column elementor-col-33 elementor-top-column elementor-element elementor-element-9b067fd\" data-id=\"9b067fd\" data-element_type=\"column\">\n\t\t\t<div class=\"elementor-widget-wrap elementor-element-populated\">\n\t\t\t\t\t\t<div class=\"elementor-element elementor-element-a8f5326 elementor-widget elementor-widget-spacer\" data-id=\"a8f5326\" data-element_type=\"widget\" data-widget_type=\"spacer.default\">\n\t\t\t\t<div class=\"elementor-widget-container\">\n\t\t\t\t\t\t\t<div class=\"elementor-spacer\">\n\t\t\t<div class=\"elementor-spacer-inner\"><\/div>\n\t\t<\/div>\n\t\t\t\t\t\t<\/div>\n\t\t\t\t<\/div>\n\t\t\t\t<div class=\"elementor-element elementor-element-9854e58 elementor-widget__width-initial elementor-widget elementor-widget-image\" data-id=\"9854e58\" data-element_type=\"widget\" data-settings=\"{&quot;sticky&quot;:&quot;top&quot;,&quot;sticky_on&quot;:[&quot;desktop&quot;,&quot;tablet&quot;],&quot;sticky_effects_offset&quot;:20,&quot;sticky_offset&quot;:177,&quot;sticky_anchor_link_offset&quot;:0}\" data-widget_type=\"image.default\">\n\t\t\t\t<div class=\"elementor-widget-container\">\n\t\t\t\t\t\t\t\t\t\t\t\t\t\t\t<img decoding=\"async\" src=\"https:\/\/kulturonline.tv\/wp-content\/uploads\/2021\/10\/1-1.jpg\" title=\"1\" alt=\"xr:d:DAFWKcWVgwg:55,j:1158669541,t:22123013\" loading=\"lazy\" \/>\t\t\t\t\t\t\t\t\t\t\t\t\t\t\t<\/div>\n\t\t\t\t<\/div>\n\t\t\t\t\t<\/div>\n\t\t<\/div>\n\t\t\t\t<div class=\"elementor-column elementor-col-33 elementor-top-column elementor-element elementor-element-b872391\" data-id=\"b872391\" data-element_type=\"column\">\n\t\t\t<div class=\"elementor-widget-wrap elementor-element-populated\">\n\t\t\t\t\t\t<div class=\"elementor-element elementor-element-4df4f7d elementor-widget elementor-widget-spacer\" data-id=\"4df4f7d\" data-element_type=\"widget\" data-widget_type=\"spacer.default\">\n\t\t\t\t<div class=\"elementor-widget-container\">\n\t\t\t\t\t\t\t<div class=\"elementor-spacer\">\n\t\t\t<div class=\"elementor-spacer-inner\"><\/div>\n\t\t<\/div>\n\t\t\t\t\t\t<\/div>\n\t\t\t\t<\/div>\n\t\t\t\t\t<\/div>\n\t\t<\/div>\n\t\t\t\t<div class=\"elementor-column elementor-col-33 elementor-top-column elementor-element elementor-element-62f71a9\" data-id=\"62f71a9\" data-element_type=\"column\">\n\t\t\t<div class=\"elementor-widget-wrap elementor-element-populated\">\n\t\t\t\t\t\t<div class=\"elementor-element elementor-element-25adc37 elementor-widget elementor-widget-spacer\" data-id=\"25adc37\" data-element_type=\"widget\" data-widget_type=\"spacer.default\">\n\t\t\t\t<div class=\"elementor-widget-container\">\n\t\t\t\t\t\t\t<div class=\"elementor-spacer\">\n\t\t\t<div class=\"elementor-spacer-inner\"><\/div>\n\t\t<\/div>\n\t\t\t\t\t\t<\/div>\n\t\t\t\t<\/div>\n\t\t\t\t<div class=\"elementor-element elementor-element-a2f0861 elementor-widget elementor-widget-spacer\" data-id=\"a2f0861\" data-element_type=\"widget\" data-widget_type=\"spacer.default\">\n\t\t\t\t<div class=\"elementor-widget-container\">\n\t\t\t\t\t\t\t<div class=\"elementor-spacer\">\n\t\t\t<div class=\"elementor-spacer-inner\"><\/div>\n\t\t<\/div>\n\t\t\t\t\t\t<\/div>\n\t\t\t\t<\/div>\n\t\t\t\t<div class=\"elementor-element elementor-element-dff14e2 elementor-widget elementor-widget-heading\" data-id=\"dff14e2\" data-element_type=\"widget\" data-widget_type=\"heading.default\">\n\t\t\t\t<div class=\"elementor-widget-container\">\n\t\t\t\t\t<h2 class=\"elementor-heading-title elementor-size-default\">Der Kulturflash<\/h2>\t\t\t\t<\/div>\n\t\t\t\t<\/div>\n\t\t\t\t<div class=\"elementor-element elementor-element-53706f1 elementor-widget elementor-widget-heading\" data-id=\"53706f1\" data-element_type=\"widget\" data-widget_type=\"heading.default\">\n\t\t\t\t<div class=\"elementor-widget-container\">\n\t\t\t\t\t<h2 class=\"elementor-heading-title elementor-size-default\">Alle Beitr\u00e4ge<\/h2>\t\t\t\t<\/div>\n\t\t\t\t<\/div>\n\t\t\t\t<div class=\"elementor-element elementor-element-09e143a elementor-widget__width-initial elementor-absolute elementor-widget elementor-widget-image\" data-id=\"09e143a\" data-element_type=\"widget\" data-settings=\"{&quot;_position&quot;:&quot;absolute&quot;}\" data-widget_type=\"image.default\">\n\t\t\t\t<div class=\"elementor-widget-container\">\n\t\t\t\t\t\t\t\t\t\t\t\t\t\t\t\t<a href=\"https:\/\/kulturonline.tv\/de\/audiothek-podcasts\">\n\t\t\t\t\t\t\t<img decoding=\"async\" src=\"https:\/\/kulturonline.tv\/wp-content\/uploads\/2021\/07\/logo-ping-00-1-Kultur-Online-TV.png\" title=\"logo-ping-00-1 Kultur Online TV\" alt=\"logo-ping-00-1 Kultur Online TV\" loading=\"lazy\" \/>\t\t\t\t\t\t\t\t<\/a>\n\t\t\t\t\t\t\t\t\t\t\t\t\t\t\t<\/div>\n\t\t\t\t<\/div>\n\t\t\t\t<div class=\"elementor-element elementor-element-fba17ae elementor-widget elementor-widget-spacer\" data-id=\"fba17ae\" data-element_type=\"widget\" data-widget_type=\"spacer.default\">\n\t\t\t\t<div class=\"elementor-widget-container\">\n\t\t\t\t\t\t\t<div class=\"elementor-spacer\">\n\t\t\t<div class=\"elementor-spacer-inner\"><\/div>\n\t\t<\/div>\n\t\t\t\t\t\t<\/div>\n\t\t\t\t<\/div>\n\t\t\t\t<div class=\"elementor-element elementor-element-0eb6bdc elementor-posts--align-left elementor-grid-4 elementor-grid-tablet-2 elementor-grid-mobile-1 elementor-posts--thumbnail-top elementor-widget elementor-widget-posts\" data-id=\"0eb6bdc\" data-element_type=\"widget\" data-settings=\"{&quot;pagination_type&quot;:&quot;numbers_and_prev_next&quot;,&quot;classic_columns&quot;:&quot;4&quot;,&quot;classic_columns_tablet&quot;:&quot;2&quot;,&quot;classic_columns_mobile&quot;:&quot;1&quot;,&quot;classic_row_gap&quot;:{&quot;unit&quot;:&quot;px&quot;,&quot;size&quot;:35,&quot;sizes&quot;:[]},&quot;classic_row_gap_tablet&quot;:{&quot;unit&quot;:&quot;px&quot;,&quot;size&quot;:&quot;&quot;,&quot;sizes&quot;:[]},&quot;classic_row_gap_mobile&quot;:{&quot;unit&quot;:&quot;px&quot;,&quot;size&quot;:&quot;&quot;,&quot;sizes&quot;:[]}}\" data-widget_type=\"posts.classic\">\n\t\t\t\t<div class=\"elementor-widget-container\">\n\t\t\t\t\t\t\t<div class=\"elementor-posts-container elementor-posts elementor-posts--skin-classic elementor-grid\" role=\"list\">\n\t\t\t\t<article class=\"elementor-post elementor-grid-item post-49354 podcast type-podcast status-publish has-post-thumbnail hentry category-audiothek-der-talk-friday category-fm-audio-kulturflash post\" role=\"listitem\">\n\t\t\t\t<a class=\"elementor-post__thumbnail__link\" href=\"https:\/\/kulturonline.tv\/de\/podcast\/neue-single-new-heart-des-oesterreichischen-musiker-modest-oda\/\" tabindex=\"-1\" >\n\t\t\t<div class=\"elementor-post__thumbnail\"><img decoding=\"async\" width=\"1080\" height=\"1080\" src=\"https:\/\/kulturonline.tv\/wp-content\/uploads\/2023\/02\/Modast-Oda-Kultur-Online-TV.png\" class=\"attachment-full size-full wp-image-49355\" alt=\"\" srcset=\"https:\/\/kulturonline.tv\/wp-content\/uploads\/2023\/02\/Modast-Oda-Kultur-Online-TV.png 1080w, https:\/\/kulturonline.tv\/wp-content\/uploads\/2023\/02\/Modast-Oda-Kultur-Online-TV-800x800.png 800w, https:\/\/kulturonline.tv\/wp-content\/uploads\/2023\/02\/Modast-Oda-Kultur-Online-TV-500x500.png 500w, https:\/\/kulturonline.tv\/wp-content\/uploads\/2023\/02\/Modast-Oda-Kultur-Online-TV-768x768.png 768w, https:\/\/kulturonline.tv\/wp-content\/uploads\/2023\/02\/Modast-Oda-Kultur-Online-TV-300x300.png 300w, https:\/\/kulturonline.tv\/wp-content\/uploads\/2023\/02\/Modast-Oda-Kultur-Online-TV-600x600.png 600w, https:\/\/kulturonline.tv\/wp-content\/uploads\/2023\/02\/Modast-Oda-Kultur-Online-TV-100x100.png 100w\" sizes=\"(max-width: 1080px) 100vw, 1080px\" \/><\/div>\n\t\t<\/a>\n\t\t\t\t<div class=\"elementor-post__text\">\n\t\t\t\t<h2 class=\"elementor-post__title\">\n\t\t\t<a href=\"https:\/\/kulturonline.tv\/de\/podcast\/neue-single-new-heart-des-oesterreichischen-musiker-modest-oda\/\" >\n\t\t\t\tNeue Single \u201eNew Heart\u201d des Musiker Modest Oda\t\t\t<\/a>\n\t\t<\/h2>\n\t\t\t\t\t<div class=\"elementor-post__read-more-wrapper\">\n\t\t\n\t\t<a class=\"elementor-post__read-more\" href=\"https:\/\/kulturonline.tv\/de\/podcast\/neue-single-new-heart-des-oesterreichischen-musiker-modest-oda\/\" aria-label=\"Mehr \u00fcber Neue Single \u201eNew Heart\u201d des Musiker Modest Oda\" tabindex=\"-1\" >\n\t\t\t\t\t<\/a>\n\n\t\t\t\t\t<\/div>\n\t\t\t\t<\/div>\n\t\t\t\t<\/article>\n\t\t\t\t<article class=\"elementor-post elementor-grid-item post-48921 podcast type-podcast status-publish has-post-thumbnail hentry category-audiothek-kulturflash category-fm-audio-kulturflash post\" role=\"listitem\">\n\t\t\t\t<a class=\"elementor-post__thumbnail__link\" href=\"https:\/\/kulturonline.tv\/de\/podcast\/liquidinfinity-improvisationskuenstlerinnen\/\" tabindex=\"-1\" >\n\t\t\t<div class=\"elementor-post__thumbnail\"><img decoding=\"async\" width=\"1080\" height=\"1080\" src=\"https:\/\/kulturonline.tv\/wp-content\/uploads\/2023\/02\/ktv-neu.png\" class=\"attachment-full size-full wp-image-48975\" alt=\"\" srcset=\"https:\/\/kulturonline.tv\/wp-content\/uploads\/2023\/02\/ktv-neu.png 1080w, https:\/\/kulturonline.tv\/wp-content\/uploads\/2023\/02\/ktv-neu-800x800.png 800w, https:\/\/kulturonline.tv\/wp-content\/uploads\/2023\/02\/ktv-neu-500x500.png 500w, https:\/\/kulturonline.tv\/wp-content\/uploads\/2023\/02\/ktv-neu-768x768.png 768w, https:\/\/kulturonline.tv\/wp-content\/uploads\/2023\/02\/ktv-neu-300x300.png 300w, https:\/\/kulturonline.tv\/wp-content\/uploads\/2023\/02\/ktv-neu-600x600.png 600w, https:\/\/kulturonline.tv\/wp-content\/uploads\/2023\/02\/ktv-neu-100x100.png 100w\" sizes=\"(max-width: 1080px) 100vw, 1080px\" \/><\/div>\n\t\t<\/a>\n\t\t\t\t<div class=\"elementor-post__text\">\n\t\t\t\t<h2 class=\"elementor-post__title\">\n\t\t\t<a href=\"https:\/\/kulturonline.tv\/de\/podcast\/liquidinfinity-improvisationskuenstlerinnen\/\" >\n\t\t\t\tIm Gespr\u00e4ch mit LIQUIDinfinity- Improvisationsk\u00fcnstler:innen\t\t\t<\/a>\n\t\t<\/h2>\n\t\t\t\t\t<div class=\"elementor-post__read-more-wrapper\">\n\t\t\n\t\t<a class=\"elementor-post__read-more\" href=\"https:\/\/kulturonline.tv\/de\/podcast\/liquidinfinity-improvisationskuenstlerinnen\/\" aria-label=\"Mehr \u00fcber Im Gespr\u00e4ch mit LIQUIDinfinity- Improvisationsk\u00fcnstler:innen\" tabindex=\"-1\" >\n\t\t\t\t\t<\/a>\n\n\t\t\t\t\t<\/div>\n\t\t\t\t<\/div>\n\t\t\t\t<\/article>\n\t\t\t\t<article class=\"elementor-post elementor-grid-item post-47985 podcast type-podcast status-publish has-post-thumbnail hentry category-fm-audio-kulturflash post\" role=\"listitem\">\n\t\t\t\t<a class=\"elementor-post__thumbnail__link\" href=\"https:\/\/kulturonline.tv\/de\/podcast\/norbert-eisner\/\" tabindex=\"-1\" >\n\t\t\t<div class=\"elementor-post__thumbnail\"><img loading=\"lazy\" decoding=\"async\" width=\"1080\" height=\"1080\" src=\"https:\/\/kulturonline.tv\/wp-content\/uploads\/2023\/01\/Eisner-Kultur-Online-FM.png\" class=\"attachment-full size-full wp-image-48977\" alt=\"\" srcset=\"https:\/\/kulturonline.tv\/wp-content\/uploads\/2023\/01\/Eisner-Kultur-Online-FM.png 1080w, https:\/\/kulturonline.tv\/wp-content\/uploads\/2023\/01\/Eisner-Kultur-Online-FM-800x800.png 800w, https:\/\/kulturonline.tv\/wp-content\/uploads\/2023\/01\/Eisner-Kultur-Online-FM-500x500.png 500w, https:\/\/kulturonline.tv\/wp-content\/uploads\/2023\/01\/Eisner-Kultur-Online-FM-768x768.png 768w, https:\/\/kulturonline.tv\/wp-content\/uploads\/2023\/01\/Eisner-Kultur-Online-FM-300x300.png 300w, https:\/\/kulturonline.tv\/wp-content\/uploads\/2023\/01\/Eisner-Kultur-Online-FM-600x600.png 600w, https:\/\/kulturonline.tv\/wp-content\/uploads\/2023\/01\/Eisner-Kultur-Online-FM-100x100.png 100w\" sizes=\"(max-width: 1080px) 100vw, 1080px\" \/><\/div>\n\t\t<\/a>\n\t\t\t\t<div class=\"elementor-post__text\">\n\t\t\t\t<h2 class=\"elementor-post__title\">\n\t\t\t<a href=\"https:\/\/kulturonline.tv\/de\/podcast\/norbert-eisner\/\" >\n\t\t\t\tNorbert Eisner Holz-und Steinbildhauer aus Schwaz in Tirol\t\t\t<\/a>\n\t\t<\/h2>\n\t\t\t\t\t<div class=\"elementor-post__read-more-wrapper\">\n\t\t\n\t\t<a class=\"elementor-post__read-more\" href=\"https:\/\/kulturonline.tv\/de\/podcast\/norbert-eisner\/\" aria-label=\"Mehr \u00fcber Norbert Eisner Holz-und Steinbildhauer aus Schwaz in Tirol\" tabindex=\"-1\" >\n\t\t\t\t\t<\/a>\n\n\t\t\t\t\t<\/div>\n\t\t\t\t<\/div>\n\t\t\t\t<\/article>\n\t\t\t\t<article class=\"elementor-post elementor-grid-item post-46217 podcast type-podcast status-publish has-post-thumbnail hentry category-fm-audio-kulturflash post\" role=\"listitem\">\n\t\t\t\t<a class=\"elementor-post__thumbnail__link\" href=\"https:\/\/kulturonline.tv\/de\/podcast\/juedischen-kulturtage-muenchen-2022-konzert-der-klezmer-sisters\/\" tabindex=\"-1\" >\n\t\t\t<div class=\"elementor-post__thumbnail\"><img loading=\"lazy\" decoding=\"async\" width=\"1080\" height=\"1080\" src=\"https:\/\/kulturonline.tv\/wp-content\/uploads\/2022\/12\/Instagram.png\" class=\"attachment-full size-full wp-image-48979\" alt=\"\" srcset=\"https:\/\/kulturonline.tv\/wp-content\/uploads\/2022\/12\/Instagram.png 1080w, https:\/\/kulturonline.tv\/wp-content\/uploads\/2022\/12\/Instagram-800x800.png 800w, https:\/\/kulturonline.tv\/wp-content\/uploads\/2022\/12\/Instagram-500x500.png 500w, https:\/\/kulturonline.tv\/wp-content\/uploads\/2022\/12\/Instagram-768x768.png 768w, https:\/\/kulturonline.tv\/wp-content\/uploads\/2022\/12\/Instagram-300x300.png 300w, https:\/\/kulturonline.tv\/wp-content\/uploads\/2022\/12\/Instagram-600x600.png 600w, https:\/\/kulturonline.tv\/wp-content\/uploads\/2022\/12\/Instagram-100x100.png 100w\" sizes=\"(max-width: 1080px) 100vw, 1080px\" \/><\/div>\n\t\t<\/a>\n\t\t\t\t<div class=\"elementor-post__text\">\n\t\t\t\t<h2 class=\"elementor-post__title\">\n\t\t\t<a href=\"https:\/\/kulturonline.tv\/de\/podcast\/juedischen-kulturtage-muenchen-2022-konzert-der-klezmer-sisters\/\" >\n\t\t\t\tJ\u00fcdischen Kulturtage M\u00fcnchen 2022 Konzert\t\t\t<\/a>\n\t\t<\/h2>\n\t\t\t\t\t<div class=\"elementor-post__read-more-wrapper\">\n\t\t\n\t\t<a class=\"elementor-post__read-more\" href=\"https:\/\/kulturonline.tv\/de\/podcast\/juedischen-kulturtage-muenchen-2022-konzert-der-klezmer-sisters\/\" aria-label=\"Mehr \u00fcber J\u00fcdischen Kulturtage M\u00fcnchen 2022 Konzert\" tabindex=\"-1\" >\n\t\t\t\t\t<\/a>\n\n\t\t\t\t\t<\/div>\n\t\t\t\t<\/div>\n\t\t\t\t<\/article>\n\t\t\t\t<article class=\"elementor-post elementor-grid-item post-41534 podcast type-podcast status-publish has-post-thumbnail hentry category-fm-audio-kulturflash post\" role=\"listitem\">\n\t\t\t\t<a class=\"elementor-post__thumbnail__link\" href=\"https:\/\/kulturonline.tv\/de\/podcast\/gottschalk-und-luepertz-buehne-frei-fuer-zwei-legenden\/\" tabindex=\"-1\" >\n\t\t\t<div class=\"elementor-post__thumbnail\"><img loading=\"lazy\" decoding=\"async\" width=\"1080\" height=\"1080\" src=\"https:\/\/kulturonline.tv\/wp-content\/uploads\/2022\/11\/Thomas-Gottschalk.png\" class=\"attachment-full size-full wp-image-48981\" alt=\"\" srcset=\"https:\/\/kulturonline.tv\/wp-content\/uploads\/2022\/11\/Thomas-Gottschalk.png 1080w, https:\/\/kulturonline.tv\/wp-content\/uploads\/2022\/11\/Thomas-Gottschalk-800x800.png 800w, https:\/\/kulturonline.tv\/wp-content\/uploads\/2022\/11\/Thomas-Gottschalk-500x500.png 500w, https:\/\/kulturonline.tv\/wp-content\/uploads\/2022\/11\/Thomas-Gottschalk-768x768.png 768w, https:\/\/kulturonline.tv\/wp-content\/uploads\/2022\/11\/Thomas-Gottschalk-300x300.png 300w, https:\/\/kulturonline.tv\/wp-content\/uploads\/2022\/11\/Thomas-Gottschalk-600x600.png 600w, https:\/\/kulturonline.tv\/wp-content\/uploads\/2022\/11\/Thomas-Gottschalk-100x100.png 100w\" sizes=\"(max-width: 1080px) 100vw, 1080px\" \/><\/div>\n\t\t<\/a>\n\t\t\t\t<div class=\"elementor-post__text\">\n\t\t\t\t<h2 class=\"elementor-post__title\">\n\t\t\t<a href=\"https:\/\/kulturonline.tv\/de\/podcast\/gottschalk-und-luepertz-buehne-frei-fuer-zwei-legenden\/\" >\n\t\t\t\tGottschalk und L\u00fcpertz\u201c B\u00fchne frei f\u00fcr zwei Legenden\t\t\t<\/a>\n\t\t<\/h2>\n\t\t\t\t\t<div class=\"elementor-post__read-more-wrapper\">\n\t\t\n\t\t<a class=\"elementor-post__read-more\" href=\"https:\/\/kulturonline.tv\/de\/podcast\/gottschalk-und-luepertz-buehne-frei-fuer-zwei-legenden\/\" aria-label=\"Mehr \u00fcber Gottschalk und L\u00fcpertz\u201c B\u00fchne frei f\u00fcr zwei Legenden\" tabindex=\"-1\" >\n\t\t\t\t\t<\/a>\n\n\t\t\t\t\t<\/div>\n\t\t\t\t<\/div>\n\t\t\t\t<\/article>\n\t\t\t\t<article class=\"elementor-post elementor-grid-item post-40699 podcast type-podcast status-publish has-post-thumbnail hentry category-fm-audio-kulturflash post\" role=\"listitem\">\n\t\t\t\t<a class=\"elementor-post__thumbnail__link\" href=\"https:\/\/kulturonline.tv\/de\/podcast\/musikerin-und-taenzerin-jana-gatt\/\" tabindex=\"-1\" >\n\t\t\t<div class=\"elementor-post__thumbnail\"><img loading=\"lazy\" decoding=\"async\" width=\"1080\" height=\"1080\" src=\"https:\/\/kulturonline.tv\/wp-content\/uploads\/2022\/11\/Jana-Gatt-Kultur-Online-FM.png\" class=\"attachment-full size-full wp-image-48983\" alt=\"\" srcset=\"https:\/\/kulturonline.tv\/wp-content\/uploads\/2022\/11\/Jana-Gatt-Kultur-Online-FM.png 1080w, https:\/\/kulturonline.tv\/wp-content\/uploads\/2022\/11\/Jana-Gatt-Kultur-Online-FM-800x800.png 800w, https:\/\/kulturonline.tv\/wp-content\/uploads\/2022\/11\/Jana-Gatt-Kultur-Online-FM-500x500.png 500w, https:\/\/kulturonline.tv\/wp-content\/uploads\/2022\/11\/Jana-Gatt-Kultur-Online-FM-768x768.png 768w, https:\/\/kulturonline.tv\/wp-content\/uploads\/2022\/11\/Jana-Gatt-Kultur-Online-FM-300x300.png 300w, https:\/\/kulturonline.tv\/wp-content\/uploads\/2022\/11\/Jana-Gatt-Kultur-Online-FM-600x600.png 600w, https:\/\/kulturonline.tv\/wp-content\/uploads\/2022\/11\/Jana-Gatt-Kultur-Online-FM-100x100.png 100w\" sizes=\"(max-width: 1080px) 100vw, 1080px\" \/><\/div>\n\t\t<\/a>\n\t\t\t\t<div class=\"elementor-post__text\">\n\t\t\t\t<h2 class=\"elementor-post__title\">\n\t\t\t<a href=\"https:\/\/kulturonline.tv\/de\/podcast\/musikerin-und-taenzerin-jana-gatt\/\" >\n\t\t\t\tIm Gespr\u00e4ch mit der Musiker-T\u00e4nzerin Jana Gatt\t\t\t<\/a>\n\t\t<\/h2>\n\t\t\t\t\t<div class=\"elementor-post__read-more-wrapper\">\n\t\t\n\t\t<a class=\"elementor-post__read-more\" href=\"https:\/\/kulturonline.tv\/de\/podcast\/musikerin-und-taenzerin-jana-gatt\/\" aria-label=\"Mehr \u00fcber Im Gespr\u00e4ch mit der Musiker-T\u00e4nzerin Jana Gatt\" tabindex=\"-1\" >\n\t\t\t\t\t<\/a>\n\n\t\t\t\t\t<\/div>\n\t\t\t\t<\/div>\n\t\t\t\t<\/article>\n\t\t\t\t<article class=\"elementor-post elementor-grid-item post-40693 podcast type-podcast status-publish has-post-thumbnail hentry category-fm-audio-kulturflash post\" role=\"listitem\">\n\t\t\t\t<a class=\"elementor-post__thumbnail__link\" href=\"https:\/\/kulturonline.tv\/de\/podcast\/im-gespraech-mit-der-influencerinn-nina-suess\/\" tabindex=\"-1\" >\n\t\t\t<div class=\"elementor-post__thumbnail\"><img loading=\"lazy\" decoding=\"async\" width=\"1080\" height=\"1080\" src=\"https:\/\/kulturonline.tv\/wp-content\/uploads\/2022\/11\/Kultur-Online-FM-Nina-Suess.png\" class=\"attachment-full size-full wp-image-48989\" alt=\"\" srcset=\"https:\/\/kulturonline.tv\/wp-content\/uploads\/2022\/11\/Kultur-Online-FM-Nina-Suess.png 1080w, https:\/\/kulturonline.tv\/wp-content\/uploads\/2022\/11\/Kultur-Online-FM-Nina-Suess-800x800.png 800w, https:\/\/kulturonline.tv\/wp-content\/uploads\/2022\/11\/Kultur-Online-FM-Nina-Suess-500x500.png 500w, https:\/\/kulturonline.tv\/wp-content\/uploads\/2022\/11\/Kultur-Online-FM-Nina-Suess-768x768.png 768w, https:\/\/kulturonline.tv\/wp-content\/uploads\/2022\/11\/Kultur-Online-FM-Nina-Suess-300x300.png 300w, https:\/\/kulturonline.tv\/wp-content\/uploads\/2022\/11\/Kultur-Online-FM-Nina-Suess-600x600.png 600w, https:\/\/kulturonline.tv\/wp-content\/uploads\/2022\/11\/Kultur-Online-FM-Nina-Suess-100x100.png 100w\" sizes=\"(max-width: 1080px) 100vw, 1080px\" \/><\/div>\n\t\t<\/a>\n\t\t\t\t<div class=\"elementor-post__text\">\n\t\t\t\t<h2 class=\"elementor-post__title\">\n\t\t\t<a href=\"https:\/\/kulturonline.tv\/de\/podcast\/im-gespraech-mit-der-influencerinn-nina-suess\/\" >\n\t\t\t\tIm Gespr\u00e4ch mit Fashion Influencerin Nina Suess\t\t\t<\/a>\n\t\t<\/h2>\n\t\t\t\t\t<div class=\"elementor-post__read-more-wrapper\">\n\t\t\n\t\t<a class=\"elementor-post__read-more\" href=\"https:\/\/kulturonline.tv\/de\/podcast\/im-gespraech-mit-der-influencerinn-nina-suess\/\" aria-label=\"Mehr \u00fcber Im Gespr\u00e4ch mit Fashion Influencerin Nina Suess\" tabindex=\"-1\" >\n\t\t\t\t\t<\/a>\n\n\t\t\t\t\t<\/div>\n\t\t\t\t<\/div>\n\t\t\t\t<\/article>\n\t\t\t\t<article class=\"elementor-post elementor-grid-item post-40687 podcast type-podcast status-publish has-post-thumbnail hentry category-fm-audio-kulturflash post\" role=\"listitem\">\n\t\t\t\t<a class=\"elementor-post__thumbnail__link\" href=\"https:\/\/kulturonline.tv\/de\/podcast\/der-strassenraum-als-lounge-und-flaniermeile-auch-platz-fuer-kunst-und-kultur\/\" tabindex=\"-1\" >\n\t\t\t<div class=\"elementor-post__thumbnail\"><img loading=\"lazy\" decoding=\"async\" width=\"1080\" height=\"1080\" src=\"https:\/\/kulturonline.tv\/wp-content\/uploads\/2022\/11\/Kultur-Online-FM-3.png\" class=\"attachment-full size-full wp-image-48995\" alt=\"\" srcset=\"https:\/\/kulturonline.tv\/wp-content\/uploads\/2022\/11\/Kultur-Online-FM-3.png 1080w, https:\/\/kulturonline.tv\/wp-content\/uploads\/2022\/11\/Kultur-Online-FM-3-800x800.png 800w, https:\/\/kulturonline.tv\/wp-content\/uploads\/2022\/11\/Kultur-Online-FM-3-500x500.png 500w, https:\/\/kulturonline.tv\/wp-content\/uploads\/2022\/11\/Kultur-Online-FM-3-768x768.png 768w, https:\/\/kulturonline.tv\/wp-content\/uploads\/2022\/11\/Kultur-Online-FM-3-300x300.png 300w, https:\/\/kulturonline.tv\/wp-content\/uploads\/2022\/11\/Kultur-Online-FM-3-600x600.png 600w, https:\/\/kulturonline.tv\/wp-content\/uploads\/2022\/11\/Kultur-Online-FM-3-100x100.png 100w\" sizes=\"(max-width: 1080px) 100vw, 1080px\" \/><\/div>\n\t\t<\/a>\n\t\t\t\t<div class=\"elementor-post__text\">\n\t\t\t\t<h2 class=\"elementor-post__title\">\n\t\t\t<a href=\"https:\/\/kulturonline.tv\/de\/podcast\/der-strassenraum-als-lounge-und-flaniermeile-auch-platz-fuer-kunst-und-kultur\/\" >\n\t\t\t\tDer Stra\u00dfenraum als Lounge f\u00fcr Kunst und Kultur?\t\t\t<\/a>\n\t\t<\/h2>\n\t\t\t\t\t<div class=\"elementor-post__read-more-wrapper\">\n\t\t\n\t\t<a class=\"elementor-post__read-more\" href=\"https:\/\/kulturonline.tv\/de\/podcast\/der-strassenraum-als-lounge-und-flaniermeile-auch-platz-fuer-kunst-und-kultur\/\" aria-label=\"Mehr \u00fcber Der Stra\u00dfenraum als Lounge f\u00fcr Kunst und Kultur?\" tabindex=\"-1\" >\n\t\t\t\t\t<\/a>\n\n\t\t\t\t\t<\/div>\n\t\t\t\t<\/div>\n\t\t\t\t<\/article>\n\t\t\t\t<article class=\"elementor-post elementor-grid-item post-40681 podcast type-podcast status-publish has-post-thumbnail hentry category-fm-audio-kulturflash post\" role=\"listitem\">\n\t\t\t\t<a class=\"elementor-post__thumbnail__link\" href=\"https:\/\/kulturonline.tv\/de\/podcast\/kulturelles-startup-fugu-house-anders-theater-sehen\/\" tabindex=\"-1\" >\n\t\t\t<div class=\"elementor-post__thumbnail\"><img loading=\"lazy\" decoding=\"async\" width=\"1080\" height=\"1080\" src=\"https:\/\/kulturonline.tv\/wp-content\/uploads\/2022\/11\/10.png\" class=\"attachment-full size-full wp-image-49029\" alt=\"\" srcset=\"https:\/\/kulturonline.tv\/wp-content\/uploads\/2022\/11\/10.png 1080w, https:\/\/kulturonline.tv\/wp-content\/uploads\/2022\/11\/10-800x800.png 800w, https:\/\/kulturonline.tv\/wp-content\/uploads\/2022\/11\/10-500x500.png 500w, https:\/\/kulturonline.tv\/wp-content\/uploads\/2022\/11\/10-768x768.png 768w, https:\/\/kulturonline.tv\/wp-content\/uploads\/2022\/11\/10-300x300.png 300w, https:\/\/kulturonline.tv\/wp-content\/uploads\/2022\/11\/10-600x600.png 600w, https:\/\/kulturonline.tv\/wp-content\/uploads\/2022\/11\/10-100x100.png 100w\" sizes=\"(max-width: 1080px) 100vw, 1080px\" \/><\/div>\n\t\t<\/a>\n\t\t\t\t<div class=\"elementor-post__text\">\n\t\t\t\t<h2 class=\"elementor-post__title\">\n\t\t\t<a href=\"https:\/\/kulturonline.tv\/de\/podcast\/kulturelles-startup-fugu-house-anders-theater-sehen\/\" >\n\t\t\t\tKulturelles Startup: Fugu-House anders Theater sehen\t\t\t<\/a>\n\t\t<\/h2>\n\t\t\t\t\t<div class=\"elementor-post__read-more-wrapper\">\n\t\t\n\t\t<a class=\"elementor-post__read-more\" href=\"https:\/\/kulturonline.tv\/de\/podcast\/kulturelles-startup-fugu-house-anders-theater-sehen\/\" aria-label=\"Mehr \u00fcber Kulturelles Startup: Fugu-House anders Theater sehen\" tabindex=\"-1\" >\n\t\t\t\t\t<\/a>\n\n\t\t\t\t\t<\/div>\n\t\t\t\t<\/div>\n\t\t\t\t<\/article>\n\t\t\t\t<article class=\"elementor-post elementor-grid-item post-40675 podcast type-podcast status-publish has-post-thumbnail hentry category-fm-audio-kulturflash post\" role=\"listitem\">\n\t\t\t\t<a class=\"elementor-post__thumbnail__link\" href=\"https:\/\/kulturonline.tv\/de\/podcast\/camp-nocturno-schlafkonzert-in-innsbruck\/\" tabindex=\"-1\" >\n\t\t\t<div class=\"elementor-post__thumbnail\"><img loading=\"lazy\" decoding=\"async\" width=\"1080\" height=\"1080\" src=\"https:\/\/kulturonline.tv\/wp-content\/uploads\/2022\/11\/innsbruck-Kultur-Online-FM.png\" class=\"attachment-full size-full wp-image-49024\" alt=\"\" srcset=\"https:\/\/kulturonline.tv\/wp-content\/uploads\/2022\/11\/innsbruck-Kultur-Online-FM.png 1080w, https:\/\/kulturonline.tv\/wp-content\/uploads\/2022\/11\/innsbruck-Kultur-Online-FM-800x800.png 800w, https:\/\/kulturonline.tv\/wp-content\/uploads\/2022\/11\/innsbruck-Kultur-Online-FM-500x500.png 500w, https:\/\/kulturonline.tv\/wp-content\/uploads\/2022\/11\/innsbruck-Kultur-Online-FM-768x768.png 768w, https:\/\/kulturonline.tv\/wp-content\/uploads\/2022\/11\/innsbruck-Kultur-Online-FM-300x300.png 300w, https:\/\/kulturonline.tv\/wp-content\/uploads\/2022\/11\/innsbruck-Kultur-Online-FM-600x600.png 600w, https:\/\/kulturonline.tv\/wp-content\/uploads\/2022\/11\/innsbruck-Kultur-Online-FM-100x100.png 100w\" sizes=\"(max-width: 1080px) 100vw, 1080px\" \/><\/div>\n\t\t<\/a>\n\t\t\t\t<div class=\"elementor-post__text\">\n\t\t\t\t<h2 class=\"elementor-post__title\">\n\t\t\t<a href=\"https:\/\/kulturonline.tv\/de\/podcast\/camp-nocturno-schlafkonzert-in-innsbruck\/\" >\n\t\t\t\tCamp Nocturno das erste Schlafkonzert in den Bergen\t\t\t<\/a>\n\t\t<\/h2>\n\t\t\t\t\t<div class=\"elementor-post__read-more-wrapper\">\n\t\t\n\t\t<a class=\"elementor-post__read-more\" href=\"https:\/\/kulturonline.tv\/de\/podcast\/camp-nocturno-schlafkonzert-in-innsbruck\/\" aria-label=\"Mehr \u00fcber Camp Nocturno das erste Schlafkonzert in den Bergen\" tabindex=\"-1\" >\n\t\t\t\t\t<\/a>\n\n\t\t\t\t\t<\/div>\n\t\t\t\t<\/div>\n\t\t\t\t<\/article>\n\t\t\t\t<article class=\"elementor-post elementor-grid-item post-40669 podcast type-podcast status-publish has-post-thumbnail hentry category-fm-audio-kulturflash post\" role=\"listitem\">\n\t\t\t\t<a class=\"elementor-post__thumbnail__link\" href=\"https:\/\/kulturonline.tv\/de\/podcast\/im-gespraech-mit-dem-musiker-picaros\/\" tabindex=\"-1\" >\n\t\t\t<div class=\"elementor-post__thumbnail\"><img loading=\"lazy\" decoding=\"async\" width=\"1080\" height=\"1080\" src=\"https:\/\/kulturonline.tv\/wp-content\/uploads\/2022\/11\/ktv-6.png\" class=\"attachment-full size-full wp-image-49013\" alt=\"\" srcset=\"https:\/\/kulturonline.tv\/wp-content\/uploads\/2022\/11\/ktv-6.png 1080w, https:\/\/kulturonline.tv\/wp-content\/uploads\/2022\/11\/ktv-6-800x800.png 800w, https:\/\/kulturonline.tv\/wp-content\/uploads\/2022\/11\/ktv-6-500x500.png 500w, https:\/\/kulturonline.tv\/wp-content\/uploads\/2022\/11\/ktv-6-768x768.png 768w, https:\/\/kulturonline.tv\/wp-content\/uploads\/2022\/11\/ktv-6-300x300.png 300w, https:\/\/kulturonline.tv\/wp-content\/uploads\/2022\/11\/ktv-6-600x600.png 600w, https:\/\/kulturonline.tv\/wp-content\/uploads\/2022\/11\/ktv-6-100x100.png 100w\" sizes=\"(max-width: 1080px) 100vw, 1080px\" \/><\/div>\n\t\t<\/a>\n\t\t\t\t<div class=\"elementor-post__text\">\n\t\t\t\t<h2 class=\"elementor-post__title\">\n\t\t\t<a href=\"https:\/\/kulturonline.tv\/de\/podcast\/im-gespraech-mit-dem-musiker-picaros\/\" >\n\t\t\t\tIm Gespr\u00e4ch mit dem franz\u00f6sischen Musiker Picaro(s)\t\t\t<\/a>\n\t\t<\/h2>\n\t\t\t\t\t<div class=\"elementor-post__read-more-wrapper\">\n\t\t\n\t\t<a class=\"elementor-post__read-more\" href=\"https:\/\/kulturonline.tv\/de\/podcast\/im-gespraech-mit-dem-musiker-picaros\/\" aria-label=\"Mehr \u00fcber Im Gespr\u00e4ch mit dem franz\u00f6sischen Musiker Picaro(s)\" tabindex=\"-1\" >\n\t\t\t\t\t<\/a>\n\n\t\t\t\t\t<\/div>\n\t\t\t\t<\/div>\n\t\t\t\t<\/article>\n\t\t\t\t<article class=\"elementor-post elementor-grid-item post-40492 podcast type-podcast status-publish has-post-thumbnail hentry category-fm-audio-kulturflash post\" role=\"listitem\">\n\t\t\t\t<a class=\"elementor-post__thumbnail__link\" href=\"https:\/\/kulturonline.tv\/de\/podcast\/im-gespraech-mit-schauspielerin-katerina-jacob\/\" tabindex=\"-1\" >\n\t\t\t<div class=\"elementor-post__thumbnail\"><img loading=\"lazy\" decoding=\"async\" width=\"1080\" height=\"1080\" src=\"https:\/\/kulturonline.tv\/wp-content\/uploads\/2022\/11\/Katharina-Jacob-Kultur-Online-FM.png\" class=\"attachment-full size-full wp-image-49017\" alt=\"\" srcset=\"https:\/\/kulturonline.tv\/wp-content\/uploads\/2022\/11\/Katharina-Jacob-Kultur-Online-FM.png 1080w, https:\/\/kulturonline.tv\/wp-content\/uploads\/2022\/11\/Katharina-Jacob-Kultur-Online-FM-800x800.png 800w, https:\/\/kulturonline.tv\/wp-content\/uploads\/2022\/11\/Katharina-Jacob-Kultur-Online-FM-500x500.png 500w, https:\/\/kulturonline.tv\/wp-content\/uploads\/2022\/11\/Katharina-Jacob-Kultur-Online-FM-768x768.png 768w, https:\/\/kulturonline.tv\/wp-content\/uploads\/2022\/11\/Katharina-Jacob-Kultur-Online-FM-300x300.png 300w, https:\/\/kulturonline.tv\/wp-content\/uploads\/2022\/11\/Katharina-Jacob-Kultur-Online-FM-600x600.png 600w, https:\/\/kulturonline.tv\/wp-content\/uploads\/2022\/11\/Katharina-Jacob-Kultur-Online-FM-100x100.png 100w\" sizes=\"(max-width: 1080px) 100vw, 1080px\" \/><\/div>\n\t\t<\/a>\n\t\t\t\t<div class=\"elementor-post__text\">\n\t\t\t\t<h2 class=\"elementor-post__title\">\n\t\t\t<a href=\"https:\/\/kulturonline.tv\/de\/podcast\/im-gespraech-mit-schauspielerin-katerina-jacob\/\" >\n\t\t\t\tIm Gespr\u00e4ch mit der Schauspielerin Katerina Jacob\t\t\t<\/a>\n\t\t<\/h2>\n\t\t\t\t\t<div class=\"elementor-post__read-more-wrapper\">\n\t\t\n\t\t<a class=\"elementor-post__read-more\" href=\"https:\/\/kulturonline.tv\/de\/podcast\/im-gespraech-mit-schauspielerin-katerina-jacob\/\" aria-label=\"Mehr \u00fcber Im Gespr\u00e4ch mit der Schauspielerin Katerina Jacob\" tabindex=\"-1\" >\n\t\t\t\t\t<\/a>\n\n\t\t\t\t\t<\/div>\n\t\t\t\t<\/div>\n\t\t\t\t<\/article>\n\t\t\t\t<article class=\"elementor-post elementor-grid-item post-40484 podcast type-podcast status-publish has-post-thumbnail hentry category-fm-audio-kulturflash post\" role=\"listitem\">\n\t\t\t\t<a class=\"elementor-post__thumbnail__link\" href=\"https:\/\/kulturonline.tv\/de\/podcast\/im-gespraech-mit-der-oesterreichischen-musikband-kopfkino\/\" tabindex=\"-1\" >\n\t\t\t<div class=\"elementor-post__thumbnail\"><img loading=\"lazy\" decoding=\"async\" width=\"1080\" height=\"1080\" src=\"https:\/\/kulturonline.tv\/wp-content\/uploads\/2022\/11\/Kopfkino-Kultur-Online-TV.png\" class=\"attachment-full size-full wp-image-49031\" alt=\"\" srcset=\"https:\/\/kulturonline.tv\/wp-content\/uploads\/2022\/11\/Kopfkino-Kultur-Online-TV.png 1080w, https:\/\/kulturonline.tv\/wp-content\/uploads\/2022\/11\/Kopfkino-Kultur-Online-TV-800x800.png 800w, https:\/\/kulturonline.tv\/wp-content\/uploads\/2022\/11\/Kopfkino-Kultur-Online-TV-500x500.png 500w, https:\/\/kulturonline.tv\/wp-content\/uploads\/2022\/11\/Kopfkino-Kultur-Online-TV-768x768.png 768w, https:\/\/kulturonline.tv\/wp-content\/uploads\/2022\/11\/Kopfkino-Kultur-Online-TV-300x300.png 300w, https:\/\/kulturonline.tv\/wp-content\/uploads\/2022\/11\/Kopfkino-Kultur-Online-TV-600x600.png 600w, https:\/\/kulturonline.tv\/wp-content\/uploads\/2022\/11\/Kopfkino-Kultur-Online-TV-100x100.png 100w\" sizes=\"(max-width: 1080px) 100vw, 1080px\" \/><\/div>\n\t\t<\/a>\n\t\t\t\t<div class=\"elementor-post__text\">\n\t\t\t\t<h2 class=\"elementor-post__title\">\n\t\t\t<a href=\"https:\/\/kulturonline.tv\/de\/podcast\/im-gespraech-mit-der-oesterreichischen-musikband-kopfkino\/\" >\n\t\t\t\tDie \u00f6sterreichische Musikband \u201cKopfkino\u201d\t\t\t<\/a>\n\t\t<\/h2>\n\t\t\t\t\t<div class=\"elementor-post__read-more-wrapper\">\n\t\t\n\t\t<a class=\"elementor-post__read-more\" href=\"https:\/\/kulturonline.tv\/de\/podcast\/im-gespraech-mit-der-oesterreichischen-musikband-kopfkino\/\" aria-label=\"Mehr \u00fcber Die \u00f6sterreichische Musikband \u201cKopfkino\u201d\" tabindex=\"-1\" >\n\t\t\t\t\t<\/a>\n\n\t\t\t\t\t<\/div>\n\t\t\t\t<\/div>\n\t\t\t\t<\/article>\n\t\t\t\t<article class=\"elementor-post elementor-grid-item post-40473 podcast type-podcast status-publish has-post-thumbnail hentry category-fm-audio-kulturflash post\" role=\"listitem\">\n\t\t\t\t<a class=\"elementor-post__thumbnail__link\" href=\"https:\/\/kulturonline.tv\/de\/podcast\/musikgruppe-kgw3-zu-besuch-im-studio-bei-kultur-online-tv-fm\/\" tabindex=\"-1\" >\n\t\t\t<div class=\"elementor-post__thumbnail\"><img loading=\"lazy\" decoding=\"async\" width=\"1080\" height=\"1080\" src=\"https:\/\/kulturonline.tv\/wp-content\/uploads\/2022\/11\/kgw3.png\" class=\"attachment-full size-full wp-image-49061\" alt=\"\" srcset=\"https:\/\/kulturonline.tv\/wp-content\/uploads\/2022\/11\/kgw3.png 1080w, https:\/\/kulturonline.tv\/wp-content\/uploads\/2022\/11\/kgw3-800x800.png 800w, https:\/\/kulturonline.tv\/wp-content\/uploads\/2022\/11\/kgw3-500x500.png 500w, https:\/\/kulturonline.tv\/wp-content\/uploads\/2022\/11\/kgw3-768x768.png 768w, https:\/\/kulturonline.tv\/wp-content\/uploads\/2022\/11\/kgw3-300x300.png 300w, https:\/\/kulturonline.tv\/wp-content\/uploads\/2022\/11\/kgw3-600x600.png 600w, https:\/\/kulturonline.tv\/wp-content\/uploads\/2022\/11\/kgw3-100x100.png 100w\" sizes=\"(max-width: 1080px) 100vw, 1080px\" \/><\/div>\n\t\t<\/a>\n\t\t\t\t<div class=\"elementor-post__text\">\n\t\t\t\t<h2 class=\"elementor-post__title\">\n\t\t\t<a href=\"https:\/\/kulturonline.tv\/de\/podcast\/musikgruppe-kgw3-zu-besuch-im-studio-bei-kultur-online-tv-fm\/\" >\n\t\t\t\tIm Gespr\u00e4ch mit der Band KGW3 &#8222;Spread love through music&#8220;\t\t\t<\/a>\n\t\t<\/h2>\n\t\t\t\t\t<div class=\"elementor-post__read-more-wrapper\">\n\t\t\n\t\t<a class=\"elementor-post__read-more\" href=\"https:\/\/kulturonline.tv\/de\/podcast\/musikgruppe-kgw3-zu-besuch-im-studio-bei-kultur-online-tv-fm\/\" aria-label=\"Mehr \u00fcber Im Gespr\u00e4ch mit der Band KGW3 &#8222;Spread love through music&#8220;\" tabindex=\"-1\" >\n\t\t\t\t\t<\/a>\n\n\t\t\t\t\t<\/div>\n\t\t\t\t<\/div>\n\t\t\t\t<\/article>\n\t\t\t\t<article class=\"elementor-post elementor-grid-item post-40448 podcast type-podcast status-publish has-post-thumbnail hentry category-fm-audio-kulturflash post\" role=\"listitem\">\n\t\t\t\t<a class=\"elementor-post__thumbnail__link\" href=\"https:\/\/kulturonline.tv\/de\/podcast\/hill-festival-august-2023-das-erste-festival-seiner-art-als-interkultureller-austausch-in-afrika\/\" tabindex=\"-1\" >\n\t\t\t<div class=\"elementor-post__thumbnail\"><img loading=\"lazy\" decoding=\"async\" width=\"1080\" height=\"1080\" src=\"https:\/\/kulturonline.tv\/wp-content\/uploads\/2022\/11\/Hillvestival.png\" class=\"attachment-full size-full wp-image-49041\" alt=\"\" srcset=\"https:\/\/kulturonline.tv\/wp-content\/uploads\/2022\/11\/Hillvestival.png 1080w, https:\/\/kulturonline.tv\/wp-content\/uploads\/2022\/11\/Hillvestival-800x800.png 800w, https:\/\/kulturonline.tv\/wp-content\/uploads\/2022\/11\/Hillvestival-500x500.png 500w, https:\/\/kulturonline.tv\/wp-content\/uploads\/2022\/11\/Hillvestival-768x768.png 768w, https:\/\/kulturonline.tv\/wp-content\/uploads\/2022\/11\/Hillvestival-300x300.png 300w, https:\/\/kulturonline.tv\/wp-content\/uploads\/2022\/11\/Hillvestival-600x600.png 600w, https:\/\/kulturonline.tv\/wp-content\/uploads\/2022\/11\/Hillvestival-100x100.png 100w\" sizes=\"(max-width: 1080px) 100vw, 1080px\" \/><\/div>\n\t\t<\/a>\n\t\t\t\t<div class=\"elementor-post__text\">\n\t\t\t\t<h2 class=\"elementor-post__title\">\n\t\t\t<a href=\"https:\/\/kulturonline.tv\/de\/podcast\/hill-festival-august-2023-das-erste-festival-seiner-art-als-interkultureller-austausch-in-afrika\/\" >\n\t\t\t\tFestival als interkultureller Austausch in Afrika\t\t\t<\/a>\n\t\t<\/h2>\n\t\t\t\t\t<div class=\"elementor-post__read-more-wrapper\">\n\t\t\n\t\t<a class=\"elementor-post__read-more\" href=\"https:\/\/kulturonline.tv\/de\/podcast\/hill-festival-august-2023-das-erste-festival-seiner-art-als-interkultureller-austausch-in-afrika\/\" aria-label=\"Mehr \u00fcber Festival als interkultureller Austausch in Afrika\" tabindex=\"-1\" >\n\t\t\t\t\t<\/a>\n\n\t\t\t\t\t<\/div>\n\t\t\t\t<\/div>\n\t\t\t\t<\/article>\n\t\t\t\t<article class=\"elementor-post elementor-grid-item post-40440 podcast type-podcast status-publish has-post-thumbnail hentry category-fm-audio-kulturflash post\" role=\"listitem\">\n\t\t\t\t<a class=\"elementor-post__thumbnail__link\" href=\"https:\/\/kulturonline.tv\/de\/podcast\/kunstmesse-art-basel-im-gespraech-mit-mathias-rastdorfer-von-der-galerie-gmurzynska\/\" tabindex=\"-1\" >\n\t\t\t<div class=\"elementor-post__thumbnail\"><img loading=\"lazy\" decoding=\"async\" width=\"1080\" height=\"1080\" src=\"https:\/\/kulturonline.tv\/wp-content\/uploads\/2022\/11\/Kultur-Online-TV-4.png\" class=\"attachment-full size-full wp-image-49069\" alt=\"\" srcset=\"https:\/\/kulturonline.tv\/wp-content\/uploads\/2022\/11\/Kultur-Online-TV-4.png 1080w, https:\/\/kulturonline.tv\/wp-content\/uploads\/2022\/11\/Kultur-Online-TV-4-800x800.png 800w, https:\/\/kulturonline.tv\/wp-content\/uploads\/2022\/11\/Kultur-Online-TV-4-500x500.png 500w, https:\/\/kulturonline.tv\/wp-content\/uploads\/2022\/11\/Kultur-Online-TV-4-768x768.png 768w, https:\/\/kulturonline.tv\/wp-content\/uploads\/2022\/11\/Kultur-Online-TV-4-300x300.png 300w, https:\/\/kulturonline.tv\/wp-content\/uploads\/2022\/11\/Kultur-Online-TV-4-600x600.png 600w, https:\/\/kulturonline.tv\/wp-content\/uploads\/2022\/11\/Kultur-Online-TV-4-100x100.png 100w\" sizes=\"(max-width: 1080px) 100vw, 1080px\" \/><\/div>\n\t\t<\/a>\n\t\t\t\t<div class=\"elementor-post__text\">\n\t\t\t\t<h2 class=\"elementor-post__title\">\n\t\t\t<a href=\"https:\/\/kulturonline.tv\/de\/podcast\/kunstmesse-art-basel-im-gespraech-mit-mathias-rastdorfer-von-der-galerie-gmurzynska\/\" >\n\t\t\t\tArt Basel: Im Gespr\u00e4ch mit Mathias Rastdorfer\t\t\t<\/a>\n\t\t<\/h2>\n\t\t\t\t\t<div class=\"elementor-post__read-more-wrapper\">\n\t\t\n\t\t<a class=\"elementor-post__read-more\" href=\"https:\/\/kulturonline.tv\/de\/podcast\/kunstmesse-art-basel-im-gespraech-mit-mathias-rastdorfer-von-der-galerie-gmurzynska\/\" aria-label=\"Mehr \u00fcber Art Basel: Im Gespr\u00e4ch mit Mathias Rastdorfer\" tabindex=\"-1\" >\n\t\t\t\t\t<\/a>\n\n\t\t\t\t\t<\/div>\n\t\t\t\t<\/div>\n\t\t\t\t<\/article>\n\t\t\t\t<article class=\"elementor-post elementor-grid-item post-37575 podcast type-podcast status-publish has-post-thumbnail hentry category-fm-audio-kulturflash post\" role=\"listitem\">\n\t\t\t\t<a class=\"elementor-post__thumbnail__link\" href=\"https:\/\/kulturonline.tv\/de\/podcast\/freischaffende-kuenstlerin-aus-schwaz-in-tirol\/\" tabindex=\"-1\" >\n\t\t\t<div class=\"elementor-post__thumbnail\"><img loading=\"lazy\" decoding=\"async\" width=\"1080\" height=\"1080\" src=\"https:\/\/kulturonline.tv\/wp-content\/uploads\/2022\/10\/Margartiha-Wanitschek.png\" class=\"attachment-full size-full wp-image-49059\" alt=\"\" srcset=\"https:\/\/kulturonline.tv\/wp-content\/uploads\/2022\/10\/Margartiha-Wanitschek.png 1080w, https:\/\/kulturonline.tv\/wp-content\/uploads\/2022\/10\/Margartiha-Wanitschek-800x800.png 800w, https:\/\/kulturonline.tv\/wp-content\/uploads\/2022\/10\/Margartiha-Wanitschek-500x500.png 500w, https:\/\/kulturonline.tv\/wp-content\/uploads\/2022\/10\/Margartiha-Wanitschek-768x768.png 768w, https:\/\/kulturonline.tv\/wp-content\/uploads\/2022\/10\/Margartiha-Wanitschek-300x300.png 300w, https:\/\/kulturonline.tv\/wp-content\/uploads\/2022\/10\/Margartiha-Wanitschek-600x600.png 600w, https:\/\/kulturonline.tv\/wp-content\/uploads\/2022\/10\/Margartiha-Wanitschek-100x100.png 100w\" sizes=\"(max-width: 1080px) 100vw, 1080px\" \/><\/div>\n\t\t<\/a>\n\t\t\t\t<div class=\"elementor-post__text\">\n\t\t\t\t<h2 class=\"elementor-post__title\">\n\t\t\t<a href=\"https:\/\/kulturonline.tv\/de\/podcast\/freischaffende-kuenstlerin-aus-schwaz-in-tirol\/\" >\n\t\t\t\tMargaritha Wanitschek K\u00fcnstlerin, aus Tirol\t\t\t<\/a>\n\t\t<\/h2>\n\t\t\t\t\t<div class=\"elementor-post__read-more-wrapper\">\n\t\t\n\t\t<a class=\"elementor-post__read-more\" href=\"https:\/\/kulturonline.tv\/de\/podcast\/freischaffende-kuenstlerin-aus-schwaz-in-tirol\/\" aria-label=\"Mehr \u00fcber Margaritha Wanitschek K\u00fcnstlerin, aus Tirol\" tabindex=\"-1\" >\n\t\t\t\t\t<\/a>\n\n\t\t\t\t\t<\/div>\n\t\t\t\t<\/div>\n\t\t\t\t<\/article>\n\t\t\t\t<article class=\"elementor-post elementor-grid-item post-14060 podcast type-podcast status-publish has-post-thumbnail hentry category-fm-audio-kulturflash post\" role=\"listitem\">\n\t\t\t\t<a class=\"elementor-post__thumbnail__link\" href=\"https:\/\/kulturonline.tv\/de\/podcast\/kunst-ausstellung-im-osthaus-museum-haagen-von-sylvester-stallone\/\" tabindex=\"-1\" >\n\t\t\t<div class=\"elementor-post__thumbnail\"><img loading=\"lazy\" decoding=\"async\" width=\"1080\" height=\"1080\" src=\"https:\/\/kulturonline.tv\/wp-content\/uploads\/2021\/12\/Kultur-Online-FM-2023.png\" class=\"attachment-full size-full wp-image-49071\" alt=\"\" srcset=\"https:\/\/kulturonline.tv\/wp-content\/uploads\/2021\/12\/Kultur-Online-FM-2023.png 1080w, https:\/\/kulturonline.tv\/wp-content\/uploads\/2021\/12\/Kultur-Online-FM-2023-800x800.png 800w, https:\/\/kulturonline.tv\/wp-content\/uploads\/2021\/12\/Kultur-Online-FM-2023-500x500.png 500w, https:\/\/kulturonline.tv\/wp-content\/uploads\/2021\/12\/Kultur-Online-FM-2023-768x768.png 768w, https:\/\/kulturonline.tv\/wp-content\/uploads\/2021\/12\/Kultur-Online-FM-2023-300x300.png 300w, https:\/\/kulturonline.tv\/wp-content\/uploads\/2021\/12\/Kultur-Online-FM-2023-600x600.png 600w, https:\/\/kulturonline.tv\/wp-content\/uploads\/2021\/12\/Kultur-Online-FM-2023-100x100.png 100w\" sizes=\"(max-width: 1080px) 100vw, 1080px\" \/><\/div>\n\t\t<\/a>\n\t\t\t\t<div class=\"elementor-post__text\">\n\t\t\t\t<h2 class=\"elementor-post__title\">\n\t\t\t<a href=\"https:\/\/kulturonline.tv\/de\/podcast\/kunst-ausstellung-im-osthaus-museum-haagen-von-sylvester-stallone\/\" >\n\t\t\t\tAusstellung mit Sylvester Stallone, Affinit\u00e4t zur Kunst.\t\t\t<\/a>\n\t\t<\/h2>\n\t\t\t\t\t<div class=\"elementor-post__read-more-wrapper\">\n\t\t\n\t\t<a class=\"elementor-post__read-more\" href=\"https:\/\/kulturonline.tv\/de\/podcast\/kunst-ausstellung-im-osthaus-museum-haagen-von-sylvester-stallone\/\" aria-label=\"Mehr \u00fcber Ausstellung mit Sylvester Stallone, Affinit\u00e4t zur Kunst.\" tabindex=\"-1\" >\n\t\t\t\t\t<\/a>\n\n\t\t\t\t\t<\/div>\n\t\t\t\t<\/div>\n\t\t\t\t<\/article>\n\t\t\t\t<article class=\"elementor-post elementor-grid-item post-14052 podcast type-podcast status-publish has-post-thumbnail hentry category-fm-audio-kulturflash post\" role=\"listitem\">\n\t\t\t\t<a class=\"elementor-post__thumbnail__link\" href=\"https:\/\/kulturonline.tv\/de\/podcast\/stylistics-die-erste-galerieausstellung-von-ezra-petronio\/\" tabindex=\"-1\" >\n\t\t\t<div class=\"elementor-post__thumbnail\"><img loading=\"lazy\" decoding=\"async\" width=\"1080\" height=\"1080\" src=\"https:\/\/kulturonline.tv\/wp-content\/uploads\/2021\/12\/Kultur-Online-TV-01.png\" class=\"attachment-full size-full wp-image-49074\" alt=\"\" srcset=\"https:\/\/kulturonline.tv\/wp-content\/uploads\/2021\/12\/Kultur-Online-TV-01.png 1080w, https:\/\/kulturonline.tv\/wp-content\/uploads\/2021\/12\/Kultur-Online-TV-01-800x800.png 800w, https:\/\/kulturonline.tv\/wp-content\/uploads\/2021\/12\/Kultur-Online-TV-01-500x500.png 500w, https:\/\/kulturonline.tv\/wp-content\/uploads\/2021\/12\/Kultur-Online-TV-01-768x768.png 768w, https:\/\/kulturonline.tv\/wp-content\/uploads\/2021\/12\/Kultur-Online-TV-01-300x300.png 300w, https:\/\/kulturonline.tv\/wp-content\/uploads\/2021\/12\/Kultur-Online-TV-01-600x600.png 600w, https:\/\/kulturonline.tv\/wp-content\/uploads\/2021\/12\/Kultur-Online-TV-01-100x100.png 100w\" sizes=\"(max-width: 1080px) 100vw, 1080px\" \/><\/div>\n\t\t<\/a>\n\t\t\t\t<div class=\"elementor-post__text\">\n\t\t\t\t<h2 class=\"elementor-post__title\">\n\t\t\t<a href=\"https:\/\/kulturonline.tv\/de\/podcast\/stylistics-die-erste-galerieausstellung-von-ezra-petronio\/\" >\n\t\t\t\t\u201eStylistics\u201c, die erste Galerieausstellung von Ezra Petronio\t\t\t<\/a>\n\t\t<\/h2>\n\t\t\t\t\t<div class=\"elementor-post__read-more-wrapper\">\n\t\t\n\t\t<a class=\"elementor-post__read-more\" href=\"https:\/\/kulturonline.tv\/de\/podcast\/stylistics-die-erste-galerieausstellung-von-ezra-petronio\/\" aria-label=\"Mehr \u00fcber \u201eStylistics\u201c, die erste Galerieausstellung von Ezra Petronio\" tabindex=\"-1\" >\n\t\t\t\t\t<\/a>\n\n\t\t\t\t\t<\/div>\n\t\t\t\t<\/div>\n\t\t\t\t<\/article>\n\t\t\t\t<article class=\"elementor-post elementor-grid-item post-10295 podcast type-podcast status-publish has-post-thumbnail hentry category-fm-audio-kulturflash shows-kulturflash post\" role=\"listitem\">\n\t\t\t\t<a class=\"elementor-post__thumbnail__link\" href=\"https:\/\/kulturonline.tv\/de\/podcast\/stefan-zimmermann\/\" tabindex=\"-1\" >\n\t\t\t<div class=\"elementor-post__thumbnail\"><img loading=\"lazy\" decoding=\"async\" width=\"1080\" height=\"1080\" src=\"https:\/\/kulturonline.tv\/wp-content\/uploads\/2021\/10\/Braun-Weiss-Minimalistisch-Zitat-Instagram-56.png\" class=\"attachment-full size-full wp-image-49078\" alt=\"\" srcset=\"https:\/\/kulturonline.tv\/wp-content\/uploads\/2021\/10\/Braun-Weiss-Minimalistisch-Zitat-Instagram-56.png 1080w, https:\/\/kulturonline.tv\/wp-content\/uploads\/2021\/10\/Braun-Weiss-Minimalistisch-Zitat-Instagram-56-800x800.png 800w, https:\/\/kulturonline.tv\/wp-content\/uploads\/2021\/10\/Braun-Weiss-Minimalistisch-Zitat-Instagram-56-500x500.png 500w, https:\/\/kulturonline.tv\/wp-content\/uploads\/2021\/10\/Braun-Weiss-Minimalistisch-Zitat-Instagram-56-768x768.png 768w, https:\/\/kulturonline.tv\/wp-content\/uploads\/2021\/10\/Braun-Weiss-Minimalistisch-Zitat-Instagram-56-300x300.png 300w, https:\/\/kulturonline.tv\/wp-content\/uploads\/2021\/10\/Braun-Weiss-Minimalistisch-Zitat-Instagram-56-600x600.png 600w, https:\/\/kulturonline.tv\/wp-content\/uploads\/2021\/10\/Braun-Weiss-Minimalistisch-Zitat-Instagram-56-100x100.png 100w\" sizes=\"(max-width: 1080px) 100vw, 1080px\" \/><\/div>\n\t\t<\/a>\n\t\t\t\t<div class=\"elementor-post__text\">\n\t\t\t\t<h2 class=\"elementor-post__title\">\n\t\t\t<a href=\"https:\/\/kulturonline.tv\/de\/podcast\/stefan-zimmermann\/\" >\n\t\t\t\tNeues Theater im Stem\u00admer\u00adhof in M\u00fcnchen Sendling\t\t\t<\/a>\n\t\t<\/h2>\n\t\t\t\t\t<div class=\"elementor-post__read-more-wrapper\">\n\t\t\n\t\t<a class=\"elementor-post__read-more\" href=\"https:\/\/kulturonline.tv\/de\/podcast\/stefan-zimmermann\/\" aria-label=\"Mehr \u00fcber Neues Theater im Stem\u00admer\u00adhof in M\u00fcnchen Sendling\" tabindex=\"-1\" >\n\t\t\t\t\t<\/a>\n\n\t\t\t\t\t<\/div>\n\t\t\t\t<\/div>\n\t\t\t\t<\/article>\n\t\t\t\t<article class=\"elementor-post elementor-grid-item post-10291 podcast type-podcast status-publish has-post-thumbnail hentry category-fm-audio-kulturflash shows-kulturflash post\" role=\"listitem\">\n\t\t\t\t<a class=\"elementor-post__thumbnail__link\" href=\"https:\/\/kulturonline.tv\/de\/podcast\/michel-guillaume\/\" tabindex=\"-1\" >\n\t\t\t<div class=\"elementor-post__thumbnail\"><img loading=\"lazy\" decoding=\"async\" width=\"1080\" height=\"1080\" src=\"https:\/\/kulturonline.tv\/wp-content\/uploads\/2021\/10\/Kultur-Online-FM-2023.png\" class=\"attachment-full size-full wp-image-49080\" alt=\"\" srcset=\"https:\/\/kulturonline.tv\/wp-content\/uploads\/2021\/10\/Kultur-Online-FM-2023.png 1080w, https:\/\/kulturonline.tv\/wp-content\/uploads\/2021\/10\/Kultur-Online-FM-2023-800x800.png 800w, https:\/\/kulturonline.tv\/wp-content\/uploads\/2021\/10\/Kultur-Online-FM-2023-500x500.png 500w, https:\/\/kulturonline.tv\/wp-content\/uploads\/2021\/10\/Kultur-Online-FM-2023-768x768.png 768w, https:\/\/kulturonline.tv\/wp-content\/uploads\/2021\/10\/Kultur-Online-FM-2023-300x300.png 300w, https:\/\/kulturonline.tv\/wp-content\/uploads\/2021\/10\/Kultur-Online-FM-2023-600x600.png 600w, https:\/\/kulturonline.tv\/wp-content\/uploads\/2021\/10\/Kultur-Online-FM-2023-100x100.png 100w\" sizes=\"(max-width: 1080px) 100vw, 1080px\" \/><\/div>\n\t\t<\/a>\n\t\t\t\t<div class=\"elementor-post__text\">\n\t\t\t\t<h2 class=\"elementor-post__title\">\n\t\t\t<a href=\"https:\/\/kulturonline.tv\/de\/podcast\/michel-guillaume\/\" >\n\t\t\t\tNeues Kulturprojekt von Schauspieler Michel Guillaume\t\t\t<\/a>\n\t\t<\/h2>\n\t\t\t\t\t<div class=\"elementor-post__read-more-wrapper\">\n\t\t\n\t\t<a class=\"elementor-post__read-more\" href=\"https:\/\/kulturonline.tv\/de\/podcast\/michel-guillaume\/\" aria-label=\"Mehr \u00fcber Neues Kulturprojekt von Schauspieler Michel Guillaume\" tabindex=\"-1\" >\n\t\t\t\t\t<\/a>\n\n\t\t\t\t\t<\/div>\n\t\t\t\t<\/div>\n\t\t\t\t<\/article>\n\t\t\t\t<article class=\"elementor-post elementor-grid-item post-10287 podcast type-podcast status-publish has-post-thumbnail hentry category-fm-audio-kulturflash shows-kulturflash post\" role=\"listitem\">\n\t\t\t\t<a class=\"elementor-post__thumbnail__link\" href=\"https:\/\/kulturonline.tv\/de\/podcast\/leon-loewentraut\/\" tabindex=\"-1\" >\n\t\t\t<div class=\"elementor-post__thumbnail\"><img loading=\"lazy\" decoding=\"async\" width=\"1080\" height=\"1080\" src=\"https:\/\/kulturonline.tv\/wp-content\/uploads\/2021\/10\/Kultur-Online-FM-02.png\" class=\"attachment-full size-full wp-image-49082\" alt=\"\" srcset=\"https:\/\/kulturonline.tv\/wp-content\/uploads\/2021\/10\/Kultur-Online-FM-02.png 1080w, https:\/\/kulturonline.tv\/wp-content\/uploads\/2021\/10\/Kultur-Online-FM-02-800x800.png 800w, https:\/\/kulturonline.tv\/wp-content\/uploads\/2021\/10\/Kultur-Online-FM-02-500x500.png 500w, https:\/\/kulturonline.tv\/wp-content\/uploads\/2021\/10\/Kultur-Online-FM-02-768x768.png 768w, https:\/\/kulturonline.tv\/wp-content\/uploads\/2021\/10\/Kultur-Online-FM-02-300x300.png 300w, https:\/\/kulturonline.tv\/wp-content\/uploads\/2021\/10\/Kultur-Online-FM-02-600x600.png 600w, https:\/\/kulturonline.tv\/wp-content\/uploads\/2021\/10\/Kultur-Online-FM-02-100x100.png 100w\" sizes=\"(max-width: 1080px) 100vw, 1080px\" \/><\/div>\n\t\t<\/a>\n\t\t\t\t<div class=\"elementor-post__text\">\n\t\t\t\t<h2 class=\"elementor-post__title\">\n\t\t\t<a href=\"https:\/\/kulturonline.tv\/de\/podcast\/leon-loewentraut\/\" >\n\t\t\t\tLeon L\u00f6wentraut im Bayerischen Nationalmuseum\t\t\t<\/a>\n\t\t<\/h2>\n\t\t\t\t\t<div class=\"elementor-post__read-more-wrapper\">\n\t\t\n\t\t<a class=\"elementor-post__read-more\" href=\"https:\/\/kulturonline.tv\/de\/podcast\/leon-loewentraut\/\" aria-label=\"Mehr \u00fcber Leon L\u00f6wentraut im Bayerischen Nationalmuseum\" tabindex=\"-1\" >\n\t\t\t\t\t<\/a>\n\n\t\t\t\t\t<\/div>\n\t\t\t\t<\/div>\n\t\t\t\t<\/article>\n\t\t\t\t<article class=\"elementor-post elementor-grid-item post-10283 podcast type-podcast status-publish has-post-thumbnail hentry category-fm-audio-kulturflash shows-kulturflash post\" role=\"listitem\">\n\t\t\t\t<a class=\"elementor-post__thumbnail__link\" href=\"https:\/\/kulturonline.tv\/de\/podcast\/kilian-saueressig\/\" tabindex=\"-1\" >\n\t\t\t<div class=\"elementor-post__thumbnail\"><img loading=\"lazy\" decoding=\"async\" width=\"1080\" height=\"1080\" src=\"https:\/\/kulturonline.tv\/wp-content\/uploads\/2021\/10\/Kultur-Online-FM-03.png\" class=\"attachment-full size-full wp-image-49085\" alt=\"\" srcset=\"https:\/\/kulturonline.tv\/wp-content\/uploads\/2021\/10\/Kultur-Online-FM-03.png 1080w, https:\/\/kulturonline.tv\/wp-content\/uploads\/2021\/10\/Kultur-Online-FM-03-800x800.png 800w, https:\/\/kulturonline.tv\/wp-content\/uploads\/2021\/10\/Kultur-Online-FM-03-500x500.png 500w, https:\/\/kulturonline.tv\/wp-content\/uploads\/2021\/10\/Kultur-Online-FM-03-768x768.png 768w, https:\/\/kulturonline.tv\/wp-content\/uploads\/2021\/10\/Kultur-Online-FM-03-300x300.png 300w, https:\/\/kulturonline.tv\/wp-content\/uploads\/2021\/10\/Kultur-Online-FM-03-600x600.png 600w, https:\/\/kulturonline.tv\/wp-content\/uploads\/2021\/10\/Kultur-Online-FM-03-100x100.png 100w\" sizes=\"(max-width: 1080px) 100vw, 1080px\" \/><\/div>\n\t\t<\/a>\n\t\t\t\t<div class=\"elementor-post__text\">\n\t\t\t\t<h2 class=\"elementor-post__title\">\n\t\t\t<a href=\"https:\/\/kulturonline.tv\/de\/podcast\/kilian-saueressig\/\" >\n\t\t\t\tBayerische Nationalmuseum: Ausstellung\t\t\t<\/a>\n\t\t<\/h2>\n\t\t\t\t\t<div class=\"elementor-post__read-more-wrapper\">\n\t\t\n\t\t<a class=\"elementor-post__read-more\" href=\"https:\/\/kulturonline.tv\/de\/podcast\/kilian-saueressig\/\" aria-label=\"Mehr \u00fcber Bayerische Nationalmuseum: Ausstellung\" tabindex=\"-1\" >\n\t\t\t\t\t<\/a>\n\n\t\t\t\t\t<\/div>\n\t\t\t\t<\/div>\n\t\t\t\t<\/article>\n\t\t\t\t<article class=\"elementor-post elementor-grid-item post-10278 podcast type-podcast status-publish has-post-thumbnail hentry category-fm-audio-kulturflash shows-kulturflash post\" role=\"listitem\">\n\t\t\t\t<a class=\"elementor-post__thumbnail__link\" href=\"https:\/\/kulturonline.tv\/de\/podcast\/kevin-clarke\/\" tabindex=\"-1\" >\n\t\t\t<div class=\"elementor-post__thumbnail\"><img loading=\"lazy\" decoding=\"async\" width=\"1080\" height=\"1080\" src=\"https:\/\/kulturonline.tv\/wp-content\/uploads\/2021\/10\/Kultur-Online-FM.png\" class=\"attachment-full size-full wp-image-49089\" alt=\"\" srcset=\"https:\/\/kulturonline.tv\/wp-content\/uploads\/2021\/10\/Kultur-Online-FM.png 1080w, https:\/\/kulturonline.tv\/wp-content\/uploads\/2021\/10\/Kultur-Online-FM-800x800.png 800w, https:\/\/kulturonline.tv\/wp-content\/uploads\/2021\/10\/Kultur-Online-FM-500x500.png 500w, https:\/\/kulturonline.tv\/wp-content\/uploads\/2021\/10\/Kultur-Online-FM-768x768.png 768w, https:\/\/kulturonline.tv\/wp-content\/uploads\/2021\/10\/Kultur-Online-FM-300x300.png 300w, https:\/\/kulturonline.tv\/wp-content\/uploads\/2021\/10\/Kultur-Online-FM-600x600.png 600w, https:\/\/kulturonline.tv\/wp-content\/uploads\/2021\/10\/Kultur-Online-FM-100x100.png 100w\" sizes=\"(max-width: 1080px) 100vw, 1080px\" \/><\/div>\n\t\t<\/a>\n\t\t\t\t<div class=\"elementor-post__text\">\n\t\t\t\t<h2 class=\"elementor-post__title\">\n\t\t\t<a href=\"https:\/\/kulturonline.tv\/de\/podcast\/kevin-clarke\/\" >\n\t\t\t\tKevin Clarke der abstrakte K\u00fcnstler-Bildhauer aus New York\t\t\t<\/a>\n\t\t<\/h2>\n\t\t\t\t\t<div class=\"elementor-post__read-more-wrapper\">\n\t\t\n\t\t<a class=\"elementor-post__read-more\" href=\"https:\/\/kulturonline.tv\/de\/podcast\/kevin-clarke\/\" aria-label=\"Mehr \u00fcber Kevin Clarke der abstrakte K\u00fcnstler-Bildhauer aus New York\" tabindex=\"-1\" >\n\t\t\t\t\t<\/a>\n\n\t\t\t\t\t<\/div>\n\t\t\t\t<\/div>\n\t\t\t\t<\/article>\n\t\t\t\t<\/div>\n\t\t\n\t\t\t\t\t\t<\/div>\n\t\t\t\t<\/div>\n\t\t\t\t<div class=\"elementor-element elementor-element-05cfbfa elementor-widget elementor-widget-heading\" data-id=\"05cfbfa\" data-element_type=\"widget\" data-widget_type=\"heading.default\">\n\t\t\t\t<div class=\"elementor-widget-container\">\n\t\t\t\t\t<h2 class=\"elementor-heading-title elementor-size-default\">Auch zu H\u00f6ren bei<\/h2>\t\t\t\t<\/div>\n\t\t\t\t<\/div>\n\t\t\t\t<div class=\"elementor-element elementor-element-cb78460 elementor-widget elementor-widget-spacer\" data-id=\"cb78460\" data-element_type=\"widget\" data-widget_type=\"spacer.default\">\n\t\t\t\t<div class=\"elementor-widget-container\">\n\t\t\t\t\t\t\t<div class=\"elementor-spacer\">\n\t\t\t<div class=\"elementor-spacer-inner\"><\/div>\n\t\t<\/div>\n\t\t\t\t\t\t<\/div>\n\t\t\t\t<\/div>\n\t\t<div class=\"elementor-element elementor-element-8740864 e-flex e-con-boxed e-con e-parent\" data-id=\"8740864\" data-element_type=\"container\">\n\t\t\t\t\t<div class=\"e-con-inner\">\n\t\t<div class=\"elementor-element elementor-element-376bb62 e-con-full e-flex e-con e-child\" data-id=\"376bb62\" data-element_type=\"container\">\n\t\t\t\t<div class=\"elementor-element elementor-element-c09658e elementor-widget elementor-widget-image\" data-id=\"c09658e\" data-element_type=\"widget\" data-widget_type=\"image.default\">\n\t\t\t\t<div class=\"elementor-widget-container\">\n\t\t\t\t\t\t\t\t\t\t\t\t\t\t\t\t<a href=\"https:\/\/anchor.fm\/kulturonline-fm\">\n\t\t\t\t\t\t\t<img decoding=\"async\" src=\"https:\/\/kulturonline.tv\/wp-content\/uploads\/elementor\/thumbs\/1-4-qmw7pt9psu9z58b4130nr4zsedk5skchhn9yhvv0ik.png\" title=\"1\" alt=\"1\" loading=\"lazy\" \/>\t\t\t\t\t\t\t\t<\/a>\n\t\t\t\t\t\t\t\t\t\t\t\t\t\t\t<\/div>\n\t\t\t\t<\/div>\n\t\t\t\t<\/div>\n\t\t<div class=\"elementor-element elementor-element-8b333cf e-con-full e-flex e-con e-child\" data-id=\"8b333cf\" data-element_type=\"container\">\n\t\t\t\t<div class=\"elementor-element elementor-element-d0ad053 elementor-widget elementor-widget-image\" data-id=\"d0ad053\" data-element_type=\"widget\" data-widget_type=\"image.default\">\n\t\t\t\t<div class=\"elementor-widget-container\">\n\t\t\t\t\t\t\t\t\t\t\t\t\t\t\t\t<a href=\"https:\/\/anchor.fm\/kulturonline-fm\">\n\t\t\t\t\t\t\t<img decoding=\"async\" src=\"https:\/\/kulturonline.tv\/wp-content\/uploads\/elementor\/thumbs\/2-6-qmw7pg3z55rymou85xbvs8bc2zd0ssw8ru55s0eixo.png\" title=\"2\" alt=\"2\" loading=\"lazy\" \/>\t\t\t\t\t\t\t\t<\/a>\n\t\t\t\t\t\t\t\t\t\t\t\t\t\t\t<\/div>\n\t\t\t\t<\/div>\n\t\t\t\t<\/div>\n\t\t<div class=\"elementor-element elementor-element-1597149 e-con-full e-flex e-con e-child\" data-id=\"1597149\" data-element_type=\"container\">\n\t\t\t\t<div class=\"elementor-element elementor-element-651c194 elementor-widget elementor-widget-image\" data-id=\"651c194\" data-element_type=\"widget\" data-widget_type=\"image.default\">\n\t\t\t\t<div class=\"elementor-widget-container\">\n\t\t\t\t\t\t\t\t\t\t\t\t\t\t\t\t<a href=\"https:\/\/podcasts.google.com\/feed\/aHR0cHM6Ly9hbmNob3IuZm0vcy8zNWFkZjBiOC9wb2RjYXN0L3Jzcw==\">\n\t\t\t\t\t\t\t<img loading=\"lazy\" decoding=\"async\" width=\"152\" height=\"150\" src=\"https:\/\/kulturonline.tv\/wp-content\/uploads\/2021\/10\/google-podcast-logo.png\" class=\"attachment-large size-large wp-image-13468\" alt=\"\" srcset=\"https:\/\/kulturonline.tv\/wp-content\/uploads\/2021\/10\/google-podcast-logo.png 152w, https:\/\/kulturonline.tv\/wp-content\/uploads\/2021\/10\/google-podcast-logo-100x100.png 100w\" sizes=\"(max-width: 152px) 100vw, 152px\" \/>\t\t\t\t\t\t\t\t<\/a>\n\t\t\t\t\t\t\t\t\t\t\t\t\t\t\t<\/div>\n\t\t\t\t<\/div>\n\t\t\t\t<\/div>\n\t\t<div class=\"elementor-element elementor-element-59fa7c5 e-con-full e-flex e-con e-child\" data-id=\"59fa7c5\" data-element_type=\"container\">\n\t\t\t\t<div class=\"elementor-element elementor-element-6fab4aa elementor-widget elementor-widget-image\" data-id=\"6fab4aa\" data-element_type=\"widget\" data-widget_type=\"image.default\">\n\t\t\t\t<div class=\"elementor-widget-container\">\n\t\t\t\t\t\t\t\t\t\t\t\t\t\t\t\t<a href=\"https:\/\/radiopublic.com\/kultur-online-tv-fm-6BRZNq\">\n\t\t\t\t\t\t\t<img loading=\"lazy\" decoding=\"async\" width=\"152\" height=\"150\" src=\"https:\/\/kulturonline.tv\/wp-content\/uploads\/2021\/10\/3-4.png\" class=\"attachment-thumbnail size-thumbnail wp-image-13466\" alt=\"\" srcset=\"https:\/\/kulturonline.tv\/wp-content\/uploads\/2021\/10\/3-4.png 152w, https:\/\/kulturonline.tv\/wp-content\/uploads\/2021\/10\/3-4-100x100.png 100w\" sizes=\"(max-width: 152px) 100vw, 152px\" \/>\t\t\t\t\t\t\t\t<\/a>\n\t\t\t\t\t\t\t\t\t\t\t\t\t\t\t<\/div>\n\t\t\t\t<\/div>\n\t\t\t\t<\/div>\n\t\t<div class=\"elementor-element elementor-element-9ea98d5 e-con-full e-flex e-con e-child\" data-id=\"9ea98d5\" data-element_type=\"container\">\n\t\t\t\t<div class=\"elementor-element elementor-element-1cce8bd elementor-widget elementor-widget-image\" data-id=\"1cce8bd\" data-element_type=\"widget\" data-widget_type=\"image.default\">\n\t\t\t\t<div class=\"elementor-widget-container\">\n\t\t\t\t\t\t\t\t\t\t\t\t\t\t\t\t<a href=\"https:\/\/anchor.fm\/kulturonline-fm\">\n\t\t\t\t\t\t\t<img decoding=\"async\" src=\"https:\/\/kulturonline.tv\/wp-content\/uploads\/elementor\/thumbs\/kultur-online-tv-hex-qmw7snq4hs68aq6aetazsx515dj63kn87qdvt1n3oc.webp\" title=\"kultur online tv hex\" alt=\"kultur online tv hex\" loading=\"lazy\" \/>\t\t\t\t\t\t\t\t<\/a>\n\t\t\t\t\t\t\t\t\t\t\t\t\t\t\t<\/div>\n\t\t\t\t<\/div>\n\t\t\t\t<\/div>\n\t\t\t\t\t<\/div>\n\t\t\t\t<\/div>\n\t\t\t\t\t<\/div>\n\t\t<\/div>\n\t\t\t\t\t<\/div>\n\t\t<\/section>\n\t\t\t\t<\/div>\n\t\t","protected":false},"excerpt":{"rendered":"<p>Podcast zur\u00fcck zur Radioseite Der Kulturflash Alle Beitr\u00e4ge Auch zu H\u00f6ren bei<\/p>\n","protected":false},"author":2,"featured_media":0,"parent":0,"menu_order":0,"comment_status":"closed","ping_status":"closed","template":"elementor_header_footer","meta":{"_acf_changed":false,"footnotes":""},"class_list":["post-95541","page","type-page","status-publish","hentry","post"],"acf":[],"yoast_head":"<!-- This site is optimized with the Yoast SEO plugin v26.1.1 - https:\/\/yoast.com\/wordpress\/plugins\/seo\/ -->\n<title>Podcast Kulturflash - Kultur Online TV &amp; FM<\/title>\n<meta name=\"robots\" content=\"index, follow, max-snippet:-1, max-image-preview:large, max-video-preview:-1\" \/>\n<link rel=\"canonical\" href=\"https:\/\/kulturonline.tv\/de\/podcast-kulturflash\/\" \/>\n<meta property=\"og:locale\" content=\"de_DE\" \/>\n<meta property=\"og:type\" content=\"article\" \/>\n<meta property=\"og:title\" content=\"Podcast Kulturflash - Kultur Online TV &amp; FM\" \/>\n<meta property=\"og:description\" content=\"Podcast zur\u00fcck zur Radioseite Der Kulturflash Alle Beitr\u00e4ge Auch zu H\u00f6ren bei\" \/>\n<meta property=\"og:url\" content=\"https:\/\/kulturonline.tv\/de\/podcast-kulturflash\/\" \/>\n<meta property=\"og:site_name\" content=\"Kultur Online TV &amp; FM\" \/>\n<meta property=\"article:publisher\" content=\"https:\/\/www.facebook.com\/kulturonline.tv\" \/>\n<meta property=\"article:modified_time\" content=\"2024-07-28T18:05:26+00:00\" \/>\n<meta property=\"og:image\" content=\"https:\/\/kulturonline.tv\/wp-content\/uploads\/2021\/07\/logo-ping-00-1-Kultur-Online-TV.png\" \/>\n<meta name=\"twitter:card\" content=\"summary_large_image\" \/>\n<script type=\"application\/ld+json\" class=\"yoast-schema-graph\">{\"@context\":\"https:\/\/schema.org\",\"@graph\":[{\"@type\":\"WebPage\",\"@id\":\"https:\/\/kulturonline.tv\/de\/podcast-kulturflash\/\",\"url\":\"https:\/\/kulturonline.tv\/de\/podcast-kulturflash\/\",\"name\":\"Podcast Kulturflash - Kultur Online TV &amp; FM\",\"isPartOf\":{\"@id\":\"https:\/\/kulturonline.tv\/de\/#website\"},\"primaryImageOfPage\":{\"@id\":\"https:\/\/kulturonline.tv\/de\/podcast-kulturflash\/#primaryimage\"},\"image\":{\"@id\":\"https:\/\/kulturonline.tv\/de\/podcast-kulturflash\/#primaryimage\"},\"thumbnailUrl\":\"https:\/\/kulturonline.tv\/wp-content\/uploads\/2021\/07\/logo-ping-00-1-Kultur-Online-TV.png\",\"datePublished\":\"2024-07-21T13:44:24+00:00\",\"dateModified\":\"2024-07-28T18:05:26+00:00\",\"breadcrumb\":{\"@id\":\"https:\/\/kulturonline.tv\/de\/podcast-kulturflash\/#breadcrumb\"},\"inLanguage\":\"de\",\"potentialAction\":[{\"@type\":\"ReadAction\",\"target\":[\"https:\/\/kulturonline.tv\/de\/podcast-kulturflash\/\"]}]},{\"@type\":\"ImageObject\",\"inLanguage\":\"de\",\"@id\":\"https:\/\/kulturonline.tv\/de\/podcast-kulturflash\/#primaryimage\",\"url\":\"https:\/\/kulturonline.tv\/wp-content\/uploads\/2021\/07\/logo-ping-00-1-Kultur-Online-TV.png\",\"contentUrl\":\"https:\/\/kulturonline.tv\/wp-content\/uploads\/2021\/07\/logo-ping-00-1-Kultur-Online-TV.png\"},{\"@type\":\"BreadcrumbList\",\"@id\":\"https:\/\/kulturonline.tv\/de\/podcast-kulturflash\/#breadcrumb\",\"itemListElement\":[{\"@type\":\"ListItem\",\"position\":1,\"name\":\"Startseite\",\"item\":\"https:\/\/kulturonline.tv\/de\/\"},{\"@type\":\"ListItem\",\"position\":2,\"name\":\"Podcast Kulturflash\"}]},{\"@type\":\"WebSite\",\"@id\":\"https:\/\/kulturonline.tv\/de\/#website\",\"url\":\"https:\/\/kulturonline.tv\/de\/\",\"name\":\"Kultur Online TV &amp; FM\",\"description\":\"Wir sind Kultur 2.0 zum sehen &amp; h\u00f6ren\",\"publisher\":{\"@id\":\"https:\/\/kulturonline.tv\/de\/#organization\"},\"potentialAction\":[{\"@type\":\"SearchAction\",\"target\":{\"@type\":\"EntryPoint\",\"urlTemplate\":\"https:\/\/kulturonline.tv\/de\/?s={search_term_string}\"},\"query-input\":{\"@type\":\"PropertyValueSpecification\",\"valueRequired\":true,\"valueName\":\"search_term_string\"}}],\"inLanguage\":\"de\"},{\"@type\":\"Organization\",\"@id\":\"https:\/\/kulturonline.tv\/de\/#organization\",\"name\":\"Kultur Online TV\",\"url\":\"https:\/\/kulturonline.tv\/de\/\",\"logo\":{\"@type\":\"ImageObject\",\"inLanguage\":\"de\",\"@id\":\"https:\/\/kulturonline.tv\/de\/#\/schema\/logo\/image\/\",\"url\":\"https:\/\/kulturonline.tv\/wp-content\/uploads\/2021\/08\/Kultur-Online-Tv-Logo-Endversion-neu.png\",\"contentUrl\":\"https:\/\/kulturonline.tv\/wp-content\/uploads\/2021\/08\/Kultur-Online-Tv-Logo-Endversion-neu.png\",\"width\":200,\"height\":200,\"caption\":\"Kultur Online TV\"},\"image\":{\"@id\":\"https:\/\/kulturonline.tv\/de\/#\/schema\/logo\/image\/\"},\"sameAs\":[\"https:\/\/www.facebook.com\/kulturonline.tv\",\"https:\/\/www.instagram.com\/kulturonline.tv\"]}]}<\/script>\n<!-- \/ Yoast SEO plugin. -->","yoast_head_json":{"title":"Podcast Kulturflash - Kultur Online TV &amp; FM","robots":{"index":"index","follow":"follow","max-snippet":"max-snippet:-1","max-image-preview":"max-image-preview:large","max-video-preview":"max-video-preview:-1"},"canonical":"https:\/\/kulturonline.tv\/de\/podcast-kulturflash\/","og_locale":"de_DE","og_type":"article","og_title":"Podcast Kulturflash - Kultur Online TV &amp; FM","og_description":"Podcast zur\u00fcck zur Radioseite Der Kulturflash Alle Beitr\u00e4ge Auch zu H\u00f6ren bei","og_url":"https:\/\/kulturonline.tv\/de\/podcast-kulturflash\/","og_site_name":"Kultur Online TV &amp; FM","article_publisher":"https:\/\/www.facebook.com\/kulturonline.tv","article_modified_time":"2024-07-28T18:05:26+00:00","og_image":[{"url":"https:\/\/kulturonline.tv\/wp-content\/uploads\/2021\/07\/logo-ping-00-1-Kultur-Online-TV.png","type":"","width":"","height":""}],"twitter_card":"summary_large_image","schema":{"@context":"https:\/\/schema.org","@graph":[{"@type":"WebPage","@id":"https:\/\/kulturonline.tv\/de\/podcast-kulturflash\/","url":"https:\/\/kulturonline.tv\/de\/podcast-kulturflash\/","name":"Podcast Kulturflash - Kultur Online TV &amp; FM","isPartOf":{"@id":"https:\/\/kulturonline.tv\/de\/#website"},"primaryImageOfPage":{"@id":"https:\/\/kulturonline.tv\/de\/podcast-kulturflash\/#primaryimage"},"image":{"@id":"https:\/\/kulturonline.tv\/de\/podcast-kulturflash\/#primaryimage"},"thumbnailUrl":"https:\/\/kulturonline.tv\/wp-content\/uploads\/2021\/07\/logo-ping-00-1-Kultur-Online-TV.png","datePublished":"2024-07-21T13:44:24+00:00","dateModified":"2024-07-28T18:05:26+00:00","breadcrumb":{"@id":"https:\/\/kulturonline.tv\/de\/podcast-kulturflash\/#breadcrumb"},"inLanguage":"de","potentialAction":[{"@type":"ReadAction","target":["https:\/\/kulturonline.tv\/de\/podcast-kulturflash\/"]}]},{"@type":"ImageObject","inLanguage":"de","@id":"https:\/\/kulturonline.tv\/de\/podcast-kulturflash\/#primaryimage","url":"https:\/\/kulturonline.tv\/wp-content\/uploads\/2021\/07\/logo-ping-00-1-Kultur-Online-TV.png","contentUrl":"https:\/\/kulturonline.tv\/wp-content\/uploads\/2021\/07\/logo-ping-00-1-Kultur-Online-TV.png"},{"@type":"BreadcrumbList","@id":"https:\/\/kulturonline.tv\/de\/podcast-kulturflash\/#breadcrumb","itemListElement":[{"@type":"ListItem","position":1,"name":"Startseite","item":"https:\/\/kulturonline.tv\/de\/"},{"@type":"ListItem","position":2,"name":"Podcast Kulturflash"}]},{"@type":"WebSite","@id":"https:\/\/kulturonline.tv\/de\/#website","url":"https:\/\/kulturonline.tv\/de\/","name":"Kultur Online TV &amp; FM","description":"Wir sind Kultur 2.0 zum sehen &amp; h\u00f6ren","publisher":{"@id":"https:\/\/kulturonline.tv\/de\/#organization"},"potentialAction":[{"@type":"SearchAction","target":{"@type":"EntryPoint","urlTemplate":"https:\/\/kulturonline.tv\/de\/?s={search_term_string}"},"query-input":{"@type":"PropertyValueSpecification","valueRequired":true,"valueName":"search_term_string"}}],"inLanguage":"de"},{"@type":"Organization","@id":"https:\/\/kulturonline.tv\/de\/#organization","name":"Kultur Online TV","url":"https:\/\/kulturonline.tv\/de\/","logo":{"@type":"ImageObject","inLanguage":"de","@id":"https:\/\/kulturonline.tv\/de\/#\/schema\/logo\/image\/","url":"https:\/\/kulturonline.tv\/wp-content\/uploads\/2021\/08\/Kultur-Online-Tv-Logo-Endversion-neu.png","contentUrl":"https:\/\/kulturonline.tv\/wp-content\/uploads\/2021\/08\/Kultur-Online-Tv-Logo-Endversion-neu.png","width":200,"height":200,"caption":"Kultur Online TV"},"image":{"@id":"https:\/\/kulturonline.tv\/de\/#\/schema\/logo\/image\/"},"sameAs":["https:\/\/www.facebook.com\/kulturonline.tv","https:\/\/www.instagram.com\/kulturonline.tv"]}]}},"_links":{"self":[{"href":"https:\/\/kulturonline.tv\/de\/wp-json\/wp\/v2\/pages\/95541","targetHints":{"allow":["GET"]}}],"collection":[{"href":"https:\/\/kulturonline.tv\/de\/wp-json\/wp\/v2\/pages"}],"about":[{"href":"https:\/\/kulturonline.tv\/de\/wp-json\/wp\/v2\/types\/page"}],"author":[{"embeddable":true,"href":"https:\/\/kulturonline.tv\/de\/wp-json\/wp\/v2\/users\/2"}],"replies":[{"embeddable":true,"href":"https:\/\/kulturonline.tv\/de\/wp-json\/wp\/v2\/comments?post=95541"}],"version-history":[{"count":0,"href":"https:\/\/kulturonline.tv\/de\/wp-json\/wp\/v2\/pages\/95541\/revisions"}],"wp:attachment":[{"href":"https:\/\/kulturonline.tv\/de\/wp-json\/wp\/v2\/media?parent=95541"}],"curies":[{"name":"wp","href":"https:\/\/api.w.org\/{rel}","templated":true}]}}